{"id":73011,"date":"2024-08-08T13:55:34","date_gmt":"2024-08-08T11:55:34","guid":{"rendered":"https:\/\/vert-e-s-vd.ch\/morges\/?post_type=tribe_events&#038;p=73011"},"modified":"2024-08-30T10:21:19","modified_gmt":"2024-08-30T08:21:19","slug":"projection-du-film-vive-les-microbes-et-table-ronde-sur-la-biodiversite","status":"publish","type":"tribe_events","link":"https:\/\/vert-e-s-vd.ch\/morges\/event\/projection-du-film-vive-les-microbes-et-table-ronde-sur-la-biodiversite","title":{"rendered":"Projection du film Vive les microbes et table ronde sur la biodiversit\u00e9"},"content":{"rendered":"","protected":false},"excerpt":{"rendered":"<p><strong>Le 6 septembre \u00e0 19h30 au Grenier Bernois \u00e0 Morges, les Vert\u00b7e\u00b7s du district de Morges vous invitent \u00e0 la projection du film Vive les microbes de Marie-Monique Robin !<\/strong><\/p>\n<p><iframe loading=\"lazy\" title=\"Vid\u00e9o de lancement &quot;Vive les microbes!&quot;\" width=\"500\" height=\"281\" src=\"https:\/\/www.youtube.com\/embed\/5_xPNazXOYI?feature=oembed\" frameborder=\"0\" allow=\"accelerometer; autoplay; clipboard-write; encrypted-media; gyroscope; picture-in-picture; web-share\" referrerpolicy=\"strict-origin-when-cross-origin\" allowfullscreen><\/iframe><\/p>\n<p>Les microbes sont-ils forc\u00e9ment nos ennemis ? Responsables de maladies graves, nous cherchons \u00e0 les \u00e9radiquer, mais&#8230; Dans son nouveau film, Marie-Monique Robin explore ces mal-aim\u00e9s de la biodiversit\u00e9, dont 99% sont essentiels \u00e0 la vie. Les scientifiques montrent que l&rsquo;absence de biodiversit\u00e9 dans les zones urbanis\u00e9es, due \u00e0 la b\u00e9tonisation, l&rsquo;hyper-hygi\u00e9nisme et l&rsquo;aseptisation, appauvrit le microbiote des enfants et affaiblit leur syst\u00e8me immunitaire, favorisant les maladies chroniques.<\/p>\n<p>En effet, la biodiversit\u00e9 n&rsquo;est pas un luxe pour \u00e9colos \u00e0 v\u00e9lo, mais une ressource vitale. Dans \u00ab La fabrique des pand\u00e9mies \u00bb, Marie-Monique Robin montrait que la destruction de la biodiversit\u00e9 favorise l&rsquo;\u00e9mergence de maladies infectieuses. Dans \u00ab Vive les microbes ! \u00bb, elle aborde les allergies, l&rsquo;asthme, la maladie de Crohn, le diab\u00e8te et l&rsquo;ob\u00e9sit\u00e9, des maladies chroniques moins m\u00e9diatis\u00e9es mais qui augmentent notre vuln\u00e9rabilit\u00e9 aux infections.<\/p>\n<p>Rencontrons les chercheurs qui expliquent pourquoi les adultes ayant grandi dans des fermes traditionnelles, comme en Franche-Comt\u00e9 ou chez les Amish aux \u00c9tats-Unis, ne souffrent pas d&rsquo;asthme ni d&rsquo;allergies, et pourquoi la v\u00e9g\u00e9talisation des cours d&rsquo;\u00e9cole impacte le syst\u00e8me immunitaire des enfants. Ces d\u00e9couvertes ont d&rsquo;\u00e9normes implications politiques pour l&rsquo;am\u00e9nagement des territoires, des \u00e9coles et des h\u00f4pitaux, montrant que la protection de la biodiversit\u00e9 est un puissant levier de sant\u00e9 publique.<\/p>\n<p>La projection sera suivie d&rsquo;un moment d&rsquo;\u00e9changes avec <strong>Valentine Python<\/strong>, climatologue, \u00e9cologue et g\u00e9ographe (Dr.EPFL), consultante scientifique et ancienne conseill\u00e8re nationale, <strong>S\u00e9verine Vuilleumier<\/strong>, Professeure en Environnement, Sant\u00e9 et Durabilit\u00e9 \u00e0 la Haute Ecole de la Sant\u00e9 La Source, et <strong>Jean Martin<\/strong>, ancien m\u00e9decin cantonal.<br \/>\nUn ap\u00e9ro convivial viendra cl\u00f4turer cette soir\u00e9e d\u00e9di\u00e9e \u00e0 la biodiversit\u00e9.<\/p>\n<p>\ud83d\udccd Grenier Bernois, Place du Casino 1, Morges<br \/>\n\ud83d\uddd3\ufe0f Le vendredi 6 septembre, d\u00e9but \u00e0 19h30<br \/>\n\ud83c\udfa4 Table ronde apr\u00e8s le film avec notamment Valentine Python, climatologue et ancienne conseill\u00e8re nationale, S\u00e9verine Vuilleumier, Professeure en Environnement, Sant\u00e9 et Durabilit\u00e9 \u00e0 la Haute Ecole de la Sant\u00e9 La Source, et Jean Martin, ancien m\u00e9decin cantonal.<br \/>\n\ud83e\uddc3 Ap\u00e9ro offert apr\u00e8s la table ronde<br \/>\n\ud83e\udd17 Entr\u00e9e libre mais <a href=\"https:\/\/www.eventbrite.com\/e\/projection-du-film-vive-les-microbes-de-marie-monique-robin-a-morges-tickets-957017574327\" target=\"_blank\" rel=\"noopener\">r\u00e9servation obligatoire<\/a>, chapeau \u00e0 la sortie<\/p>\n<p>Cet \u00e9v\u00e8nement est ouvert \u00e0 toutes et tous, membres ou non des Vert\u00b7e\u00b7s.<\/p>\n<p><strong>Pour des raisons d&rsquo;organisation, l&rsquo;entr\u00e9e est gratuite mais sur r\u00e9servation uniquement. <a href=\"https:\/\/www.eventbrite.com\/e\/projection-du-film-vive-les-microbes-de-marie-monique-robin-a-morges-tickets-957017574327\" target=\"_blank\" rel=\"noopener\">Vous pouvez r\u00e9server votre place ici<\/a>.<\/strong><\/p>\n<p><em>Note: des photos et\/ou vid\u00e9os pourront \u00eatre prises pour la communication des Vert\u00b7e\u00b7s du district de Morges et des Vert\u00b7e\u00b7s vaudois\u00b7es. Merci d&rsquo;avance pour votre compr\u00e9hension.<\/em><\/p>\n","protected":false},"author":60,"featured_media":0,"template":"","meta":{"_acf_changed":false,"inline_featured_image":false,"_tribe_events_status":"","_tribe_events_status_reason":"","footnotes":""},"tags":[],"tribe_events_cat":[581,582],"class_list":["post-73011","tribe_events","type-tribe_events","status-publish","hentry","tribe_events_cat-projection-de-film","tribe_events_cat-table-ronde","cat_projection-de-film","cat_table-ronde"],"acf":[],"yoast_head":"<!-- This site is optimized with the Yoast SEO plugin v26.9 - https:\/\/yoast.com\/product\/yoast-seo-wordpress\/ -->\n<title>Les Vert\u00b7e\u00b7s du district de Morges<\/title>\n<meta name=\"description\" content=\"Le 6 septembre \u00e0 19h30 au Grenier Bernois \u00e0 Morges, les Vert\u00b7e\u00b7s du district de Morges vous invitent \u00e0 la projection du film Vive les microbes de Marie-Monique Robin !  Les microbes sont-ils forc\u00e9ment nos ennemis ? Responsables de maladies graves, nous cherchons \u00e0 les \u00e9radiquer, mais&#8230; Dans son nouveau film, Marie-Monique Robin explore ces mal-aim\u00e9s de la biodiversit\u00e9, dont 99% sont essentiels \u00e0 la vie. Les scientifiques montrent que l&rsquo;absence de biodiversit\u00e9 dans les zones urbanis\u00e9es, due \u00e0 la b\u00e9tonisation, l&rsquo;hyper-hygi\u00e9nisme et l&rsquo;aseptisation, appauvrit le microbiote des enfants et affaiblit leur syst\u00e8me immunitaire, favorisant les maladies chroniques. En effet, la biodiversit\u00e9 n&rsquo;est pas un luxe pour \u00e9colos \u00e0 v\u00e9lo, mais une ressource vitale. Dans \u00ab La fabrique des pand\u00e9mies \u00bb, Marie-Monique Robin montrait que la destruction de la biodiversit\u00e9 favorise l&rsquo;\u00e9mergence de maladies infectieuses. Dans \u00ab Vive les microbes ! \u00bb, elle aborde les allergies, l&rsquo;asthme, la maladie de Crohn, le diab\u00e8te et l&rsquo;ob\u00e9sit\u00e9, des maladies chroniques moins m\u00e9diatis\u00e9es mais qui augmentent notre vuln\u00e9rabilit\u00e9 aux infections. Rencontrons les chercheurs qui expliquent pourquoi les adultes ayant grandi dans des fermes traditionnelles, comme en Franche-Comt\u00e9 ou chez les Amish aux \u00c9tats-Unis, ne souffrent pas d&rsquo;asthme ni d&rsquo;allergies, et pourquoi la v\u00e9g\u00e9talisation des cours d&rsquo;\u00e9cole impacte le syst\u00e8me immunitaire des enfants. Ces d\u00e9couvertes ont d&rsquo;\u00e9normes implications politiques pour l&rsquo;am\u00e9nagement des territoires, des \u00e9coles et des h\u00f4pitaux, montrant que la protection de la biodiversit\u00e9 est un puissant levier de sant\u00e9 publique. La projection sera suivie d&rsquo;un moment d&rsquo;\u00e9changes avec Valentine Python, climatologue, \u00e9cologue et g\u00e9ographe (Dr.EPFL), consultante scientifique et ancienne conseill\u00e8re nationale, S\u00e9verine Vuilleumier, Professeure en Environnement, Sant\u00e9 et Durabilit\u00e9 \u00e0 la Haute Ecole de la Sant\u00e9 La Source, et Jean Martin, ancien m\u00e9decin cantonal. Un ap\u00e9ro convivial viendra cl\u00f4turer cette soir\u00e9e d\u00e9di\u00e9e \u00e0 la biodiversit\u00e9. \ud83d\udccd Grenier Bernois, Place du Casino 1, Morges \ud83d\uddd3\ufe0f Le vendredi 6 septembre, d\u00e9but \u00e0 19h30 \ud83c\udfa4 Table ronde apr\u00e8s le film avec notamment Valentine Python, climatologue et ancienne conseill\u00e8re nationale, S\u00e9verine Vuilleumier, Professeure en Environnement, Sant\u00e9 et Durabilit\u00e9 \u00e0 la Haute Ecole de la Sant\u00e9 La Source, et Jean Martin, ancien m\u00e9decin cantonal. \ud83e\uddc3 Ap\u00e9ro offert apr\u00e8s la table ronde \ud83e\udd17 Entr\u00e9e libre mais r\u00e9servation obligatoire, chapeau \u00e0 la sortie Cet \u00e9v\u00e8nement est ouvert \u00e0 toutes et tous, membres ou non des Vert\u00b7e\u00b7s. Pour des raisons d&rsquo;organisation, l&rsquo;entr\u00e9e est gratuite mais sur r\u00e9servation uniquement. Vous pouvez r\u00e9server votre place ici. Note: des photos et\/ou vid\u00e9os pourront \u00eatre prises pour la communication des Vert\u00b7e\u00b7s du district de Morges et des Vert\u00b7e\u00b7s vaudois\u00b7es. Merci d&rsquo;avance pour votre compr\u00e9hension.\" \/>\n<meta name=\"robots\" content=\"index, follow, max-snippet:-1, max-image-preview:large, max-video-preview:-1\" \/>\n<link rel=\"canonical\" href=\"https:\/\/vert-e-s-vd.ch\/morges\/event\/projection-du-film-vive-les-microbes-et-table-ronde-sur-la-biodiversite\" \/>\n<meta property=\"og:locale\" content=\"fr_FR\" \/>\n<meta property=\"og:type\" content=\"article\" \/>\n<meta property=\"og:title\" content=\"Projection du film Vive les microbes et table ronde sur la biodiversit\u00e9\" \/>\n<meta property=\"og:description\" content=\"L&#039;absence de biodiversit\u00e9 dans les zones urbanis\u00e9es, due \u00e0 la b\u00e9tonisation, l&#039;hyper-hygi\u00e9nisme et l&#039;aseptisation, appauvrit le \u2026\" \/>\n<meta property=\"og:url\" content=\"https:\/\/vert-e-s-vd.ch\/morges\/event\/projection-du-film-vive-les-microbes-et-table-ronde-sur-la-biodiversite\" \/>\n<meta property=\"og:site_name\" content=\"Les Vert\u00b7e\u00b7s du district de Morges\" \/>\n<meta property=\"article:modified_time\" content=\"2024-08-30T08:21:19+00:00\" \/>\n<meta property=\"og:image\" content=\"https:\/\/vert-e-s-vd.ch\/morges\/wp-content\/uploads\/sites\/8\/2024\/08\/vive_les_microbes2024_titre-1-1200x630-c-center.jpg\" \/>\n\t<meta property=\"og:image:width\" content=\"1200\" \/>\n\t<meta property=\"og:image:height\" content=\"630\" \/>\n\t<meta property=\"og:image:type\" content=\"image\/jpeg\" \/>\n<meta name=\"twitter:card\" content=\"summary_large_image\" \/>\n<meta name=\"twitter:label1\" content=\"Dur\u00e9e de lecture estim\u00e9e\" \/>\n\t<meta name=\"twitter:data1\" content=\"3 minutes\" \/>\n<script type=\"application\/ld+json\" class=\"yoast-schema-graph\">{\"@context\":\"https:\/\/schema.org\",\"@graph\":[{\"@type\":\"WebPage\",\"@id\":\"https:\/\/vert-e-s-vd.ch\/morges\/event\/projection-du-film-vive-les-microbes-et-table-ronde-sur-la-biodiversite\",\"url\":\"https:\/\/vert-e-s-vd.ch\/morges\/event\/projection-du-film-vive-les-microbes-et-table-ronde-sur-la-biodiversite\",\"name\":\"\",\"isPartOf\":{\"@id\":\"https:\/\/vert-e-s-vd.ch\/morges\/#website\"},\"datePublished\":\"2024-08-08T11:55:34+00:00\",\"dateModified\":\"2024-08-30T08:21:19+00:00\",\"description\":\"Le 6 septembre \u00e0 19h30 au Grenier Bernois \u00e0 Morges, les Vert\u00b7e\u00b7s du district de Morges vous invitent \u00e0 la projection du film Vive les microbes de Marie-Monique Robin ! Les microbes sont-ils forc\u00e9ment nos ennemis ? Responsables de maladies graves, nous cherchons \u00e0 les \u00e9radiquer, mais&#8230; Dans son nouveau film, Marie-Monique Robin explore ces mal-aim\u00e9s de la biodiversit\u00e9, dont 99% sont essentiels \u00e0 la vie. Les scientifiques montrent que l&rsquo;absence de biodiversit\u00e9 dans les zones urbanis\u00e9es, due \u00e0 la b\u00e9tonisation, l&rsquo;hyper-hygi\u00e9nisme et l&rsquo;aseptisation, appauvrit le microbiote des enfants et affaiblit leur syst\u00e8me immunitaire, favorisant les maladies chroniques. En effet, la biodiversit\u00e9 n&rsquo;est pas un luxe pour \u00e9colos \u00e0 v\u00e9lo, mais une ressource vitale. Dans \u00ab La fabrique des pand\u00e9mies \u00bb, Marie-Monique Robin montrait que la destruction de la biodiversit\u00e9 favorise l&rsquo;\u00e9mergence de maladies infectieuses. Dans \u00ab Vive les microbes ! \u00bb, elle aborde les allergies, l&rsquo;asthme, la maladie de Crohn, le diab\u00e8te et l&rsquo;ob\u00e9sit\u00e9, des maladies chroniques moins m\u00e9diatis\u00e9es mais qui augmentent notre vuln\u00e9rabilit\u00e9 aux infections. Rencontrons les chercheurs qui expliquent pourquoi les adultes ayant grandi dans des fermes traditionnelles, comme en Franche-Comt\u00e9 ou chez les Amish aux \u00c9tats-Unis, ne souffrent pas d&rsquo;asthme ni d&rsquo;allergies, et pourquoi la v\u00e9g\u00e9talisation des cours d&rsquo;\u00e9cole impacte le syst\u00e8me immunitaire des enfants. Ces d\u00e9couvertes ont d&rsquo;\u00e9normes implications politiques pour l&rsquo;am\u00e9nagement des territoires, des \u00e9coles et des h\u00f4pitaux, montrant que la protection de la biodiversit\u00e9 est un puissant levier de sant\u00e9 publique. La projection sera suivie d&rsquo;un moment d&rsquo;\u00e9changes avec Valentine Python, climatologue, \u00e9cologue et g\u00e9ographe (Dr.EPFL), consultante scientifique et ancienne conseill\u00e8re nationale, S\u00e9verine Vuilleumier, Professeure en Environnement, Sant\u00e9 et Durabilit\u00e9 \u00e0 la Haute Ecole de la Sant\u00e9 La Source, et Jean Martin, ancien m\u00e9decin cantonal. Un ap\u00e9ro convivial viendra cl\u00f4turer cette soir\u00e9e d\u00e9di\u00e9e \u00e0 la biodiversit\u00e9. \ud83d\udccd Grenier Bernois, Place du Casino 1, Morges \ud83d\uddd3\ufe0f Le vendredi 6 septembre, d\u00e9but \u00e0 19h30 \ud83c\udfa4 Table ronde apr\u00e8s le film avec notamment Valentine Python, climatologue et ancienne conseill\u00e8re nationale, S\u00e9verine Vuilleumier, Professeure en Environnement, Sant\u00e9 et Durabilit\u00e9 \u00e0 la Haute Ecole de la Sant\u00e9 La Source, et Jean Martin, ancien m\u00e9decin cantonal. \ud83e\uddc3 Ap\u00e9ro offert apr\u00e8s la table ronde \ud83e\udd17 Entr\u00e9e libre mais r\u00e9servation obligatoire, chapeau \u00e0 la sortie Cet \u00e9v\u00e8nement est ouvert \u00e0 toutes et tous, membres ou non des Vert\u00b7e\u00b7s. Pour des raisons d&rsquo;organisation, l&rsquo;entr\u00e9e est gratuite mais sur r\u00e9servation uniquement. Vous pouvez r\u00e9server votre place ici. Note: des photos et\/ou vid\u00e9os pourront \u00eatre prises pour la communication des Vert\u00b7e\u00b7s du district de Morges et des Vert\u00b7e\u00b7s vaudois\u00b7es. Merci d&rsquo;avance pour votre compr\u00e9hension.\",\"breadcrumb\":{\"@id\":\"https:\/\/vert-e-s-vd.ch\/morges\/event\/projection-du-film-vive-les-microbes-et-table-ronde-sur-la-biodiversite#breadcrumb\"},\"inLanguage\":\"fr-FR\",\"potentialAction\":[{\"@type\":\"ReadAction\",\"target\":[\"https:\/\/vert-e-s-vd.ch\/morges\/event\/projection-du-film-vive-les-microbes-et-table-ronde-sur-la-biodiversite\"]}]},{\"@type\":\"BreadcrumbList\",\"@id\":\"https:\/\/vert-e-s-vd.ch\/morges\/event\/projection-du-film-vive-les-microbes-et-table-ronde-sur-la-biodiversite#breadcrumb\",\"itemListElement\":[{\"@type\":\"ListItem\",\"position\":1,\"name\":\"Accueil\",\"item\":\"https:\/\/vert-e-s-vd.ch\/morges\/\"},{\"@type\":\"ListItem\",\"position\":2,\"name\":\"\u00c9v\u00e8nements\",\"item\":\"https:\/\/vert-e-s-vd.ch\/morges?post_type=tribe_events\"},{\"@type\":\"ListItem\",\"position\":3,\"name\":\"Projection du film Vive les microbes et table ronde sur la biodiversit\u00e9\"}]},{\"@type\":\"WebSite\",\"@id\":\"https:\/\/vert-e-s-vd.ch\/morges\/#website\",\"url\":\"https:\/\/vert-e-s-vd.ch\/morges\/\",\"name\":\"Les Vert\u00b7e\u00b7s du district de Morges\",\"description\":\"Les Vert\u00b7e\u00b7s du district de Morges\",\"potentialAction\":[{\"@type\":\"SearchAction\",\"target\":{\"@type\":\"EntryPoint\",\"urlTemplate\":\"https:\/\/vert-e-s-vd.ch\/morges\/?s={search_term_string}\"},\"query-input\":{\"@type\":\"PropertyValueSpecification\",\"valueRequired\":true,\"valueName\":\"search_term_string\"}}],\"inLanguage\":\"fr-FR\"}]}<\/script>\n<!-- \/ Yoast SEO plugin. -->","yoast_head_json":{"title":"Les Vert\u00b7e\u00b7s du district de Morges","description":"Le 6 septembre \u00e0 19h30 au Grenier Bernois \u00e0 Morges, les Vert\u00b7e\u00b7s du district de Morges vous invitent \u00e0 la projection du film Vive les microbes de Marie-Monique Robin !  Les microbes sont-ils forc\u00e9ment nos ennemis ? Responsables de maladies graves, nous cherchons \u00e0 les \u00e9radiquer, mais&#8230; Dans son nouveau film, Marie-Monique Robin explore ces mal-aim\u00e9s de la biodiversit\u00e9, dont 99% sont essentiels \u00e0 la vie. Les scientifiques montrent que l&rsquo;absence de biodiversit\u00e9 dans les zones urbanis\u00e9es, due \u00e0 la b\u00e9tonisation, l&rsquo;hyper-hygi\u00e9nisme et l&rsquo;aseptisation, appauvrit le microbiote des enfants et affaiblit leur syst\u00e8me immunitaire, favorisant les maladies chroniques. En effet, la biodiversit\u00e9 n&rsquo;est pas un luxe pour \u00e9colos \u00e0 v\u00e9lo, mais une ressource vitale. Dans \u00ab La fabrique des pand\u00e9mies \u00bb, Marie-Monique Robin montrait que la destruction de la biodiversit\u00e9 favorise l&rsquo;\u00e9mergence de maladies infectieuses. Dans \u00ab Vive les microbes ! \u00bb, elle aborde les allergies, l&rsquo;asthme, la maladie de Crohn, le diab\u00e8te et l&rsquo;ob\u00e9sit\u00e9, des maladies chroniques moins m\u00e9diatis\u00e9es mais qui augmentent notre vuln\u00e9rabilit\u00e9 aux infections. Rencontrons les chercheurs qui expliquent pourquoi les adultes ayant grandi dans des fermes traditionnelles, comme en Franche-Comt\u00e9 ou chez les Amish aux \u00c9tats-Unis, ne souffrent pas d&rsquo;asthme ni d&rsquo;allergies, et pourquoi la v\u00e9g\u00e9talisation des cours d&rsquo;\u00e9cole impacte le syst\u00e8me immunitaire des enfants. Ces d\u00e9couvertes ont d&rsquo;\u00e9normes implications politiques pour l&rsquo;am\u00e9nagement des territoires, des \u00e9coles et des h\u00f4pitaux, montrant que la protection de la biodiversit\u00e9 est un puissant levier de sant\u00e9 publique. La projection sera suivie d&rsquo;un moment d&rsquo;\u00e9changes avec Valentine Python, climatologue, \u00e9cologue et g\u00e9ographe (Dr.EPFL), consultante scientifique et ancienne conseill\u00e8re nationale, S\u00e9verine Vuilleumier, Professeure en Environnement, Sant\u00e9 et Durabilit\u00e9 \u00e0 la Haute Ecole de la Sant\u00e9 La Source, et Jean Martin, ancien m\u00e9decin cantonal. Un ap\u00e9ro convivial viendra cl\u00f4turer cette soir\u00e9e d\u00e9di\u00e9e \u00e0 la biodiversit\u00e9. \ud83d\udccd Grenier Bernois, Place du Casino 1, Morges \ud83d\uddd3\ufe0f Le vendredi 6 septembre, d\u00e9but \u00e0 19h30 \ud83c\udfa4 Table ronde apr\u00e8s le film avec notamment Valentine Python, climatologue et ancienne conseill\u00e8re nationale, S\u00e9verine Vuilleumier, Professeure en Environnement, Sant\u00e9 et Durabilit\u00e9 \u00e0 la Haute Ecole de la Sant\u00e9 La Source, et Jean Martin, ancien m\u00e9decin cantonal. \ud83e\uddc3 Ap\u00e9ro offert apr\u00e8s la table ronde \ud83e\udd17 Entr\u00e9e libre mais r\u00e9servation obligatoire, chapeau \u00e0 la sortie Cet \u00e9v\u00e8nement est ouvert \u00e0 toutes et tous, membres ou non des Vert\u00b7e\u00b7s. Pour des raisons d&rsquo;organisation, l&rsquo;entr\u00e9e est gratuite mais sur r\u00e9servation uniquement. Vous pouvez r\u00e9server votre place ici. Note: des photos et\/ou vid\u00e9os pourront \u00eatre prises pour la communication des Vert\u00b7e\u00b7s du district de Morges et des Vert\u00b7e\u00b7s vaudois\u00b7es. Merci d&rsquo;avance pour votre compr\u00e9hension.","robots":{"index":"index","follow":"follow","max-snippet":"max-snippet:-1","max-image-preview":"max-image-preview:large","max-video-preview":"max-video-preview:-1"},"canonical":"https:\/\/vert-e-s-vd.ch\/morges\/event\/projection-du-film-vive-les-microbes-et-table-ronde-sur-la-biodiversite","og_locale":"fr_FR","og_type":"article","og_title":"Projection du film Vive les microbes et table ronde sur la biodiversit\u00e9","og_description":"L'absence de biodiversit\u00e9 dans les zones urbanis\u00e9es, due \u00e0 la b\u00e9tonisation, l'hyper-hygi\u00e9nisme et l'aseptisation, appauvrit le \u2026","og_url":"https:\/\/vert-e-s-vd.ch\/morges\/event\/projection-du-film-vive-les-microbes-et-table-ronde-sur-la-biodiversite","og_site_name":"Les Vert\u00b7e\u00b7s du district de Morges","article_modified_time":"2024-08-30T08:21:19+00:00","og_image":[{"width":1200,"height":630,"url":"https:\/\/vert-e-s-vd.ch\/morges\/wp-content\/uploads\/sites\/8\/2024\/08\/vive_les_microbes2024_titre-1-1200x630-c-center.jpg","type":"image\/jpeg"}],"twitter_card":"summary_large_image","twitter_misc":{"Dur\u00e9e de lecture estim\u00e9e":"3 minutes"},"schema":{"@context":"https:\/\/schema.org","@graph":[{"@type":"WebPage","@id":"https:\/\/vert-e-s-vd.ch\/morges\/event\/projection-du-film-vive-les-microbes-et-table-ronde-sur-la-biodiversite","url":"https:\/\/vert-e-s-vd.ch\/morges\/event\/projection-du-film-vive-les-microbes-et-table-ronde-sur-la-biodiversite","name":"","isPartOf":{"@id":"https:\/\/vert-e-s-vd.ch\/morges\/#website"},"datePublished":"2024-08-08T11:55:34+00:00","dateModified":"2024-08-30T08:21:19+00:00","description":"Le 6 septembre \u00e0 19h30 au Grenier Bernois \u00e0 Morges, les Vert\u00b7e\u00b7s du district de Morges vous invitent \u00e0 la projection du film Vive les microbes de Marie-Monique Robin ! Les microbes sont-ils forc\u00e9ment nos ennemis ? Responsables de maladies graves, nous cherchons \u00e0 les \u00e9radiquer, mais&#8230; Dans son nouveau film, Marie-Monique Robin explore ces mal-aim\u00e9s de la biodiversit\u00e9, dont 99% sont essentiels \u00e0 la vie. Les scientifiques montrent que l&rsquo;absence de biodiversit\u00e9 dans les zones urbanis\u00e9es, due \u00e0 la b\u00e9tonisation, l&rsquo;hyper-hygi\u00e9nisme et l&rsquo;aseptisation, appauvrit le microbiote des enfants et affaiblit leur syst\u00e8me immunitaire, favorisant les maladies chroniques. En effet, la biodiversit\u00e9 n&rsquo;est pas un luxe pour \u00e9colos \u00e0 v\u00e9lo, mais une ressource vitale. Dans \u00ab La fabrique des pand\u00e9mies \u00bb, Marie-Monique Robin montrait que la destruction de la biodiversit\u00e9 favorise l&rsquo;\u00e9mergence de maladies infectieuses. Dans \u00ab Vive les microbes ! \u00bb, elle aborde les allergies, l&rsquo;asthme, la maladie de Crohn, le diab\u00e8te et l&rsquo;ob\u00e9sit\u00e9, des maladies chroniques moins m\u00e9diatis\u00e9es mais qui augmentent notre vuln\u00e9rabilit\u00e9 aux infections. Rencontrons les chercheurs qui expliquent pourquoi les adultes ayant grandi dans des fermes traditionnelles, comme en Franche-Comt\u00e9 ou chez les Amish aux \u00c9tats-Unis, ne souffrent pas d&rsquo;asthme ni d&rsquo;allergies, et pourquoi la v\u00e9g\u00e9talisation des cours d&rsquo;\u00e9cole impacte le syst\u00e8me immunitaire des enfants. Ces d\u00e9couvertes ont d&rsquo;\u00e9normes implications politiques pour l&rsquo;am\u00e9nagement des territoires, des \u00e9coles et des h\u00f4pitaux, montrant que la protection de la biodiversit\u00e9 est un puissant levier de sant\u00e9 publique. La projection sera suivie d&rsquo;un moment d&rsquo;\u00e9changes avec Valentine Python, climatologue, \u00e9cologue et g\u00e9ographe (Dr.EPFL), consultante scientifique et ancienne conseill\u00e8re nationale, S\u00e9verine Vuilleumier, Professeure en Environnement, Sant\u00e9 et Durabilit\u00e9 \u00e0 la Haute Ecole de la Sant\u00e9 La Source, et Jean Martin, ancien m\u00e9decin cantonal. Un ap\u00e9ro convivial viendra cl\u00f4turer cette soir\u00e9e d\u00e9di\u00e9e \u00e0 la biodiversit\u00e9. \ud83d\udccd Grenier Bernois, Place du Casino 1, Morges \ud83d\uddd3\ufe0f Le vendredi 6 septembre, d\u00e9but \u00e0 19h30 \ud83c\udfa4 Table ronde apr\u00e8s le film avec notamment Valentine Python, climatologue et ancienne conseill\u00e8re nationale, S\u00e9verine Vuilleumier, Professeure en Environnement, Sant\u00e9 et Durabilit\u00e9 \u00e0 la Haute Ecole de la Sant\u00e9 La Source, et Jean Martin, ancien m\u00e9decin cantonal. \ud83e\uddc3 Ap\u00e9ro offert apr\u00e8s la table ronde \ud83e\udd17 Entr\u00e9e libre mais r\u00e9servation obligatoire, chapeau \u00e0 la sortie Cet \u00e9v\u00e8nement est ouvert \u00e0 toutes et tous, membres ou non des Vert\u00b7e\u00b7s. Pour des raisons d&rsquo;organisation, l&rsquo;entr\u00e9e est gratuite mais sur r\u00e9servation uniquement. Vous pouvez r\u00e9server votre place ici. Note: des photos et\/ou vid\u00e9os pourront \u00eatre prises pour la communication des Vert\u00b7e\u00b7s du district de Morges et des Vert\u00b7e\u00b7s vaudois\u00b7es. Merci d&rsquo;avance pour votre compr\u00e9hension.","breadcrumb":{"@id":"https:\/\/vert-e-s-vd.ch\/morges\/event\/projection-du-film-vive-les-microbes-et-table-ronde-sur-la-biodiversite#breadcrumb"},"inLanguage":"fr-FR","potentialAction":[{"@type":"ReadAction","target":["https:\/\/vert-e-s-vd.ch\/morges\/event\/projection-du-film-vive-les-microbes-et-table-ronde-sur-la-biodiversite"]}]},{"@type":"BreadcrumbList","@id":"https:\/\/vert-e-s-vd.ch\/morges\/event\/projection-du-film-vive-les-microbes-et-table-ronde-sur-la-biodiversite#breadcrumb","itemListElement":[{"@type":"ListItem","position":1,"name":"Accueil","item":"https:\/\/vert-e-s-vd.ch\/morges\/"},{"@type":"ListItem","position":2,"name":"\u00c9v\u00e8nements","item":"https:\/\/vert-e-s-vd.ch\/morges?post_type=tribe_events"},{"@type":"ListItem","position":3,"name":"Projection du film Vive les microbes et table ronde sur la biodiversit\u00e9"}]},{"@type":"WebSite","@id":"https:\/\/vert-e-s-vd.ch\/morges\/#website","url":"https:\/\/vert-e-s-vd.ch\/morges\/","name":"Les Vert\u00b7e\u00b7s du district de Morges","description":"Les Vert\u00b7e\u00b7s du district de Morges","potentialAction":[{"@type":"SearchAction","target":{"@type":"EntryPoint","urlTemplate":"https:\/\/vert-e-s-vd.ch\/morges\/?s={search_term_string}"},"query-input":{"@type":"PropertyValueSpecification","valueRequired":true,"valueName":"search_term_string"}}],"inLanguage":"fr-FR"}]}},"_links":{"self":[{"href":"https:\/\/vert-e-s-vd.ch\/morges\/wp-json\/wp\/v2\/tribe_events\/73011","targetHints":{"allow":["GET"]}}],"collection":[{"href":"https:\/\/vert-e-s-vd.ch\/morges\/wp-json\/wp\/v2\/tribe_events"}],"about":[{"href":"https:\/\/vert-e-s-vd.ch\/morges\/wp-json\/wp\/v2\/types\/tribe_events"}],"author":[{"embeddable":true,"href":"https:\/\/vert-e-s-vd.ch\/morges\/wp-json\/wp\/v2\/users\/60"}],"version-history":[{"count":6,"href":"https:\/\/vert-e-s-vd.ch\/morges\/wp-json\/wp\/v2\/tribe_events\/73011\/revisions"}],"predecessor-version":[{"id":73023,"href":"https:\/\/vert-e-s-vd.ch\/morges\/wp-json\/wp\/v2\/tribe_events\/73011\/revisions\/73023"}],"wp:attachment":[{"href":"https:\/\/vert-e-s-vd.ch\/morges\/wp-json\/wp\/v2\/media?parent=73011"}],"wp:term":[{"taxonomy":"post_tag","embeddable":true,"href":"https:\/\/vert-e-s-vd.ch\/morges\/wp-json\/wp\/v2\/tags?post=73011"},{"taxonomy":"tribe_events_cat","embeddable":true,"href":"https:\/\/vert-e-s-vd.ch\/morges\/wp-json\/wp\/v2\/tribe_events_cat?post=73011"}],"curies":[{"name":"wp","href":"https:\/\/api.w.org\/{rel}","templated":true}]}}