{"id":72898,"date":"2023-10-06T13:53:27","date_gmt":"2023-10-06T11:53:27","guid":{"rendered":"https:\/\/vert-e-s-vd.ch\/morges\/?post_type=tribe_events&#038;p=72898"},"modified":"2023-10-06T13:56:24","modified_gmt":"2023-10-06T11:56:24","slug":"sortie-champignons-15-octobre-2023","status":"publish","type":"tribe_events","link":"https:\/\/vert-e-s-vd.ch\/morges\/event\/sortie-champignons-15-octobre-2023","title":{"rendered":"Sortie champignons avec Olivier Jean-Petit-Matile \u00e0 Ballens"},"content":{"rendered":"","protected":false},"excerpt":{"rendered":"<p><img loading=\"lazy\" decoding=\"async\" width=\"2560\" height=\"2560\" class=\"alignnone size-full-width wp-image-72895\" src=\"https:\/\/vert-e-s-vd.ch\/morges\/wp-content\/uploads\/sites\/8\/2023\/10\/image-76-2560x0-c-default.png\" alt=\"\" style=\"width:100%\" srcset=\"https:\/\/vert-e-s-vd.ch\/morges\/wp-content\/uploads\/sites\/8\/2023\/10\/image-76-2560x0-c-default.png 2560w, https:\/\/vert-e-s-vd.ch\/morges\/wp-content\/uploads\/sites\/8\/2023\/10\/image-76-790x0-c-default.png 790w, https:\/\/vert-e-s-vd.ch\/morges\/wp-content\/uploads\/sites\/8\/2023\/10\/image-76-150x0-c-default.png 150w, https:\/\/vert-e-s-vd.ch\/morges\/wp-content\/uploads\/sites\/8\/2023\/10\/image-76-1200x0-c-default.png 1200w, https:\/\/vert-e-s-vd.ch\/morges\/wp-content\/uploads\/sites\/8\/2023\/10\/image-76.png 1500w\" sizes=\"auto, (max-width: 2560px) 100vw, 2560px\" \/><\/p>\n<p><strong>Le 15 octobre, venez \u00e0 la d\u00e9couverte des champignons de notre r\u00e9gion !<\/strong><\/p>\n<p>Balade en for\u00eat \u00e0 la d\u00e9couverte des champignons de notre r\u00e9gion, en compagnie du naturaliste Olivier Jean-Petit-Matile \ud83c\udf44<br \/>\nUne pause picnic sera faite vers midi (chacun\u00b7e am\u00e8ne sa nourriture et ses boissons).<br \/>\nL&rsquo;\u00e9v\u00e8nement a lieu par tous les temps (et les champignons aiment la pluie !).<\/p>\n<p><strong>Rendez-vous:<\/strong> 10h45 \u00e0 la gare de Ballens (BAM: d\u00e9part de Morges \u00e0 10h11, arriv\u00e9e \u00e0 10h35 \u00e0 Ballens)<br \/>\n<strong>Dur\u00e9e estim\u00e9e:<\/strong> fin vers 15h, mais d\u00e9part libre tout au long de l&rsquo;\u00e9v\u00e8nement<br \/>\n<strong>\u00c0 prendre avec vous:<\/strong> habits adapt\u00e9s, picnic et boissons, couteau et panier ou sacs en tissu (pas de plastique)<br \/>\n<strong>Tarif:<\/strong> gratuit, sans inscription n\u00e9cessaire.<\/p>\n<p>Cet \u00e9v\u00e8nement gratuit est ouvert \u00e0 toutes et tous, membres ou non des Vert\u00b7e\u00b7s. Familles bienvenues !<\/p>\n<p><em>Note: des photos et\/ou vid\u00e9os pourront \u00eatre prises pour la communication des Vert\u00b7e\u00b7s du district de Morges et des Vert\u00b7e\u00b7s vaudois\u00b7es. Merci d&rsquo;avance pour votre compr\u00e9hension.<\/em><\/p>\n","protected":false},"author":60,"featured_media":0,"template":"","meta":{"_acf_changed":false,"inline_featured_image":false,"_tribe_events_status":"","_tribe_events_status_reason":"","footnotes":""},"tags":[],"tribe_events_cat":[],"class_list":["post-72898","tribe_events","type-tribe_events","status-publish","hentry"],"acf":[],"yoast_head":"<!-- This site is optimized with the Yoast SEO plugin v26.9 - https:\/\/yoast.com\/product\/yoast-seo-wordpress\/ -->\n<title>Les Vert\u00b7e\u00b7s du district de Morges<\/title>\n<meta name=\"description\" content=\"Le 15 octobre, venez \u00e0 la d\u00e9couverte des champignons de notre r\u00e9gion ! Balade en for\u00eat \u00e0 la d\u00e9couverte des champignons de notre r\u00e9gion, en compagnie du naturaliste Olivier Jean-Petit-Matile \ud83c\udf44 Une pause picnic sera faite vers midi (chacun\u00b7e am\u00e8ne sa nourriture et ses boissons). L&rsquo;\u00e9v\u00e8nement a lieu par tous les temps (et les champignons aiment la pluie !). Rendez-vous: 10h45 \u00e0 la gare de Ballens (BAM: d\u00e9part de Morges \u00e0 10h11, arriv\u00e9e \u00e0 10h35 \u00e0 Ballens) Dur\u00e9e estim\u00e9e: fin vers 15h, mais d\u00e9part libre tout au long de l&rsquo;\u00e9v\u00e8nement \u00c0 prendre avec vous: habits adapt\u00e9s, picnic et boissons, couteau et panier ou sacs en tissu (pas de plastique) Tarif: gratuit, sans inscription n\u00e9cessaire. Cet \u00e9v\u00e8nement gratuit est ouvert \u00e0 toutes et tous, membres ou non des Vert\u00b7e\u00b7s. Familles bienvenues ! Note: des photos et\/ou vid\u00e9os pourront \u00eatre prises pour la communication des Vert\u00b7e\u00b7s du district de Morges et des Vert\u00b7e\u00b7s vaudois\u00b7es. Merci d&rsquo;avance pour votre compr\u00e9hension.\" \/>\n<meta name=\"robots\" content=\"index, follow, max-snippet:-1, max-image-preview:large, max-video-preview:-1\" \/>\n<link rel=\"canonical\" href=\"https:\/\/vert-e-s-vd.ch\/morges\/event\/sortie-champignons-15-octobre-2023\" \/>\n<meta property=\"og:locale\" content=\"fr_FR\" \/>\n<meta property=\"og:type\" content=\"article\" \/>\n<meta property=\"og:description\" content=\"Le 15 octobre, venez \u00e0 la d\u00e9couverte des champignons de notre r\u00e9gion ! Balade en for\u00eat \u00e0 la d\u00e9couverte des champignons de notre \u2026\" \/>\n<meta property=\"og:url\" content=\"https:\/\/vert-e-s-vd.ch\/morges\/event\/sortie-champignons-15-octobre-2023\" \/>\n<meta property=\"og:site_name\" content=\"Les Vert\u00b7e\u00b7s du district de Morges\" \/>\n<meta property=\"article:modified_time\" content=\"2023-10-06T11:56:24+00:00\" \/>\n<meta name=\"twitter:card\" content=\"summary_large_image\" \/>\n<script type=\"application\/ld+json\" class=\"yoast-schema-graph\">{\"@context\":\"https:\/\/schema.org\",\"@graph\":[{\"@type\":\"WebPage\",\"@id\":\"https:\/\/vert-e-s-vd.ch\/morges\/event\/sortie-champignons-15-octobre-2023\",\"url\":\"https:\/\/vert-e-s-vd.ch\/morges\/event\/sortie-champignons-15-octobre-2023\",\"name\":\"\",\"isPartOf\":{\"@id\":\"https:\/\/vert-e-s-vd.ch\/morges\/#website\"},\"datePublished\":\"2023-10-06T11:53:27+00:00\",\"dateModified\":\"2023-10-06T11:56:24+00:00\",\"description\":\"Le 15 octobre, venez \u00e0 la d\u00e9couverte des champignons de notre r\u00e9gion ! Balade en for\u00eat \u00e0 la d\u00e9couverte des champignons de notre r\u00e9gion, en compagnie du naturaliste Olivier Jean-Petit-Matile \ud83c\udf44 Une pause picnic sera faite vers midi (chacun\u00b7e am\u00e8ne sa nourriture et ses boissons). L&rsquo;\u00e9v\u00e8nement a lieu par tous les temps (et les champignons aiment la pluie !). Rendez-vous: 10h45 \u00e0 la gare de Ballens (BAM: d\u00e9part de Morges \u00e0 10h11, arriv\u00e9e \u00e0 10h35 \u00e0 Ballens) Dur\u00e9e estim\u00e9e: fin vers 15h, mais d\u00e9part libre tout au long de l&rsquo;\u00e9v\u00e8nement \u00c0 prendre avec vous: habits adapt\u00e9s, picnic et boissons, couteau et panier ou sacs en tissu (pas de plastique) Tarif: gratuit, sans inscription n\u00e9cessaire. Cet \u00e9v\u00e8nement gratuit est ouvert \u00e0 toutes et tous, membres ou non des Vert\u00b7e\u00b7s. Familles bienvenues ! Note: des photos et\/ou vid\u00e9os pourront \u00eatre prises pour la communication des Vert\u00b7e\u00b7s du district de Morges et des Vert\u00b7e\u00b7s vaudois\u00b7es. Merci d&rsquo;avance pour votre compr\u00e9hension.\",\"breadcrumb\":{\"@id\":\"https:\/\/vert-e-s-vd.ch\/morges\/event\/sortie-champignons-15-octobre-2023#breadcrumb\"},\"inLanguage\":\"fr-FR\",\"potentialAction\":[{\"@type\":\"ReadAction\",\"target\":[\"https:\/\/vert-e-s-vd.ch\/morges\/event\/sortie-champignons-15-octobre-2023\"]}]},{\"@type\":\"BreadcrumbList\",\"@id\":\"https:\/\/vert-e-s-vd.ch\/morges\/event\/sortie-champignons-15-octobre-2023#breadcrumb\",\"itemListElement\":[{\"@type\":\"ListItem\",\"position\":1,\"name\":\"Accueil\",\"item\":\"https:\/\/vert-e-s-vd.ch\/morges\/\"},{\"@type\":\"ListItem\",\"position\":2,\"name\":\"\u00c9v\u00e8nements\",\"item\":\"https:\/\/vert-e-s-vd.ch\/morges?post_type=tribe_events\"},{\"@type\":\"ListItem\",\"position\":3,\"name\":\"Sortie champignons avec Olivier Jean-Petit-Matile \u00e0 Ballens\"}]},{\"@type\":\"WebSite\",\"@id\":\"https:\/\/vert-e-s-vd.ch\/morges\/#website\",\"url\":\"https:\/\/vert-e-s-vd.ch\/morges\/\",\"name\":\"Les Vert\u00b7e\u00b7s du district de Morges\",\"description\":\"Les Vert\u00b7e\u00b7s du district de Morges\",\"potentialAction\":[{\"@type\":\"SearchAction\",\"target\":{\"@type\":\"EntryPoint\",\"urlTemplate\":\"https:\/\/vert-e-s-vd.ch\/morges\/?s={search_term_string}\"},\"query-input\":{\"@type\":\"PropertyValueSpecification\",\"valueRequired\":true,\"valueName\":\"search_term_string\"}}],\"inLanguage\":\"fr-FR\"}]}<\/script>\n<!-- \/ Yoast SEO plugin. -->","yoast_head_json":{"title":"Les Vert\u00b7e\u00b7s du district de Morges","description":"Le 15 octobre, venez \u00e0 la d\u00e9couverte des champignons de notre r\u00e9gion ! Balade en for\u00eat \u00e0 la d\u00e9couverte des champignons de notre r\u00e9gion, en compagnie du naturaliste Olivier Jean-Petit-Matile \ud83c\udf44 Une pause picnic sera faite vers midi (chacun\u00b7e am\u00e8ne sa nourriture et ses boissons). L&rsquo;\u00e9v\u00e8nement a lieu par tous les temps (et les champignons aiment la pluie !). Rendez-vous: 10h45 \u00e0 la gare de Ballens (BAM: d\u00e9part de Morges \u00e0 10h11, arriv\u00e9e \u00e0 10h35 \u00e0 Ballens) Dur\u00e9e estim\u00e9e: fin vers 15h, mais d\u00e9part libre tout au long de l&rsquo;\u00e9v\u00e8nement \u00c0 prendre avec vous: habits adapt\u00e9s, picnic et boissons, couteau et panier ou sacs en tissu (pas de plastique) Tarif: gratuit, sans inscription n\u00e9cessaire. Cet \u00e9v\u00e8nement gratuit est ouvert \u00e0 toutes et tous, membres ou non des Vert\u00b7e\u00b7s. Familles bienvenues ! Note: des photos et\/ou vid\u00e9os pourront \u00eatre prises pour la communication des Vert\u00b7e\u00b7s du district de Morges et des Vert\u00b7e\u00b7s vaudois\u00b7es. Merci d&rsquo;avance pour votre compr\u00e9hension.","robots":{"index":"index","follow":"follow","max-snippet":"max-snippet:-1","max-image-preview":"max-image-preview:large","max-video-preview":"max-video-preview:-1"},"canonical":"https:\/\/vert-e-s-vd.ch\/morges\/event\/sortie-champignons-15-octobre-2023","og_locale":"fr_FR","og_type":"article","og_description":"Le 15 octobre, venez \u00e0 la d\u00e9couverte des champignons de notre r\u00e9gion ! Balade en for\u00eat \u00e0 la d\u00e9couverte des champignons de notre \u2026","og_url":"https:\/\/vert-e-s-vd.ch\/morges\/event\/sortie-champignons-15-octobre-2023","og_site_name":"Les Vert\u00b7e\u00b7s du district de Morges","article_modified_time":"2023-10-06T11:56:24+00:00","twitter_card":"summary_large_image","schema":{"@context":"https:\/\/schema.org","@graph":[{"@type":"WebPage","@id":"https:\/\/vert-e-s-vd.ch\/morges\/event\/sortie-champignons-15-octobre-2023","url":"https:\/\/vert-e-s-vd.ch\/morges\/event\/sortie-champignons-15-octobre-2023","name":"","isPartOf":{"@id":"https:\/\/vert-e-s-vd.ch\/morges\/#website"},"datePublished":"2023-10-06T11:53:27+00:00","dateModified":"2023-10-06T11:56:24+00:00","description":"Le 15 octobre, venez \u00e0 la d\u00e9couverte des champignons de notre r\u00e9gion ! Balade en for\u00eat \u00e0 la d\u00e9couverte des champignons de notre r\u00e9gion, en compagnie du naturaliste Olivier Jean-Petit-Matile \ud83c\udf44 Une pause picnic sera faite vers midi (chacun\u00b7e am\u00e8ne sa nourriture et ses boissons). L&rsquo;\u00e9v\u00e8nement a lieu par tous les temps (et les champignons aiment la pluie !). Rendez-vous: 10h45 \u00e0 la gare de Ballens (BAM: d\u00e9part de Morges \u00e0 10h11, arriv\u00e9e \u00e0 10h35 \u00e0 Ballens) Dur\u00e9e estim\u00e9e: fin vers 15h, mais d\u00e9part libre tout au long de l&rsquo;\u00e9v\u00e8nement \u00c0 prendre avec vous: habits adapt\u00e9s, picnic et boissons, couteau et panier ou sacs en tissu (pas de plastique) Tarif: gratuit, sans inscription n\u00e9cessaire. Cet \u00e9v\u00e8nement gratuit est ouvert \u00e0 toutes et tous, membres ou non des Vert\u00b7e\u00b7s. Familles bienvenues ! Note: des photos et\/ou vid\u00e9os pourront \u00eatre prises pour la communication des Vert\u00b7e\u00b7s du district de Morges et des Vert\u00b7e\u00b7s vaudois\u00b7es. Merci d&rsquo;avance pour votre compr\u00e9hension.","breadcrumb":{"@id":"https:\/\/vert-e-s-vd.ch\/morges\/event\/sortie-champignons-15-octobre-2023#breadcrumb"},"inLanguage":"fr-FR","potentialAction":[{"@type":"ReadAction","target":["https:\/\/vert-e-s-vd.ch\/morges\/event\/sortie-champignons-15-octobre-2023"]}]},{"@type":"BreadcrumbList","@id":"https:\/\/vert-e-s-vd.ch\/morges\/event\/sortie-champignons-15-octobre-2023#breadcrumb","itemListElement":[{"@type":"ListItem","position":1,"name":"Accueil","item":"https:\/\/vert-e-s-vd.ch\/morges\/"},{"@type":"ListItem","position":2,"name":"\u00c9v\u00e8nements","item":"https:\/\/vert-e-s-vd.ch\/morges?post_type=tribe_events"},{"@type":"ListItem","position":3,"name":"Sortie champignons avec Olivier Jean-Petit-Matile \u00e0 Ballens"}]},{"@type":"WebSite","@id":"https:\/\/vert-e-s-vd.ch\/morges\/#website","url":"https:\/\/vert-e-s-vd.ch\/morges\/","name":"Les Vert\u00b7e\u00b7s du district de Morges","description":"Les Vert\u00b7e\u00b7s du district de Morges","potentialAction":[{"@type":"SearchAction","target":{"@type":"EntryPoint","urlTemplate":"https:\/\/vert-e-s-vd.ch\/morges\/?s={search_term_string}"},"query-input":{"@type":"PropertyValueSpecification","valueRequired":true,"valueName":"search_term_string"}}],"inLanguage":"fr-FR"}]}},"_links":{"self":[{"href":"https:\/\/vert-e-s-vd.ch\/morges\/wp-json\/wp\/v2\/tribe_events\/72898","targetHints":{"allow":["GET"]}}],"collection":[{"href":"https:\/\/vert-e-s-vd.ch\/morges\/wp-json\/wp\/v2\/tribe_events"}],"about":[{"href":"https:\/\/vert-e-s-vd.ch\/morges\/wp-json\/wp\/v2\/types\/tribe_events"}],"author":[{"embeddable":true,"href":"https:\/\/vert-e-s-vd.ch\/morges\/wp-json\/wp\/v2\/users\/60"}],"version-history":[{"count":4,"href":"https:\/\/vert-e-s-vd.ch\/morges\/wp-json\/wp\/v2\/tribe_events\/72898\/revisions"}],"predecessor-version":[{"id":72903,"href":"https:\/\/vert-e-s-vd.ch\/morges\/wp-json\/wp\/v2\/tribe_events\/72898\/revisions\/72903"}],"wp:attachment":[{"href":"https:\/\/vert-e-s-vd.ch\/morges\/wp-json\/wp\/v2\/media?parent=72898"}],"wp:term":[{"taxonomy":"post_tag","embeddable":true,"href":"https:\/\/vert-e-s-vd.ch\/morges\/wp-json\/wp\/v2\/tags?post=72898"},{"taxonomy":"tribe_events_cat","embeddable":true,"href":"https:\/\/vert-e-s-vd.ch\/morges\/wp-json\/wp\/v2\/tribe_events_cat?post=72898"}],"curies":[{"name":"wp","href":"https:\/\/api.w.org\/{rel}","templated":true}]}}