{"id":74526,"date":"2023-06-16T13:49:40","date_gmt":"2023-06-16T11:49:40","guid":{"rendered":"https:\/\/vert-e-s-vd.ch\/lausanne\/?post_type=tribe_events&#038;p=74526"},"modified":"2023-06-16T13:52:32","modified_gmt":"2023-06-16T11:52:32","slug":"table-ronde-responsabilite-des-entreprises","status":"publish","type":"tribe_events","link":"https:\/\/vert-e-s-vd.ch\/lausanne\/event\/table-ronde-responsabilite-des-entreprises","title":{"rendered":"Table ronde: Responsabilit\u00e9 des entreprises"},"content":{"rendered":"","protected":false},"excerpt":{"rendered":"<p>Avec:<\/p>\n<ul>\n<li><a href=\"https:\/\/vert-e-s-vd.ch\/elus-federaux\" target=\"_blank\" rel=\"noopener\">Sophie Michaud Gigon,<\/a> conseill\u00e8re nationale verte et secr\u00e9taire g\u00e9n\u00e9rale de la FRC<\/li>\n<li>Christophe Barman, co-pr\u00e9sident de la FSE (F\u00e9d\u00e9ration suisse des entreprises)<\/li>\n<li>Juliette M\u00fcller, responsable Suisse romande de la Coalition pour des multinationales<\/li>\n<\/ul>\n<p>Apr\u00e8s le soutien par le peuple (sans la majorit\u00e9 des Cantons) de l\u2019initiative pour des multinationales responsables en 2020, la responsabilit\u00e9 des entreprises est devenue un sujet important en Suisse. L\u2019UE adoptera prochainement une directive sur la responsabilit\u00e9 des multinationales, qui obligera les grandes entreprises \u00e0 respecter l\u2019environnement et les droits humains dans le cadre de leurs activit\u00e9s commerciales. La Suisse sera donc bient\u00f4t le seul pays d\u2019Europe sans loi efficace en la mati\u00e8re. Ceci dans un contexte de crises environnementales et soci\u00e9tales grandissantes.<\/p>\n<ul>\n<li>Quel est l\u2019\u00e9tat des lieux au niveau f\u00e9d\u00e9ral en Suisse ?<\/li>\n<li>Comment les \u00e9volutions europ\u00e9ennes toucheront-elles les entreprises suisses (y compris les PME) ?<\/li>\n<li>Quels sont les exemples de bonne pratique ?<\/li>\n<li>Comment les entreprises peuvent-elles mieux prendre en compte les droits humains et r\u00e9duire notre impact<br \/>\nsur l\u2019environnement ?<\/li>\n<li>Quel est le r\u00f4le de l\u2019\u00e9conomie dans la transition ?<\/li>\n<\/ul>\n<p>L\u2019\u00e9v\u00e8nement se cl\u00f4turera par un verre au festival de la Cit\u00e9 pour celles et ceux qui le souhaitent.<\/p>\n","protected":false},"author":3,"featured_media":0,"template":"","meta":{"_acf_changed":false,"inline_featured_image":false,"_tribe_events_status":"","_tribe_events_status_reason":"","footnotes":""},"tags":[],"tribe_events_cat":[559],"class_list":["post-74526","tribe_events","type-tribe_events","status-publish","hentry","tribe_events_cat-idee-verte","cat_idee-verte"],"acf":[],"yoast_head":"<!-- This site is optimized with the Yoast SEO plugin v26.9 - https:\/\/yoast.com\/product\/yoast-seo-wordpress\/ -->\n<title>Les VERT\u00b7E\u00b7S lausannois\u00b7es<\/title>\n<meta name=\"description\" content=\"Avec:  Sophie Michaud Gigon, conseill\u00e8re nationale verte et secr\u00e9taire g\u00e9n\u00e9rale de la FRC Christophe Barman, co-pr\u00e9sident de la FSE (F\u00e9d\u00e9ration suisse des entreprises) Juliette M\u00fcller, responsable Suisse romande de la Coalition pour des multinationales  Apr\u00e8s le soutien par le peuple (sans la majorit\u00e9 des Cantons) de l\u2019initiative pour des multinationales responsables en 2020, la responsabilit\u00e9 des entreprises est devenue un sujet important en Suisse. L\u2019UE adoptera prochainement une directive sur la responsabilit\u00e9 des multinationales, qui obligera les grandes entreprises \u00e0 respecter l\u2019environnement et les droits humains dans le cadre de leurs activit\u00e9s commerciales. La Suisse sera donc bient\u00f4t le seul pays d\u2019Europe sans loi efficace en la mati\u00e8re. Ceci dans un contexte de crises environnementales et soci\u00e9tales grandissantes.  Quel est l\u2019\u00e9tat des lieux au niveau f\u00e9d\u00e9ral en Suisse ? Comment les \u00e9volutions europ\u00e9ennes toucheront-elles les entreprises suisses (y compris les PME) ? Quels sont les exemples de bonne pratique ? Comment les entreprises peuvent-elles mieux prendre en compte les droits humains et r\u00e9duire notre impact sur l\u2019environnement ? Quel est le r\u00f4le de l\u2019\u00e9conomie dans la transition ?  L\u2019\u00e9v\u00e8nement se cl\u00f4turera par un verre au festival de la Cit\u00e9 pour celles et ceux qui le souhaitent.\" \/>\n<meta name=\"robots\" content=\"index, follow, max-snippet:-1, max-image-preview:large, max-video-preview:-1\" \/>\n<link rel=\"canonical\" href=\"https:\/\/vert-e-s-vd.ch\/lausanne\/event\/table-ronde-responsabilite-des-entreprises\" \/>\n<meta property=\"og:locale\" content=\"fr_FR\" \/>\n<meta property=\"og:type\" content=\"article\" \/>\n<meta property=\"og:description\" content=\"Avec: Sophie Michaud Gigon, conseill\u00e8re nationale verte et secr\u00e9taire g\u00e9n\u00e9rale de la FRC Christophe Barman, co-pr\u00e9sident de la FSE \u2026\" \/>\n<meta property=\"og:url\" content=\"https:\/\/vert-e-s-vd.ch\/lausanne\/event\/table-ronde-responsabilite-des-entreprises\" \/>\n<meta property=\"og:site_name\" content=\"Les VERT\u00b7E\u00b7S lausannois\u00b7es\" \/>\n<meta property=\"article:modified_time\" content=\"2023-06-16T11:52:32+00:00\" \/>\n<meta name=\"twitter:card\" content=\"summary_large_image\" \/>\n<script type=\"application\/ld+json\" class=\"yoast-schema-graph\">{\"@context\":\"https:\/\/schema.org\",\"@graph\":[{\"@type\":\"WebPage\",\"@id\":\"https:\/\/vert-e-s-vd.ch\/lausanne\/event\/table-ronde-responsabilite-des-entreprises\",\"url\":\"https:\/\/vert-e-s-vd.ch\/lausanne\/event\/table-ronde-responsabilite-des-entreprises\",\"name\":\"\",\"isPartOf\":{\"@id\":\"https:\/\/vert-e-s-vd.ch\/lausanne\/#website\"},\"datePublished\":\"2023-06-16T11:49:40+00:00\",\"dateModified\":\"2023-06-16T11:52:32+00:00\",\"description\":\"Avec: \u2022 Sophie Michaud Gigon, conseill\u00e8re nationale verte et secr\u00e9taire g\u00e9n\u00e9rale de la FRC \u2022 Christophe Barman, co-pr\u00e9sident de la FSE (F\u00e9d\u00e9ration suisse des entreprises) \u2022 Juliette M\u00fcller, responsable Suisse romande de la Coalition pour des multinationales Apr\u00e8s le soutien par le peuple (sans la majorit\u00e9 des Cantons) de l\u2019initiative pour des multinationales responsables en 2020, la responsabilit\u00e9 des entreprises est devenue un sujet important en Suisse. L\u2019UE adoptera prochainement une directive sur la responsabilit\u00e9 des multinationales, qui obligera les grandes entreprises \u00e0 respecter l\u2019environnement et les droits humains dans le cadre de leurs activit\u00e9s commerciales. La Suisse sera donc bient\u00f4t le seul pays d\u2019Europe sans loi efficace en la mati\u00e8re. Ceci dans un contexte de crises environnementales et soci\u00e9tales grandissantes. \u2022 Quel est l\u2019\u00e9tat des lieux au niveau f\u00e9d\u00e9ral en Suisse ? \u2022 Comment les \u00e9volutions europ\u00e9ennes toucheront-elles les entreprises suisses (y compris les PME) ? \u2022 Quels sont les exemples de bonne pratique ? \u2022 Comment les entreprises peuvent-elles mieux prendre en compte les droits humains et r\u00e9duire notre impact sur l\u2019environnement ? \u2022 Quel est le r\u00f4le de l\u2019\u00e9conomie dans la transition ? L\u2019\u00e9v\u00e8nement se cl\u00f4turera par un verre au festival de la Cit\u00e9 pour celles et ceux qui le souhaitent.\",\"breadcrumb\":{\"@id\":\"https:\/\/vert-e-s-vd.ch\/lausanne\/event\/table-ronde-responsabilite-des-entreprises#breadcrumb\"},\"inLanguage\":\"fr-FR\",\"potentialAction\":[{\"@type\":\"ReadAction\",\"target\":[\"https:\/\/vert-e-s-vd.ch\/lausanne\/event\/table-ronde-responsabilite-des-entreprises\"]}]},{\"@type\":\"BreadcrumbList\",\"@id\":\"https:\/\/vert-e-s-vd.ch\/lausanne\/event\/table-ronde-responsabilite-des-entreprises#breadcrumb\",\"itemListElement\":[{\"@type\":\"ListItem\",\"position\":1,\"name\":\"Accueil\",\"item\":\"https:\/\/vert-e-s-vd.ch\/lausanne\/\"},{\"@type\":\"ListItem\",\"position\":2,\"name\":\"Agenda\"}]},{\"@type\":\"WebSite\",\"@id\":\"https:\/\/vert-e-s-vd.ch\/lausanne\/#website\",\"url\":\"https:\/\/vert-e-s-vd.ch\/lausanne\/\",\"name\":\"Les VERT\u00b7E\u00b7S lausannois\u00b7es\",\"description\":\"Une longueur d\u2019avance\",\"potentialAction\":[{\"@type\":\"SearchAction\",\"target\":{\"@type\":\"EntryPoint\",\"urlTemplate\":\"https:\/\/vert-e-s-vd.ch\/lausanne\/?s={search_term_string}\"},\"query-input\":{\"@type\":\"PropertyValueSpecification\",\"valueRequired\":true,\"valueName\":\"search_term_string\"}}],\"inLanguage\":\"fr-FR\"}]}<\/script>\n<!-- \/ Yoast SEO plugin. -->","yoast_head_json":{"title":"Les VERT\u00b7E\u00b7S lausannois\u00b7es","description":"Avec:  Sophie Michaud Gigon, conseill\u00e8re nationale verte et secr\u00e9taire g\u00e9n\u00e9rale de la FRC Christophe Barman, co-pr\u00e9sident de la FSE (F\u00e9d\u00e9ration suisse des entreprises) Juliette M\u00fcller, responsable Suisse romande de la Coalition pour des multinationales  Apr\u00e8s le soutien par le peuple (sans la majorit\u00e9 des Cantons) de l\u2019initiative pour des multinationales responsables en 2020, la responsabilit\u00e9 des entreprises est devenue un sujet important en Suisse. L\u2019UE adoptera prochainement une directive sur la responsabilit\u00e9 des multinationales, qui obligera les grandes entreprises \u00e0 respecter l\u2019environnement et les droits humains dans le cadre de leurs activit\u00e9s commerciales. La Suisse sera donc bient\u00f4t le seul pays d\u2019Europe sans loi efficace en la mati\u00e8re. Ceci dans un contexte de crises environnementales et soci\u00e9tales grandissantes.  Quel est l\u2019\u00e9tat des lieux au niveau f\u00e9d\u00e9ral en Suisse ? Comment les \u00e9volutions europ\u00e9ennes toucheront-elles les entreprises suisses (y compris les PME) ? Quels sont les exemples de bonne pratique ? Comment les entreprises peuvent-elles mieux prendre en compte les droits humains et r\u00e9duire notre impact sur l\u2019environnement ? Quel est le r\u00f4le de l\u2019\u00e9conomie dans la transition ?  L\u2019\u00e9v\u00e8nement se cl\u00f4turera par un verre au festival de la Cit\u00e9 pour celles et ceux qui le souhaitent.","robots":{"index":"index","follow":"follow","max-snippet":"max-snippet:-1","max-image-preview":"max-image-preview:large","max-video-preview":"max-video-preview:-1"},"canonical":"https:\/\/vert-e-s-vd.ch\/lausanne\/event\/table-ronde-responsabilite-des-entreprises","og_locale":"fr_FR","og_type":"article","og_description":"Avec: Sophie Michaud Gigon, conseill\u00e8re nationale verte et secr\u00e9taire g\u00e9n\u00e9rale de la FRC Christophe Barman, co-pr\u00e9sident de la FSE \u2026","og_url":"https:\/\/vert-e-s-vd.ch\/lausanne\/event\/table-ronde-responsabilite-des-entreprises","og_site_name":"Les VERT\u00b7E\u00b7S lausannois\u00b7es","article_modified_time":"2023-06-16T11:52:32+00:00","twitter_card":"summary_large_image","schema":{"@context":"https:\/\/schema.org","@graph":[{"@type":"WebPage","@id":"https:\/\/vert-e-s-vd.ch\/lausanne\/event\/table-ronde-responsabilite-des-entreprises","url":"https:\/\/vert-e-s-vd.ch\/lausanne\/event\/table-ronde-responsabilite-des-entreprises","name":"","isPartOf":{"@id":"https:\/\/vert-e-s-vd.ch\/lausanne\/#website"},"datePublished":"2023-06-16T11:49:40+00:00","dateModified":"2023-06-16T11:52:32+00:00","description":"Avec: \u2022 Sophie Michaud Gigon, conseill\u00e8re nationale verte et secr\u00e9taire g\u00e9n\u00e9rale de la FRC \u2022 Christophe Barman, co-pr\u00e9sident de la FSE (F\u00e9d\u00e9ration suisse des entreprises) \u2022 Juliette M\u00fcller, responsable Suisse romande de la Coalition pour des multinationales Apr\u00e8s le soutien par le peuple (sans la majorit\u00e9 des Cantons) de l\u2019initiative pour des multinationales responsables en 2020, la responsabilit\u00e9 des entreprises est devenue un sujet important en Suisse. L\u2019UE adoptera prochainement une directive sur la responsabilit\u00e9 des multinationales, qui obligera les grandes entreprises \u00e0 respecter l\u2019environnement et les droits humains dans le cadre de leurs activit\u00e9s commerciales. La Suisse sera donc bient\u00f4t le seul pays d\u2019Europe sans loi efficace en la mati\u00e8re. Ceci dans un contexte de crises environnementales et soci\u00e9tales grandissantes. \u2022 Quel est l\u2019\u00e9tat des lieux au niveau f\u00e9d\u00e9ral en Suisse ? \u2022 Comment les \u00e9volutions europ\u00e9ennes toucheront-elles les entreprises suisses (y compris les PME) ? \u2022 Quels sont les exemples de bonne pratique ? \u2022 Comment les entreprises peuvent-elles mieux prendre en compte les droits humains et r\u00e9duire notre impact sur l\u2019environnement ? \u2022 Quel est le r\u00f4le de l\u2019\u00e9conomie dans la transition ? L\u2019\u00e9v\u00e8nement se cl\u00f4turera par un verre au festival de la Cit\u00e9 pour celles et ceux qui le souhaitent.","breadcrumb":{"@id":"https:\/\/vert-e-s-vd.ch\/lausanne\/event\/table-ronde-responsabilite-des-entreprises#breadcrumb"},"inLanguage":"fr-FR","potentialAction":[{"@type":"ReadAction","target":["https:\/\/vert-e-s-vd.ch\/lausanne\/event\/table-ronde-responsabilite-des-entreprises"]}]},{"@type":"BreadcrumbList","@id":"https:\/\/vert-e-s-vd.ch\/lausanne\/event\/table-ronde-responsabilite-des-entreprises#breadcrumb","itemListElement":[{"@type":"ListItem","position":1,"name":"Accueil","item":"https:\/\/vert-e-s-vd.ch\/lausanne\/"},{"@type":"ListItem","position":2,"name":"Agenda"}]},{"@type":"WebSite","@id":"https:\/\/vert-e-s-vd.ch\/lausanne\/#website","url":"https:\/\/vert-e-s-vd.ch\/lausanne\/","name":"Les VERT\u00b7E\u00b7S lausannois\u00b7es","description":"Une longueur d\u2019avance","potentialAction":[{"@type":"SearchAction","target":{"@type":"EntryPoint","urlTemplate":"https:\/\/vert-e-s-vd.ch\/lausanne\/?s={search_term_string}"},"query-input":{"@type":"PropertyValueSpecification","valueRequired":true,"valueName":"search_term_string"}}],"inLanguage":"fr-FR"}]}},"_links":{"self":[{"href":"https:\/\/vert-e-s-vd.ch\/lausanne\/wp-json\/wp\/v2\/tribe_events\/74526","targetHints":{"allow":["GET"]}}],"collection":[{"href":"https:\/\/vert-e-s-vd.ch\/lausanne\/wp-json\/wp\/v2\/tribe_events"}],"about":[{"href":"https:\/\/vert-e-s-vd.ch\/lausanne\/wp-json\/wp\/v2\/types\/tribe_events"}],"author":[{"embeddable":true,"href":"https:\/\/vert-e-s-vd.ch\/lausanne\/wp-json\/wp\/v2\/users\/3"}],"version-history":[{"count":2,"href":"https:\/\/vert-e-s-vd.ch\/lausanne\/wp-json\/wp\/v2\/tribe_events\/74526\/revisions"}],"predecessor-version":[{"id":74529,"href":"https:\/\/vert-e-s-vd.ch\/lausanne\/wp-json\/wp\/v2\/tribe_events\/74526\/revisions\/74529"}],"wp:attachment":[{"href":"https:\/\/vert-e-s-vd.ch\/lausanne\/wp-json\/wp\/v2\/media?parent=74526"}],"wp:term":[{"taxonomy":"post_tag","embeddable":true,"href":"https:\/\/vert-e-s-vd.ch\/lausanne\/wp-json\/wp\/v2\/tags?post=74526"},{"taxonomy":"tribe_events_cat","embeddable":true,"href":"https:\/\/vert-e-s-vd.ch\/lausanne\/wp-json\/wp\/v2\/tribe_events_cat?post=74526"}],"curies":[{"name":"wp","href":"https:\/\/api.w.org\/{rel}","templated":true}]}}