{"id":74288,"date":"2023-04-06T10:54:46","date_gmt":"2023-04-06T08:54:46","guid":{"rendered":"https:\/\/vert-e-s-vd.ch\/lausanne\/?post_type=tribe_events&#038;p=74288"},"modified":"2023-06-01T10:30:01","modified_gmt":"2023-06-01T08:30:01","slug":"visite-du-parlement","status":"publish","type":"tribe_events","link":"https:\/\/vert-e-s-vd.ch\/lausanne\/event\/visite-du-parlement","title":{"rendered":"Visite du Parlement"},"content":{"rendered":"","protected":false},"excerpt":{"rendered":"<p>Il est possible de r\u00e9server une tribune pour nous durant une heure lors de la session du Conseil national qui a lieu du 11 au 29 septembre 2023. Le lundi du Je\u00fbne n\u2019\u00e9tant pas f\u00e9ri\u00e9 \u00e0 Berne, nous pourrons voir une petite partie du fonctionnement de notre parlement.&nbsp;<br \/>\nL\u00e9onore Porchet nous accueillera sur place et nous fera ensuite la visite du Palais f\u00e9d\u00e9ral.<br \/>\nNous organiserons \u00e9galement un petit ap\u00e9ro ensuite sur place. Pour ceux qui le souhaite, nous organiserons une visite de Berne, ou des lieux qui nous int\u00e9ressent avant.<\/p>\n<p><a href=\"https:\/\/cally.com\/event\/availability\/pfxkzm96mmgnim7v\">S&rsquo;inscrire<\/a> avant le 20 avril<br \/>\nContact: <a href=\"mailto:contact@emmanuelle-staub.ch\">Emmanuelle Staub<\/a><\/p>\n","protected":false},"author":3,"featured_media":0,"template":"","meta":{"_acf_changed":false,"inline_featured_image":false,"_tribe_events_status":"","_tribe_events_status_reason":"","footnotes":""},"tags":[636],"tribe_events_cat":[635],"class_list":["post-74288","tribe_events","type-tribe_events","status-publish","hentry","tag-groupes_quartier","tribe_events_cat-quartiers","cat_quartiers"],"acf":[],"yoast_head":"<!-- This site is optimized with the Yoast SEO plugin v26.9 - https:\/\/yoast.com\/product\/yoast-seo-wordpress\/ -->\n<title>Les VERT\u00b7E\u00b7S lausannois\u00b7es<\/title>\n<meta name=\"description\" content=\"Il est possible de r\u00e9server une tribune pour nous durant une heure lors de la session du Conseil national qui a lieu du 11 au 29 septembre 2023. Le lundi du Je\u00fbne n\u2019\u00e9tant pas f\u00e9ri\u00e9 \u00e0 Berne, nous pourrons voir une petite partie du fonctionnement de notre parlement.&nbsp; L\u00e9onore Porchet nous accueillera sur place et nous fera ensuite la visite du Palais f\u00e9d\u00e9ral. Nous organiserons \u00e9galement un petit ap\u00e9ro ensuite sur place. Pour ceux qui le souhaite, nous organiserons une visite de Berne, ou des lieux qui nous int\u00e9ressent avant. S&rsquo;inscrire avant le 20 avril Contact: Emmanuelle Staub\" \/>\n<meta name=\"robots\" content=\"index, follow, max-snippet:-1, max-image-preview:large, max-video-preview:-1\" \/>\n<link rel=\"canonical\" href=\"https:\/\/vert-e-s-vd.ch\/lausanne\/event\/visite-du-parlement\" \/>\n<meta property=\"og:locale\" content=\"fr_FR\" \/>\n<meta property=\"og:type\" content=\"article\" \/>\n<meta property=\"og:description\" content=\"Il est possible de r\u00e9server une tribune pour nous durant une heure lors de la session du Conseil national qui a lieu du 11 au 29 septembre \u2026\" \/>\n<meta property=\"og:url\" content=\"https:\/\/vert-e-s-vd.ch\/lausanne\/event\/visite-du-parlement\" \/>\n<meta property=\"og:site_name\" content=\"Les VERT\u00b7E\u00b7S lausannois\u00b7es\" \/>\n<meta property=\"article:modified_time\" content=\"2023-06-01T08:30:01+00:00\" \/>\n<meta name=\"twitter:card\" content=\"summary_large_image\" \/>\n<script type=\"application\/ld+json\" class=\"yoast-schema-graph\">{\"@context\":\"https:\/\/schema.org\",\"@graph\":[{\"@type\":\"WebPage\",\"@id\":\"https:\/\/vert-e-s-vd.ch\/lausanne\/event\/visite-du-parlement\",\"url\":\"https:\/\/vert-e-s-vd.ch\/lausanne\/event\/visite-du-parlement\",\"name\":\"\",\"isPartOf\":{\"@id\":\"https:\/\/vert-e-s-vd.ch\/lausanne\/#website\"},\"datePublished\":\"2023-04-06T08:54:46+00:00\",\"dateModified\":\"2023-06-01T08:30:01+00:00\",\"description\":\"Il est possible de r\u00e9server une tribune pour nous durant une heure lors de la session du Conseil national qui a lieu du 11 au 29 septembre 2023. Le lundi du Je\u00fbne n\u2019\u00e9tant pas f\u00e9ri\u00e9 \u00e0 Berne, nous pourrons voir une petite partie du fonctionnement de notre parlement.&nbsp; L\u00e9onore Porchet nous accueillera sur place et nous fera ensuite la visite du Palais f\u00e9d\u00e9ral. Nous organiserons \u00e9galement un petit ap\u00e9ro ensuite sur place. Pour ceux qui le souhaite, nous organiserons une visite de Berne, ou des lieux qui nous int\u00e9ressent avant. S&rsquo;inscrire avant le 20 avril Contact: Emmanuelle Staub\",\"breadcrumb\":{\"@id\":\"https:\/\/vert-e-s-vd.ch\/lausanne\/event\/visite-du-parlement#breadcrumb\"},\"inLanguage\":\"fr-FR\",\"potentialAction\":[{\"@type\":\"ReadAction\",\"target\":[\"https:\/\/vert-e-s-vd.ch\/lausanne\/event\/visite-du-parlement\"]}]},{\"@type\":\"BreadcrumbList\",\"@id\":\"https:\/\/vert-e-s-vd.ch\/lausanne\/event\/visite-du-parlement#breadcrumb\",\"itemListElement\":[{\"@type\":\"ListItem\",\"position\":1,\"name\":\"Accueil\",\"item\":\"https:\/\/vert-e-s-vd.ch\/lausanne\/\"},{\"@type\":\"ListItem\",\"position\":2,\"name\":\"Agenda\"}]},{\"@type\":\"WebSite\",\"@id\":\"https:\/\/vert-e-s-vd.ch\/lausanne\/#website\",\"url\":\"https:\/\/vert-e-s-vd.ch\/lausanne\/\",\"name\":\"Les VERT\u00b7E\u00b7S lausannois\u00b7es\",\"description\":\"Une longueur d\u2019avance\",\"potentialAction\":[{\"@type\":\"SearchAction\",\"target\":{\"@type\":\"EntryPoint\",\"urlTemplate\":\"https:\/\/vert-e-s-vd.ch\/lausanne\/?s={search_term_string}\"},\"query-input\":{\"@type\":\"PropertyValueSpecification\",\"valueRequired\":true,\"valueName\":\"search_term_string\"}}],\"inLanguage\":\"fr-FR\"}]}<\/script>\n<!-- \/ Yoast SEO plugin. -->","yoast_head_json":{"title":"Les VERT\u00b7E\u00b7S lausannois\u00b7es","description":"Il est possible de r\u00e9server une tribune pour nous durant une heure lors de la session du Conseil national qui a lieu du 11 au 29 septembre 2023. Le lundi du Je\u00fbne n\u2019\u00e9tant pas f\u00e9ri\u00e9 \u00e0 Berne, nous pourrons voir une petite partie du fonctionnement de notre parlement.&nbsp; L\u00e9onore Porchet nous accueillera sur place et nous fera ensuite la visite du Palais f\u00e9d\u00e9ral. Nous organiserons \u00e9galement un petit ap\u00e9ro ensuite sur place. Pour ceux qui le souhaite, nous organiserons une visite de Berne, ou des lieux qui nous int\u00e9ressent avant. S&rsquo;inscrire avant le 20 avril Contact: Emmanuelle Staub","robots":{"index":"index","follow":"follow","max-snippet":"max-snippet:-1","max-image-preview":"max-image-preview:large","max-video-preview":"max-video-preview:-1"},"canonical":"https:\/\/vert-e-s-vd.ch\/lausanne\/event\/visite-du-parlement","og_locale":"fr_FR","og_type":"article","og_description":"Il est possible de r\u00e9server une tribune pour nous durant une heure lors de la session du Conseil national qui a lieu du 11 au 29 septembre \u2026","og_url":"https:\/\/vert-e-s-vd.ch\/lausanne\/event\/visite-du-parlement","og_site_name":"Les VERT\u00b7E\u00b7S lausannois\u00b7es","article_modified_time":"2023-06-01T08:30:01+00:00","twitter_card":"summary_large_image","schema":{"@context":"https:\/\/schema.org","@graph":[{"@type":"WebPage","@id":"https:\/\/vert-e-s-vd.ch\/lausanne\/event\/visite-du-parlement","url":"https:\/\/vert-e-s-vd.ch\/lausanne\/event\/visite-du-parlement","name":"","isPartOf":{"@id":"https:\/\/vert-e-s-vd.ch\/lausanne\/#website"},"datePublished":"2023-04-06T08:54:46+00:00","dateModified":"2023-06-01T08:30:01+00:00","description":"Il est possible de r\u00e9server une tribune pour nous durant une heure lors de la session du Conseil national qui a lieu du 11 au 29 septembre 2023. Le lundi du Je\u00fbne n\u2019\u00e9tant pas f\u00e9ri\u00e9 \u00e0 Berne, nous pourrons voir une petite partie du fonctionnement de notre parlement.&nbsp; L\u00e9onore Porchet nous accueillera sur place et nous fera ensuite la visite du Palais f\u00e9d\u00e9ral. Nous organiserons \u00e9galement un petit ap\u00e9ro ensuite sur place. Pour ceux qui le souhaite, nous organiserons une visite de Berne, ou des lieux qui nous int\u00e9ressent avant. S&rsquo;inscrire avant le 20 avril Contact: Emmanuelle Staub","breadcrumb":{"@id":"https:\/\/vert-e-s-vd.ch\/lausanne\/event\/visite-du-parlement#breadcrumb"},"inLanguage":"fr-FR","potentialAction":[{"@type":"ReadAction","target":["https:\/\/vert-e-s-vd.ch\/lausanne\/event\/visite-du-parlement"]}]},{"@type":"BreadcrumbList","@id":"https:\/\/vert-e-s-vd.ch\/lausanne\/event\/visite-du-parlement#breadcrumb","itemListElement":[{"@type":"ListItem","position":1,"name":"Accueil","item":"https:\/\/vert-e-s-vd.ch\/lausanne\/"},{"@type":"ListItem","position":2,"name":"Agenda"}]},{"@type":"WebSite","@id":"https:\/\/vert-e-s-vd.ch\/lausanne\/#website","url":"https:\/\/vert-e-s-vd.ch\/lausanne\/","name":"Les VERT\u00b7E\u00b7S lausannois\u00b7es","description":"Une longueur d\u2019avance","potentialAction":[{"@type":"SearchAction","target":{"@type":"EntryPoint","urlTemplate":"https:\/\/vert-e-s-vd.ch\/lausanne\/?s={search_term_string}"},"query-input":{"@type":"PropertyValueSpecification","valueRequired":true,"valueName":"search_term_string"}}],"inLanguage":"fr-FR"}]}},"_links":{"self":[{"href":"https:\/\/vert-e-s-vd.ch\/lausanne\/wp-json\/wp\/v2\/tribe_events\/74288","targetHints":{"allow":["GET"]}}],"collection":[{"href":"https:\/\/vert-e-s-vd.ch\/lausanne\/wp-json\/wp\/v2\/tribe_events"}],"about":[{"href":"https:\/\/vert-e-s-vd.ch\/lausanne\/wp-json\/wp\/v2\/types\/tribe_events"}],"author":[{"embeddable":true,"href":"https:\/\/vert-e-s-vd.ch\/lausanne\/wp-json\/wp\/v2\/users\/3"}],"version-history":[{"count":2,"href":"https:\/\/vert-e-s-vd.ch\/lausanne\/wp-json\/wp\/v2\/tribe_events\/74288\/revisions"}],"predecessor-version":[{"id":74487,"href":"https:\/\/vert-e-s-vd.ch\/lausanne\/wp-json\/wp\/v2\/tribe_events\/74288\/revisions\/74487"}],"wp:attachment":[{"href":"https:\/\/vert-e-s-vd.ch\/lausanne\/wp-json\/wp\/v2\/media?parent=74288"}],"wp:term":[{"taxonomy":"post_tag","embeddable":true,"href":"https:\/\/vert-e-s-vd.ch\/lausanne\/wp-json\/wp\/v2\/tags?post=74288"},{"taxonomy":"tribe_events_cat","embeddable":true,"href":"https:\/\/vert-e-s-vd.ch\/lausanne\/wp-json\/wp\/v2\/tribe_events_cat?post=74288"}],"curies":[{"name":"wp","href":"https:\/\/api.w.org\/{rel}","templated":true}]}}