{"id":75683,"date":"2025-10-14T13:48:14","date_gmt":"2025-10-14T11:48:14","guid":{"rendered":"https:\/\/vert-e-s-vd.ch\/lausanne\/?page_id=75683"},"modified":"2025-11-11T16:35:06","modified_gmt":"2025-11-11T15:35:06","slug":"une-ville-egalitaire-solidaire-et-prospere","status":"publish","type":"page","link":"https:\/\/vert-e-s-vd.ch\/lausanne\/une-ville-egalitaire-solidaire-et-prospere","title":{"rendered":"Une ville \u00e9galitaire, solidaire et prosp\u00e8re"},"content":{"rendered":"","protected":false},"excerpt":{"rendered":"","protected":false},"author":3,"featured_media":0,"parent":0,"menu_order":0,"comment_status":"closed","ping_status":"closed","template":"single_overview.php","meta":{"_acf_changed":false,"inline_featured_image":false,"footnotes":""},"class_list":["post-75683","page","type-page","status-publish","hentry"],"acf":[],"yoast_head":"<!-- This site is optimized with the Yoast SEO plugin v26.9 - https:\/\/yoast.com\/product\/yoast-seo-wordpress\/ -->\n<title>Une ville \u00e9galitaire, solidaire et prosp\u00e8re - Les VERT\u00b7E\u00b7S lausannois\u00b7es<\/title>\n<meta name=\"description\" content=\"Une ville \u00e9galitaire garantit l\u2019\u00e9galit\u00e9 des droits et des chances, lutte contre toutes les formes de haine, la stigmatisation et valorise la diversit\u00e9. Elle est aussi une ville accueillante, qui facilite l\u2019int\u00e9gration, soutient ses habitantes et ses habitants et encourage la convivialit\u00e9. Enfin, elle est solidaire en accompagnant les plus vuln\u00e9rables, en d\u00e9veloppant l\u2019inclusion et agit \u00e0 l\u2019\u00e9chelle locale et internationale pour plus de s\u00e9curit\u00e9 et de justice. Ce programme s\u2019engage \u00e0 b\u00e2tir cette ville humaine et ouverte.\" \/>\n<meta name=\"robots\" content=\"index, follow, max-snippet:-1, max-image-preview:large, max-video-preview:-1\" \/>\n<link rel=\"canonical\" href=\"https:\/\/vert-e-s-vd.ch\/lausanne\/une-ville-egalitaire-solidaire-et-prospere\" \/>\n<meta property=\"og:locale\" content=\"fr_FR\" \/>\n<meta property=\"og:type\" content=\"article\" \/>\n<meta property=\"og:title\" content=\"Une ville \u00e9galitaire, solidaire et prosp\u00e8re - Les VERT\u00b7E\u00b7S lausannois\u00b7es\" \/>\n<meta property=\"og:description\" content=\"Une ville \u00e9galitaire garantit l\u2019\u00e9galit\u00e9 des droits et des chances, lutte contre toutes les formes de haine, la stigmatisation et \u2026\" \/>\n<meta property=\"og:url\" content=\"https:\/\/vert-e-s-vd.ch\/lausanne\/une-ville-egalitaire-solidaire-et-prospere\" \/>\n<meta property=\"og:site_name\" content=\"Les VERT\u00b7E\u00b7S lausannois\u00b7es\" \/>\n<meta property=\"article:modified_time\" content=\"2025-11-11T15:35:06+00:00\" \/>\n<meta name=\"twitter:card\" content=\"summary_large_image\" \/>\n<meta name=\"twitter:label1\" content=\"Dur\u00e9e de lecture estim\u00e9e\" \/>\n\t<meta name=\"twitter:data1\" content=\"1 minute\" \/>\n<script type=\"application\/ld+json\" class=\"yoast-schema-graph\">{\"@context\":\"https:\/\/schema.org\",\"@graph\":[{\"@type\":\"WebPage\",\"@id\":\"https:\/\/vert-e-s-vd.ch\/lausanne\/une-ville-egalitaire-solidaire-et-prospere\",\"url\":\"https:\/\/vert-e-s-vd.ch\/lausanne\/une-ville-egalitaire-solidaire-et-prospere\",\"name\":\"Une ville \u00e9galitaire, solidaire et prosp\u00e8re - Les VERT\u00b7E\u00b7S lausannois\u00b7es\",\"isPartOf\":{\"@id\":\"https:\/\/vert-e-s-vd.ch\/lausanne\/#website\"},\"datePublished\":\"2025-10-14T11:48:14+00:00\",\"dateModified\":\"2025-11-11T15:35:06+00:00\",\"description\":\"Une ville \u00e9galitaire garantit l\u2019\u00e9galit\u00e9 des droits et des chances, lutte contre toutes les formes de haine, la stigmatisation et valorise la diversit\u00e9. Elle est aussi une ville accueillante, qui facilite l\u2019int\u00e9gration, soutient ses habitantes et ses habitants et encourage la convivialit\u00e9. Enfin, elle est solidaire en accompagnant les plus vuln\u00e9rables, en d\u00e9veloppant l\u2019inclusion et agit \u00e0 l\u2019\u00e9chelle locale et internationale pour plus de s\u00e9curit\u00e9 et de justice. Ce programme s\u2019engage \u00e0 b\u00e2tir cette ville humaine et ouverte.\",\"breadcrumb\":{\"@id\":\"https:\/\/vert-e-s-vd.ch\/lausanne\/une-ville-egalitaire-solidaire-et-prospere#breadcrumb\"},\"inLanguage\":\"fr-FR\",\"potentialAction\":[{\"@type\":\"ReadAction\",\"target\":[\"https:\/\/vert-e-s-vd.ch\/lausanne\/une-ville-egalitaire-solidaire-et-prospere\"]}]},{\"@type\":\"BreadcrumbList\",\"@id\":\"https:\/\/vert-e-s-vd.ch\/lausanne\/une-ville-egalitaire-solidaire-et-prospere#breadcrumb\",\"itemListElement\":[{\"@type\":\"ListItem\",\"position\":1,\"name\":\"Accueil\",\"item\":\"https:\/\/vert-e-s-vd.ch\/lausanne\/\"},{\"@type\":\"ListItem\",\"position\":2,\"name\":\"Agenda\"}]},{\"@type\":\"WebSite\",\"@id\":\"https:\/\/vert-e-s-vd.ch\/lausanne\/#website\",\"url\":\"https:\/\/vert-e-s-vd.ch\/lausanne\/\",\"name\":\"Les VERT\u00b7E\u00b7S lausannois\u00b7es\",\"description\":\"Une longueur d\u2019avance\",\"potentialAction\":[{\"@type\":\"SearchAction\",\"target\":{\"@type\":\"EntryPoint\",\"urlTemplate\":\"https:\/\/vert-e-s-vd.ch\/lausanne\/?s={search_term_string}\"},\"query-input\":{\"@type\":\"PropertyValueSpecification\",\"valueRequired\":true,\"valueName\":\"search_term_string\"}}],\"inLanguage\":\"fr-FR\"}]}<\/script>\n<!-- \/ Yoast SEO plugin. -->","yoast_head_json":{"title":"Une ville \u00e9galitaire, solidaire et prosp\u00e8re - Les VERT\u00b7E\u00b7S lausannois\u00b7es","description":"Une ville \u00e9galitaire garantit l\u2019\u00e9galit\u00e9 des droits et des chances, lutte contre toutes les formes de haine, la stigmatisation et valorise la diversit\u00e9. Elle est aussi une ville accueillante, qui facilite l\u2019int\u00e9gration, soutient ses habitantes et ses habitants et encourage la convivialit\u00e9. Enfin, elle est solidaire en accompagnant les plus vuln\u00e9rables, en d\u00e9veloppant l\u2019inclusion et agit \u00e0 l\u2019\u00e9chelle locale et internationale pour plus de s\u00e9curit\u00e9 et de justice. Ce programme s\u2019engage \u00e0 b\u00e2tir cette ville humaine et ouverte.","robots":{"index":"index","follow":"follow","max-snippet":"max-snippet:-1","max-image-preview":"max-image-preview:large","max-video-preview":"max-video-preview:-1"},"canonical":"https:\/\/vert-e-s-vd.ch\/lausanne\/une-ville-egalitaire-solidaire-et-prospere","og_locale":"fr_FR","og_type":"article","og_title":"Une ville \u00e9galitaire, solidaire et prosp\u00e8re - Les VERT\u00b7E\u00b7S lausannois\u00b7es","og_description":"Une ville \u00e9galitaire garantit l\u2019\u00e9galit\u00e9 des droits et des chances, lutte contre toutes les formes de haine, la stigmatisation et \u2026","og_url":"https:\/\/vert-e-s-vd.ch\/lausanne\/une-ville-egalitaire-solidaire-et-prospere","og_site_name":"Les VERT\u00b7E\u00b7S lausannois\u00b7es","article_modified_time":"2025-11-11T15:35:06+00:00","twitter_card":"summary_large_image","twitter_misc":{"Dur\u00e9e de lecture estim\u00e9e":"1 minute"},"schema":{"@context":"https:\/\/schema.org","@graph":[{"@type":"WebPage","@id":"https:\/\/vert-e-s-vd.ch\/lausanne\/une-ville-egalitaire-solidaire-et-prospere","url":"https:\/\/vert-e-s-vd.ch\/lausanne\/une-ville-egalitaire-solidaire-et-prospere","name":"Une ville \u00e9galitaire, solidaire et prosp\u00e8re - Les VERT\u00b7E\u00b7S lausannois\u00b7es","isPartOf":{"@id":"https:\/\/vert-e-s-vd.ch\/lausanne\/#website"},"datePublished":"2025-10-14T11:48:14+00:00","dateModified":"2025-11-11T15:35:06+00:00","description":"Une ville \u00e9galitaire garantit l\u2019\u00e9galit\u00e9 des droits et des chances, lutte contre toutes les formes de haine, la stigmatisation et valorise la diversit\u00e9. Elle est aussi une ville accueillante, qui facilite l\u2019int\u00e9gration, soutient ses habitantes et ses habitants et encourage la convivialit\u00e9. Enfin, elle est solidaire en accompagnant les plus vuln\u00e9rables, en d\u00e9veloppant l\u2019inclusion et agit \u00e0 l\u2019\u00e9chelle locale et internationale pour plus de s\u00e9curit\u00e9 et de justice. Ce programme s\u2019engage \u00e0 b\u00e2tir cette ville humaine et ouverte.","breadcrumb":{"@id":"https:\/\/vert-e-s-vd.ch\/lausanne\/une-ville-egalitaire-solidaire-et-prospere#breadcrumb"},"inLanguage":"fr-FR","potentialAction":[{"@type":"ReadAction","target":["https:\/\/vert-e-s-vd.ch\/lausanne\/une-ville-egalitaire-solidaire-et-prospere"]}]},{"@type":"BreadcrumbList","@id":"https:\/\/vert-e-s-vd.ch\/lausanne\/une-ville-egalitaire-solidaire-et-prospere#breadcrumb","itemListElement":[{"@type":"ListItem","position":1,"name":"Accueil","item":"https:\/\/vert-e-s-vd.ch\/lausanne\/"},{"@type":"ListItem","position":2,"name":"Agenda"}]},{"@type":"WebSite","@id":"https:\/\/vert-e-s-vd.ch\/lausanne\/#website","url":"https:\/\/vert-e-s-vd.ch\/lausanne\/","name":"Les VERT\u00b7E\u00b7S lausannois\u00b7es","description":"Une longueur d\u2019avance","potentialAction":[{"@type":"SearchAction","target":{"@type":"EntryPoint","urlTemplate":"https:\/\/vert-e-s-vd.ch\/lausanne\/?s={search_term_string}"},"query-input":{"@type":"PropertyValueSpecification","valueRequired":true,"valueName":"search_term_string"}}],"inLanguage":"fr-FR"}]}},"_links":{"self":[{"href":"https:\/\/vert-e-s-vd.ch\/lausanne\/wp-json\/wp\/v2\/pages\/75683","targetHints":{"allow":["GET"]}}],"collection":[{"href":"https:\/\/vert-e-s-vd.ch\/lausanne\/wp-json\/wp\/v2\/pages"}],"about":[{"href":"https:\/\/vert-e-s-vd.ch\/lausanne\/wp-json\/wp\/v2\/types\/page"}],"author":[{"embeddable":true,"href":"https:\/\/vert-e-s-vd.ch\/lausanne\/wp-json\/wp\/v2\/users\/3"}],"replies":[{"embeddable":true,"href":"https:\/\/vert-e-s-vd.ch\/lausanne\/wp-json\/wp\/v2\/comments?post=75683"}],"version-history":[{"count":8,"href":"https:\/\/vert-e-s-vd.ch\/lausanne\/wp-json\/wp\/v2\/pages\/75683\/revisions"}],"predecessor-version":[{"id":75727,"href":"https:\/\/vert-e-s-vd.ch\/lausanne\/wp-json\/wp\/v2\/pages\/75683\/revisions\/75727"}],"wp:attachment":[{"href":"https:\/\/vert-e-s-vd.ch\/lausanne\/wp-json\/wp\/v2\/media?parent=75683"}],"curies":[{"name":"wp","href":"https:\/\/api.w.org\/{rel}","templated":true}]}}