{"id":71963,"date":"2020-12-06T10:25:28","date_gmt":"2020-12-06T09:25:28","guid":{"rendered":"https:\/\/vert-e-s-vd.ch\/lausanne\/?page_id=71963"},"modified":"2021-01-31T21:20:29","modified_gmt":"2021-01-31T20:20:29","slug":"politique-des-drogues-coherentes","status":"publish","type":"page","link":"https:\/\/vert-e-s-vd.ch\/lausanne\/population-en-bonne-sante\/politique-des-drogues-coherentes","title":{"rendered":"Politique des drogues coh\u00e9rentes"},"content":{"rendered":"","protected":false},"excerpt":{"rendered":"","protected":false},"author":12,"featured_media":72713,"parent":71854,"menu_order":0,"comment_status":"closed","ping_status":"closed","template":"","meta":{"_acf_changed":false,"inline_featured_image":false,"footnotes":""},"class_list":["post-71963","page","type-page","status-publish","has-post-thumbnail","hentry"],"acf":[],"yoast_head":"<!-- This site is optimized with the Yoast SEO plugin v26.9 - https:\/\/yoast.com\/product\/yoast-seo-wordpress\/ -->\n<title>Politique des drogues coh\u00e9rentes - Les VERT\u00b7E\u00b7S lausannois\u00b7es<\/title>\n<meta name=\"description\" content=\"Confront\u00e9es directement aux cons\u00e9quences des addictions, les villes ont toujours \u00e9t\u00e9 pionni\u00e8res pour faire face \u00e0 la probl\u00e9matique de la consommation de drogues, licites et illicites, et chercher des solutions pragmatiques et tourn\u00e9es vers l\u2019avenir. Le syst\u00e8me de pseudo r\u00e9pression actuelle ne fonctionne pas et la lib\u00e9ralisation dans le march\u00e9 libre \u00e0 la californienne ne pr\u00e9sage pas une solution id\u00e9ale non plus. Pour les Vert\u00b7e\u00b7s, Lausanne doit donc regarder les r\u00e9alit\u00e9s en face et avoir le courage de traiter toutes les drogues, l\u00e9gales comme ill\u00e9gales, de fa\u00e7on coh\u00e9rente. Ainsi, il est bon de rappeler que le tabagisme est responsable de la majorit\u00e9 des d\u00e9c\u00e8s \u00e9vitables et que la consommation excessive d\u2019alcool est l\u2019une des causes principales de d\u00e9c\u00e8s pr\u00e9matur\u00e9s et d\u2019atteinte \u00e0 la sant\u00e9. Toutes les drogues doivent donc \u00eatre trait\u00e9es avec le m\u00eame objectif de pr\u00e9server la sant\u00e9, de pr\u00e9venir et de r\u00e9duire les risques, en accompagnant les personnes en situation de d\u00e9pendance.\" \/>\n<meta name=\"robots\" content=\"index, follow, max-snippet:-1, max-image-preview:large, max-video-preview:-1\" \/>\n<link rel=\"canonical\" href=\"https:\/\/vert-e-s-vd.ch\/lausanne\/population-en-bonne-sante\/politique-des-drogues-coherentes\" \/>\n<meta property=\"og:locale\" content=\"fr_FR\" \/>\n<meta property=\"og:type\" content=\"article\" \/>\n<meta property=\"og:title\" content=\"Politique des drogues coh\u00e9rentes - Les VERT\u00b7E\u00b7S lausannois\u00b7es\" \/>\n<meta property=\"og:description\" content=\"Confront\u00e9es directement aux cons\u00e9quences des addictions, les villes ont toujours \u00e9t\u00e9 pionni\u00e8res pour faire face \u00e0 la probl\u00e9matique \u2026\" \/>\n<meta property=\"og:url\" content=\"https:\/\/vert-e-s-vd.ch\/lausanne\/population-en-bonne-sante\/politique-des-drogues-coherentes\" \/>\n<meta property=\"og:site_name\" content=\"Les VERT\u00b7E\u00b7S lausannois\u00b7es\" \/>\n<meta property=\"article:modified_time\" content=\"2021-01-31T20:20:29+00:00\" \/>\n<meta property=\"og:image\" content=\"https:\/\/vert-e-s-vd.ch\/lausanne\/wp-content\/uploads\/sites\/7\/2021\/01\/no-smoking-1639349_1920-1200x0-c-default.jpg\" \/>\n\t<meta property=\"og:image:width\" content=\"1200\" \/>\n\t<meta property=\"og:image:height\" content=\"1131\" \/>\n\t<meta property=\"og:image:type\" content=\"image\/jpeg\" \/>\n<meta name=\"twitter:card\" content=\"summary_large_image\" \/>\n<script type=\"application\/ld+json\" class=\"yoast-schema-graph\">{\"@context\":\"https:\/\/schema.org\",\"@graph\":[{\"@type\":\"WebPage\",\"@id\":\"https:\/\/vert-e-s-vd.ch\/lausanne\/population-en-bonne-sante\/politique-des-drogues-coherentes\",\"url\":\"https:\/\/vert-e-s-vd.ch\/lausanne\/population-en-bonne-sante\/politique-des-drogues-coherentes\",\"name\":\"Politique des drogues coh\u00e9rentes - Les VERT\u00b7E\u00b7S lausannois\u00b7es\",\"isPartOf\":{\"@id\":\"https:\/\/vert-e-s-vd.ch\/lausanne\/#website\"},\"primaryImageOfPage\":{\"@id\":\"https:\/\/vert-e-s-vd.ch\/lausanne\/population-en-bonne-sante\/politique-des-drogues-coherentes#primaryimage\"},\"image\":{\"@id\":\"https:\/\/vert-e-s-vd.ch\/lausanne\/population-en-bonne-sante\/politique-des-drogues-coherentes#primaryimage\"},\"thumbnailUrl\":\"https:\/\/vert-e-s-vd.ch\/lausanne\/wp-content\/uploads\/sites\/7\/2021\/01\/no-smoking-1639349_1920-2560x0-c-default.jpg\",\"datePublished\":\"2020-12-06T09:25:28+00:00\",\"dateModified\":\"2021-01-31T20:20:29+00:00\",\"description\":\"Confront\u00e9es directement aux cons\u00e9quences des addictions, les villes ont toujours \u00e9t\u00e9 pionni\u00e8res pour faire face \u00e0 la probl\u00e9matique de la consommation de drogues, licites et illicites, et chercher des solutions pragmatiques et tourn\u00e9es vers l\u2019avenir. Le syst\u00e8me de pseudo r\u00e9pression actuelle ne fonctionne pas et la lib\u00e9ralisation dans le march\u00e9 libre \u00e0 la californienne ne pr\u00e9sage pas une solution id\u00e9ale non plus. Pour les Vert\u00b7e\u00b7s, Lausanne doit donc regarder les r\u00e9alit\u00e9s en face et avoir le courage de traiter toutes les drogues, l\u00e9gales comme ill\u00e9gales, de fa\u00e7on coh\u00e9rente. Ainsi, il est bon de rappeler que le tabagisme est responsable de la majorit\u00e9 des d\u00e9c\u00e8s \u00e9vitables et que la consommation excessive d\u2019alcool est l\u2019une des causes principales de d\u00e9c\u00e8s pr\u00e9matur\u00e9s et d\u2019atteinte \u00e0 la sant\u00e9. Toutes les drogues doivent donc \u00eatre trait\u00e9es avec le m\u00eame objectif de pr\u00e9server la sant\u00e9, de pr\u00e9venir et de r\u00e9duire les risques, en accompagnant les personnes en situation de d\u00e9pendance.\",\"breadcrumb\":{\"@id\":\"https:\/\/vert-e-s-vd.ch\/lausanne\/population-en-bonne-sante\/politique-des-drogues-coherentes#breadcrumb\"},\"inLanguage\":\"fr-FR\",\"potentialAction\":[{\"@type\":\"ReadAction\",\"target\":[\"https:\/\/vert-e-s-vd.ch\/lausanne\/population-en-bonne-sante\/politique-des-drogues-coherentes\"]}]},{\"@type\":\"ImageObject\",\"inLanguage\":\"fr-FR\",\"@id\":\"https:\/\/vert-e-s-vd.ch\/lausanne\/population-en-bonne-sante\/politique-des-drogues-coherentes#primaryimage\",\"url\":\"https:\/\/vert-e-s-vd.ch\/lausanne\/wp-content\/uploads\/sites\/7\/2021\/01\/no-smoking-1639349_1920-2560x0-c-default.jpg\",\"contentUrl\":\"https:\/\/vert-e-s-vd.ch\/lausanne\/wp-content\/uploads\/sites\/7\/2021\/01\/no-smoking-1639349_1920-2560x0-c-default.jpg\",\"width\":1920,\"height\":1809,\"caption\":\"stop fum\u00e9e\"},{\"@type\":\"BreadcrumbList\",\"@id\":\"https:\/\/vert-e-s-vd.ch\/lausanne\/population-en-bonne-sante\/politique-des-drogues-coherentes#breadcrumb\",\"itemListElement\":[{\"@type\":\"ListItem\",\"position\":1,\"name\":\"Accueil\",\"item\":\"https:\/\/vert-e-s-vd.ch\/lausanne\/\"},{\"@type\":\"ListItem\",\"position\":2,\"name\":\"Agenda\"}]},{\"@type\":\"WebSite\",\"@id\":\"https:\/\/vert-e-s-vd.ch\/lausanne\/#website\",\"url\":\"https:\/\/vert-e-s-vd.ch\/lausanne\/\",\"name\":\"Les VERT\u00b7E\u00b7S lausannois\u00b7es\",\"description\":\"Une longueur d\u2019avance\",\"potentialAction\":[{\"@type\":\"SearchAction\",\"target\":{\"@type\":\"EntryPoint\",\"urlTemplate\":\"https:\/\/vert-e-s-vd.ch\/lausanne\/?s={search_term_string}\"},\"query-input\":{\"@type\":\"PropertyValueSpecification\",\"valueRequired\":true,\"valueName\":\"search_term_string\"}}],\"inLanguage\":\"fr-FR\"}]}<\/script>\n<!-- \/ Yoast SEO plugin. -->","yoast_head_json":{"title":"Politique des drogues coh\u00e9rentes - Les VERT\u00b7E\u00b7S lausannois\u00b7es","description":"Confront\u00e9es directement aux cons\u00e9quences des addictions, les villes ont toujours \u00e9t\u00e9 pionni\u00e8res pour faire face \u00e0 la probl\u00e9matique de la consommation de drogues, licites et illicites, et chercher des solutions pragmatiques et tourn\u00e9es vers l\u2019avenir. Le syst\u00e8me de pseudo r\u00e9pression actuelle ne fonctionne pas et la lib\u00e9ralisation dans le march\u00e9 libre \u00e0 la californienne ne pr\u00e9sage pas une solution id\u00e9ale non plus. Pour les Vert\u00b7e\u00b7s, Lausanne doit donc regarder les r\u00e9alit\u00e9s en face et avoir le courage de traiter toutes les drogues, l\u00e9gales comme ill\u00e9gales, de fa\u00e7on coh\u00e9rente. Ainsi, il est bon de rappeler que le tabagisme est responsable de la majorit\u00e9 des d\u00e9c\u00e8s \u00e9vitables et que la consommation excessive d\u2019alcool est l\u2019une des causes principales de d\u00e9c\u00e8s pr\u00e9matur\u00e9s et d\u2019atteinte \u00e0 la sant\u00e9. Toutes les drogues doivent donc \u00eatre trait\u00e9es avec le m\u00eame objectif de pr\u00e9server la sant\u00e9, de pr\u00e9venir et de r\u00e9duire les risques, en accompagnant les personnes en situation de d\u00e9pendance.","robots":{"index":"index","follow":"follow","max-snippet":"max-snippet:-1","max-image-preview":"max-image-preview:large","max-video-preview":"max-video-preview:-1"},"canonical":"https:\/\/vert-e-s-vd.ch\/lausanne\/population-en-bonne-sante\/politique-des-drogues-coherentes","og_locale":"fr_FR","og_type":"article","og_title":"Politique des drogues coh\u00e9rentes - Les VERT\u00b7E\u00b7S lausannois\u00b7es","og_description":"Confront\u00e9es directement aux cons\u00e9quences des addictions, les villes ont toujours \u00e9t\u00e9 pionni\u00e8res pour faire face \u00e0 la probl\u00e9matique \u2026","og_url":"https:\/\/vert-e-s-vd.ch\/lausanne\/population-en-bonne-sante\/politique-des-drogues-coherentes","og_site_name":"Les VERT\u00b7E\u00b7S lausannois\u00b7es","article_modified_time":"2021-01-31T20:20:29+00:00","og_image":[{"width":1200,"height":1131,"url":"https:\/\/vert-e-s-vd.ch\/lausanne\/wp-content\/uploads\/sites\/7\/2021\/01\/no-smoking-1639349_1920-1200x0-c-default.jpg","type":"image\/jpeg"}],"twitter_card":"summary_large_image","schema":{"@context":"https:\/\/schema.org","@graph":[{"@type":"WebPage","@id":"https:\/\/vert-e-s-vd.ch\/lausanne\/population-en-bonne-sante\/politique-des-drogues-coherentes","url":"https:\/\/vert-e-s-vd.ch\/lausanne\/population-en-bonne-sante\/politique-des-drogues-coherentes","name":"Politique des drogues coh\u00e9rentes - Les VERT\u00b7E\u00b7S lausannois\u00b7es","isPartOf":{"@id":"https:\/\/vert-e-s-vd.ch\/lausanne\/#website"},"primaryImageOfPage":{"@id":"https:\/\/vert-e-s-vd.ch\/lausanne\/population-en-bonne-sante\/politique-des-drogues-coherentes#primaryimage"},"image":{"@id":"https:\/\/vert-e-s-vd.ch\/lausanne\/population-en-bonne-sante\/politique-des-drogues-coherentes#primaryimage"},"thumbnailUrl":"https:\/\/vert-e-s-vd.ch\/lausanne\/wp-content\/uploads\/sites\/7\/2021\/01\/no-smoking-1639349_1920-2560x0-c-default.jpg","datePublished":"2020-12-06T09:25:28+00:00","dateModified":"2021-01-31T20:20:29+00:00","description":"Confront\u00e9es directement aux cons\u00e9quences des addictions, les villes ont toujours \u00e9t\u00e9 pionni\u00e8res pour faire face \u00e0 la probl\u00e9matique de la consommation de drogues, licites et illicites, et chercher des solutions pragmatiques et tourn\u00e9es vers l\u2019avenir. Le syst\u00e8me de pseudo r\u00e9pression actuelle ne fonctionne pas et la lib\u00e9ralisation dans le march\u00e9 libre \u00e0 la californienne ne pr\u00e9sage pas une solution id\u00e9ale non plus. Pour les Vert\u00b7e\u00b7s, Lausanne doit donc regarder les r\u00e9alit\u00e9s en face et avoir le courage de traiter toutes les drogues, l\u00e9gales comme ill\u00e9gales, de fa\u00e7on coh\u00e9rente. Ainsi, il est bon de rappeler que le tabagisme est responsable de la majorit\u00e9 des d\u00e9c\u00e8s \u00e9vitables et que la consommation excessive d\u2019alcool est l\u2019une des causes principales de d\u00e9c\u00e8s pr\u00e9matur\u00e9s et d\u2019atteinte \u00e0 la sant\u00e9. Toutes les drogues doivent donc \u00eatre trait\u00e9es avec le m\u00eame objectif de pr\u00e9server la sant\u00e9, de pr\u00e9venir et de r\u00e9duire les risques, en accompagnant les personnes en situation de d\u00e9pendance.","breadcrumb":{"@id":"https:\/\/vert-e-s-vd.ch\/lausanne\/population-en-bonne-sante\/politique-des-drogues-coherentes#breadcrumb"},"inLanguage":"fr-FR","potentialAction":[{"@type":"ReadAction","target":["https:\/\/vert-e-s-vd.ch\/lausanne\/population-en-bonne-sante\/politique-des-drogues-coherentes"]}]},{"@type":"ImageObject","inLanguage":"fr-FR","@id":"https:\/\/vert-e-s-vd.ch\/lausanne\/population-en-bonne-sante\/politique-des-drogues-coherentes#primaryimage","url":"https:\/\/vert-e-s-vd.ch\/lausanne\/wp-content\/uploads\/sites\/7\/2021\/01\/no-smoking-1639349_1920-2560x0-c-default.jpg","contentUrl":"https:\/\/vert-e-s-vd.ch\/lausanne\/wp-content\/uploads\/sites\/7\/2021\/01\/no-smoking-1639349_1920-2560x0-c-default.jpg","width":1920,"height":1809,"caption":"stop fum\u00e9e"},{"@type":"BreadcrumbList","@id":"https:\/\/vert-e-s-vd.ch\/lausanne\/population-en-bonne-sante\/politique-des-drogues-coherentes#breadcrumb","itemListElement":[{"@type":"ListItem","position":1,"name":"Accueil","item":"https:\/\/vert-e-s-vd.ch\/lausanne\/"},{"@type":"ListItem","position":2,"name":"Agenda"}]},{"@type":"WebSite","@id":"https:\/\/vert-e-s-vd.ch\/lausanne\/#website","url":"https:\/\/vert-e-s-vd.ch\/lausanne\/","name":"Les VERT\u00b7E\u00b7S lausannois\u00b7es","description":"Une longueur d\u2019avance","potentialAction":[{"@type":"SearchAction","target":{"@type":"EntryPoint","urlTemplate":"https:\/\/vert-e-s-vd.ch\/lausanne\/?s={search_term_string}"},"query-input":{"@type":"PropertyValueSpecification","valueRequired":true,"valueName":"search_term_string"}}],"inLanguage":"fr-FR"}]}},"_links":{"self":[{"href":"https:\/\/vert-e-s-vd.ch\/lausanne\/wp-json\/wp\/v2\/pages\/71963","targetHints":{"allow":["GET"]}}],"collection":[{"href":"https:\/\/vert-e-s-vd.ch\/lausanne\/wp-json\/wp\/v2\/pages"}],"about":[{"href":"https:\/\/vert-e-s-vd.ch\/lausanne\/wp-json\/wp\/v2\/types\/page"}],"author":[{"embeddable":true,"href":"https:\/\/vert-e-s-vd.ch\/lausanne\/wp-json\/wp\/v2\/users\/12"}],"replies":[{"embeddable":true,"href":"https:\/\/vert-e-s-vd.ch\/lausanne\/wp-json\/wp\/v2\/comments?post=71963"}],"version-history":[{"count":7,"href":"https:\/\/vert-e-s-vd.ch\/lausanne\/wp-json\/wp\/v2\/pages\/71963\/revisions"}],"predecessor-version":[{"id":72714,"href":"https:\/\/vert-e-s-vd.ch\/lausanne\/wp-json\/wp\/v2\/pages\/71963\/revisions\/72714"}],"up":[{"embeddable":true,"href":"https:\/\/vert-e-s-vd.ch\/lausanne\/wp-json\/wp\/v2\/pages\/71854"}],"wp:featuredmedia":[{"embeddable":true,"href":"https:\/\/vert-e-s-vd.ch\/lausanne\/wp-json\/wp\/v2\/media\/72713"}],"wp:attachment":[{"href":"https:\/\/vert-e-s-vd.ch\/lausanne\/wp-json\/wp\/v2\/media?parent=71963"}],"curies":[{"name":"wp","href":"https:\/\/api.w.org\/{rel}","templated":true}]}}