{"id":71854,"date":"2020-12-01T20:41:39","date_gmt":"2020-12-01T19:41:39","guid":{"rendered":"https:\/\/vert-e-s-vd.ch\/lausanne\/?page_id=71854"},"modified":"2021-01-08T12:22:38","modified_gmt":"2021-01-08T11:22:38","slug":"population-en-bonne-sante","status":"publish","type":"page","link":"https:\/\/vert-e-s-vd.ch\/lausanne\/population-en-bonne-sante","title":{"rendered":"Population en bonne sant\u00e9"},"content":{"rendered":"","protected":false},"excerpt":{"rendered":"","protected":false},"author":12,"featured_media":0,"parent":0,"menu_order":0,"comment_status":"closed","ping_status":"closed","template":"single_overview.php","meta":{"_acf_changed":false,"inline_featured_image":false,"footnotes":""},"class_list":["post-71854","page","type-page","status-publish","hentry"],"acf":[],"yoast_head":"<!-- This site is optimized with the Yoast SEO plugin v26.9 - https:\/\/yoast.com\/product\/yoast-seo-wordpress\/ -->\n<title>Population en bonne sant\u00e9 - Les VERT\u00b7E\u00b7S lausannois\u00b7es<\/title>\n<meta name=\"description\" content=\"Qui dit qualit\u00e9 de vie plus agr\u00e9able dit meilleure sant\u00e9. Gr\u00e2ce \u00e0 une alimentation issue de l\u2019agriculture locale, un r\u00e9gime peu carn\u00e9 et une activit\u00e9 physique r\u00e9guli\u00e8re, la sant\u00e9 des Lausannoises et Lausannois est en constante am\u00e9lioration. Comme le trafic a quasi disparu, et avec lui le bruit et la pollution, les habitant\u00b7e\u00b7s peuvent d\u00e9ambuler dans des rues paisibles. Sans nuisances sonores, ils et elles jouissent d\u2019un sommeil reposant et ressentent moins de stress, ce qui est b\u00e9n\u00e9fique pour leur sant\u00e9 mentale. Les centres culturels, sportifs et de quartier sont des lieux de vie pris d\u2019assaut par une population qui aime s\u2019y rencontrer, y \u00e9changer et y d\u00e9battre. Il va de soi que les probl\u00e8mes de d\u00e9pendances ne sont pas oubli\u00e9s : les personnes qui en souffrent sont accompagn\u00e9es et des mesures de sant\u00e9 sociale efficaces contribuent \u00e0 pr\u00e9venir les addictions. Les Lausannois\u00b7e\u00b7s savent vivre en prenant soin des un\u00b7e\u00b7s et des autres.\" \/>\n<meta name=\"robots\" content=\"index, follow, max-snippet:-1, max-image-preview:large, max-video-preview:-1\" \/>\n<link rel=\"canonical\" href=\"https:\/\/vert-e-s-vd.ch\/lausanne\/population-en-bonne-sante\" \/>\n<meta property=\"og:locale\" content=\"fr_FR\" \/>\n<meta property=\"og:type\" content=\"article\" \/>\n<meta property=\"og:title\" content=\"Population en bonne sant\u00e9 - Les VERT\u00b7E\u00b7S lausannois\u00b7es\" \/>\n<meta property=\"og:description\" content=\"Qui dit qualit\u00e9 de vie plus agr\u00e9able dit meilleure sant\u00e9. Gr\u00e2ce \u00e0 une alimentation issue de l\u2019agriculture locale, un r\u00e9gime peu \u2026\" \/>\n<meta property=\"og:url\" content=\"https:\/\/vert-e-s-vd.ch\/lausanne\/population-en-bonne-sante\" \/>\n<meta property=\"og:site_name\" content=\"Les VERT\u00b7E\u00b7S lausannois\u00b7es\" \/>\n<meta property=\"article:modified_time\" content=\"2021-01-08T11:22:38+00:00\" \/>\n<meta name=\"twitter:card\" content=\"summary_large_image\" \/>\n<script type=\"application\/ld+json\" class=\"yoast-schema-graph\">{\"@context\":\"https:\/\/schema.org\",\"@graph\":[{\"@type\":\"WebPage\",\"@id\":\"https:\/\/vert-e-s-vd.ch\/lausanne\/population-en-bonne-sante\",\"url\":\"https:\/\/vert-e-s-vd.ch\/lausanne\/population-en-bonne-sante\",\"name\":\"Population en bonne sant\u00e9 - Les VERT\u00b7E\u00b7S lausannois\u00b7es\",\"isPartOf\":{\"@id\":\"https:\/\/vert-e-s-vd.ch\/lausanne\/#website\"},\"datePublished\":\"2020-12-01T19:41:39+00:00\",\"dateModified\":\"2021-01-08T11:22:38+00:00\",\"description\":\"Qui dit qualit\u00e9 de vie plus agr\u00e9able dit meilleure sant\u00e9. Gr\u00e2ce \u00e0 une alimentation issue de l\u2019agriculture locale, un r\u00e9gime peu carn\u00e9 et une activit\u00e9 physique r\u00e9guli\u00e8re, la sant\u00e9 des Lausannoises et Lausannois est en constante am\u00e9lioration. Comme le trafic a quasi disparu, et avec lui le bruit et la pollution, les habitant\u00b7e\u00b7s peuvent d\u00e9ambuler dans des rues paisibles. Sans nuisances sonores, ils et elles jouissent d\u2019un sommeil reposant et ressentent moins de stress, ce qui est b\u00e9n\u00e9fique pour leur sant\u00e9 mentale. Les centres culturels, sportifs et de quartier sont des lieux de vie pris d\u2019assaut par une population qui aime s\u2019y rencontrer, y \u00e9changer et y d\u00e9battre. Il va de soi que les probl\u00e8mes de d\u00e9pendances ne sont pas oubli\u00e9s : les personnes qui en souffrent sont accompagn\u00e9es et des mesures de sant\u00e9 sociale efficaces contribuent \u00e0 pr\u00e9venir les addictions. Les Lausannois\u00b7e\u00b7s savent vivre en prenant soin des un\u00b7e\u00b7s et des autres.\",\"breadcrumb\":{\"@id\":\"https:\/\/vert-e-s-vd.ch\/lausanne\/population-en-bonne-sante#breadcrumb\"},\"inLanguage\":\"fr-FR\",\"potentialAction\":[{\"@type\":\"ReadAction\",\"target\":[\"https:\/\/vert-e-s-vd.ch\/lausanne\/population-en-bonne-sante\"]}]},{\"@type\":\"BreadcrumbList\",\"@id\":\"https:\/\/vert-e-s-vd.ch\/lausanne\/population-en-bonne-sante#breadcrumb\",\"itemListElement\":[{\"@type\":\"ListItem\",\"position\":1,\"name\":\"Accueil\",\"item\":\"https:\/\/vert-e-s-vd.ch\/lausanne\/\"},{\"@type\":\"ListItem\",\"position\":2,\"name\":\"Agenda\"}]},{\"@type\":\"WebSite\",\"@id\":\"https:\/\/vert-e-s-vd.ch\/lausanne\/#website\",\"url\":\"https:\/\/vert-e-s-vd.ch\/lausanne\/\",\"name\":\"Les VERT\u00b7E\u00b7S lausannois\u00b7es\",\"description\":\"Une longueur d\u2019avance\",\"potentialAction\":[{\"@type\":\"SearchAction\",\"target\":{\"@type\":\"EntryPoint\",\"urlTemplate\":\"https:\/\/vert-e-s-vd.ch\/lausanne\/?s={search_term_string}\"},\"query-input\":{\"@type\":\"PropertyValueSpecification\",\"valueRequired\":true,\"valueName\":\"search_term_string\"}}],\"inLanguage\":\"fr-FR\"}]}<\/script>\n<!-- \/ Yoast SEO plugin. -->","yoast_head_json":{"title":"Population en bonne sant\u00e9 - Les VERT\u00b7E\u00b7S lausannois\u00b7es","description":"Qui dit qualit\u00e9 de vie plus agr\u00e9able dit meilleure sant\u00e9. Gr\u00e2ce \u00e0 une alimentation issue de l\u2019agriculture locale, un r\u00e9gime peu carn\u00e9 et une activit\u00e9 physique r\u00e9guli\u00e8re, la sant\u00e9 des Lausannoises et Lausannois est en constante am\u00e9lioration. Comme le trafic a quasi disparu, et avec lui le bruit et la pollution, les habitant\u00b7e\u00b7s peuvent d\u00e9ambuler dans des rues paisibles. Sans nuisances sonores, ils et elles jouissent d\u2019un sommeil reposant et ressentent moins de stress, ce qui est b\u00e9n\u00e9fique pour leur sant\u00e9 mentale. Les centres culturels, sportifs et de quartier sont des lieux de vie pris d\u2019assaut par une population qui aime s\u2019y rencontrer, y \u00e9changer et y d\u00e9battre. Il va de soi que les probl\u00e8mes de d\u00e9pendances ne sont pas oubli\u00e9s : les personnes qui en souffrent sont accompagn\u00e9es et des mesures de sant\u00e9 sociale efficaces contribuent \u00e0 pr\u00e9venir les addictions. Les Lausannois\u00b7e\u00b7s savent vivre en prenant soin des un\u00b7e\u00b7s et des autres.","robots":{"index":"index","follow":"follow","max-snippet":"max-snippet:-1","max-image-preview":"max-image-preview:large","max-video-preview":"max-video-preview:-1"},"canonical":"https:\/\/vert-e-s-vd.ch\/lausanne\/population-en-bonne-sante","og_locale":"fr_FR","og_type":"article","og_title":"Population en bonne sant\u00e9 - Les VERT\u00b7E\u00b7S lausannois\u00b7es","og_description":"Qui dit qualit\u00e9 de vie plus agr\u00e9able dit meilleure sant\u00e9. Gr\u00e2ce \u00e0 une alimentation issue de l\u2019agriculture locale, un r\u00e9gime peu \u2026","og_url":"https:\/\/vert-e-s-vd.ch\/lausanne\/population-en-bonne-sante","og_site_name":"Les VERT\u00b7E\u00b7S lausannois\u00b7es","article_modified_time":"2021-01-08T11:22:38+00:00","twitter_card":"summary_large_image","schema":{"@context":"https:\/\/schema.org","@graph":[{"@type":"WebPage","@id":"https:\/\/vert-e-s-vd.ch\/lausanne\/population-en-bonne-sante","url":"https:\/\/vert-e-s-vd.ch\/lausanne\/population-en-bonne-sante","name":"Population en bonne sant\u00e9 - Les VERT\u00b7E\u00b7S lausannois\u00b7es","isPartOf":{"@id":"https:\/\/vert-e-s-vd.ch\/lausanne\/#website"},"datePublished":"2020-12-01T19:41:39+00:00","dateModified":"2021-01-08T11:22:38+00:00","description":"Qui dit qualit\u00e9 de vie plus agr\u00e9able dit meilleure sant\u00e9. Gr\u00e2ce \u00e0 une alimentation issue de l\u2019agriculture locale, un r\u00e9gime peu carn\u00e9 et une activit\u00e9 physique r\u00e9guli\u00e8re, la sant\u00e9 des Lausannoises et Lausannois est en constante am\u00e9lioration. Comme le trafic a quasi disparu, et avec lui le bruit et la pollution, les habitant\u00b7e\u00b7s peuvent d\u00e9ambuler dans des rues paisibles. Sans nuisances sonores, ils et elles jouissent d\u2019un sommeil reposant et ressentent moins de stress, ce qui est b\u00e9n\u00e9fique pour leur sant\u00e9 mentale. Les centres culturels, sportifs et de quartier sont des lieux de vie pris d\u2019assaut par une population qui aime s\u2019y rencontrer, y \u00e9changer et y d\u00e9battre. Il va de soi que les probl\u00e8mes de d\u00e9pendances ne sont pas oubli\u00e9s : les personnes qui en souffrent sont accompagn\u00e9es et des mesures de sant\u00e9 sociale efficaces contribuent \u00e0 pr\u00e9venir les addictions. Les Lausannois\u00b7e\u00b7s savent vivre en prenant soin des un\u00b7e\u00b7s et des autres.","breadcrumb":{"@id":"https:\/\/vert-e-s-vd.ch\/lausanne\/population-en-bonne-sante#breadcrumb"},"inLanguage":"fr-FR","potentialAction":[{"@type":"ReadAction","target":["https:\/\/vert-e-s-vd.ch\/lausanne\/population-en-bonne-sante"]}]},{"@type":"BreadcrumbList","@id":"https:\/\/vert-e-s-vd.ch\/lausanne\/population-en-bonne-sante#breadcrumb","itemListElement":[{"@type":"ListItem","position":1,"name":"Accueil","item":"https:\/\/vert-e-s-vd.ch\/lausanne\/"},{"@type":"ListItem","position":2,"name":"Agenda"}]},{"@type":"WebSite","@id":"https:\/\/vert-e-s-vd.ch\/lausanne\/#website","url":"https:\/\/vert-e-s-vd.ch\/lausanne\/","name":"Les VERT\u00b7E\u00b7S lausannois\u00b7es","description":"Une longueur d\u2019avance","potentialAction":[{"@type":"SearchAction","target":{"@type":"EntryPoint","urlTemplate":"https:\/\/vert-e-s-vd.ch\/lausanne\/?s={search_term_string}"},"query-input":{"@type":"PropertyValueSpecification","valueRequired":true,"valueName":"search_term_string"}}],"inLanguage":"fr-FR"}]}},"_links":{"self":[{"href":"https:\/\/vert-e-s-vd.ch\/lausanne\/wp-json\/wp\/v2\/pages\/71854","targetHints":{"allow":["GET"]}}],"collection":[{"href":"https:\/\/vert-e-s-vd.ch\/lausanne\/wp-json\/wp\/v2\/pages"}],"about":[{"href":"https:\/\/vert-e-s-vd.ch\/lausanne\/wp-json\/wp\/v2\/types\/page"}],"author":[{"embeddable":true,"href":"https:\/\/vert-e-s-vd.ch\/lausanne\/wp-json\/wp\/v2\/users\/12"}],"replies":[{"embeddable":true,"href":"https:\/\/vert-e-s-vd.ch\/lausanne\/wp-json\/wp\/v2\/comments?post=71854"}],"version-history":[{"count":3,"href":"https:\/\/vert-e-s-vd.ch\/lausanne\/wp-json\/wp\/v2\/pages\/71854\/revisions"}],"predecessor-version":[{"id":71965,"href":"https:\/\/vert-e-s-vd.ch\/lausanne\/wp-json\/wp\/v2\/pages\/71854\/revisions\/71965"}],"wp:attachment":[{"href":"https:\/\/vert-e-s-vd.ch\/lausanne\/wp-json\/wp\/v2\/media?parent=71854"}],"curies":[{"name":"wp","href":"https:\/\/api.w.org\/{rel}","templated":true}]}}