{"id":72808,"date":"2025-04-23T09:11:15","date_gmt":"2025-04-23T07:11:15","guid":{"rendered":"https:\/\/vert-e-s-vd.ch\/lacote\/?post_type=tribe_events&#038;p=72808"},"modified":"2025-04-23T09:11:43","modified_gmt":"2025-04-23T07:11:43","slug":"viens-a-la-fete-des-vert-e-s-la-cote","status":"publish","type":"tribe_events","link":"https:\/\/vert-e-s-vd.ch\/lacote\/agenda\/viens-a-la-fete-des-vert-e-s-la-cote","title":{"rendered":"F\u00eate des Vert-e-s La C\u00f4te !"},"content":{"rendered":"","protected":false},"excerpt":{"rendered":"<p>Les Vert-e-s La C\u00f4te ont le plaisir de vous inviter \u00e0 partager un moment convivial, dans un cocon de nature!&nbsp;Celui-ci aura lieu le 9 mai 2025, d\u00e8s 17h au refuge de Gland.<br \/>\n<img decoding=\"async\" class=\"CToWUd\" src=\"https:\/\/ci3.googleusercontent.com\/meips\/ADKq_NbX7Q_eYeiuCjhswL1F7l35yMv-NDAe3SZMWG_VGfIrlF0keFYsWJEAXkqk7-ohwOTQ0cFDf87HNu1n4B5KaSqlf-3AGSNysfJkDtsxkYk6YopktWhBJhvUCxKLG_hDj0TrDBMFm5V47SGgxvFhY819vT3TvYc=s0-d-e1-ft#https:\/\/gps.webling.ch\/srv.php\/bin\/template\/39319\/290885\/F%C3%AAte+des+Vert-e-s+la+C%C3%B4te.png\" alt=\"\" data-bit=\"iit\" \/><\/p>\n<p><img loading=\"lazy\" decoding=\"async\" class=\"CToWUd a6T\" tabindex=\"0\" src=\"https:\/\/ci3.googleusercontent.com\/meips\/ADKq_NbX8SqG9oaERO8x9BdDlIuM30gaDaq_ERtGA8EIZ5JbBvW3_Rw2OkIMdZZtgd2nIicSWGzAMjRIUiOVNQ33Vkrc3SOqy5mJ5ayI7bk0CuDLSiTEG8lPfiRAeP8htHBt_UoB0J6eZMxcwldzJ8ss3NeZ3d2pG6A=s0-d-e1-ft#https:\/\/gps.webling.ch\/srv.php\/bin\/public\/6733553\/290947\/F%C3%AAte+des+Vert-e-s+la+C%C3%B4te.png\" alt=\"\" width=\"800\" height=\"1132\" data-bit=\"iit\" \/><\/p>\n<p>Pour organiser au mieux cet \u00e9v\u00e9nement, nous vous invitons \u00e0 nous informer de votre pr\u00e9sence au moyen du formulaire d&rsquo;inscription <a href=\"http:\/\/forms.office.com\/r\/wZWWN5i9yk\" target=\"_blank\" rel=\"noopener\" data-saferedirecturl=\"https:\/\/www.google.com\/url?q=http:\/\/forms.office.com\/r\/wZWWN5i9yk&amp;source=gmail&amp;ust=1745478454338000&amp;usg=AOvVaw0bvPqfwl64JoaXAcyzZvMY\">https:\/\/forms.office.com\/r\/<wbr \/>wZWWN5i9yk<\/a> ou par retour de mail.&nbsp;<\/p>\n<p>Membres depuis longtemps ou fra\u00eechement arriv\u00e9-e-s, sympathisant-e-s ou curieux-ses, vous y \u00eates toutes et tous bienvenu-e-s !<\/p>\n<p>Au plaisir de vous y voir nombreux, nombreuses !<\/p>\n","protected":false},"author":59,"featured_media":0,"template":"","meta":{"_acf_changed":false,"inline_featured_image":false,"_tribe_events_status":"","_tribe_events_status_reason":"","footnotes":""},"tags":[],"tribe_events_cat":[],"class_list":["post-72808","tribe_events","type-tribe_events","status-publish","hentry"],"acf":[],"yoast_head":"<!-- This site is optimized with the Yoast SEO plugin v26.9 - https:\/\/yoast.com\/product\/yoast-seo-wordpress\/ -->\n<title>Les Vert\u00b7e\u00b7s vaudois\u00b7e\u00b7s, section La C\u00f4te<\/title>\n<meta name=\"description\" content=\"Les Vert-e-s La C\u00f4te ont le plaisir de vous inviter \u00e0 partager un moment convivial, dans un cocon de nature!&nbsp;Celui-ci aura lieu le 9 mai 2025, d\u00e8s 17h au refuge de Gland.   Pour organiser au mieux cet \u00e9v\u00e9nement, nous vous invitons \u00e0 nous informer de votre pr\u00e9sence au moyen du formulaire d&rsquo;inscription https:\/\/forms.office.com\/r\/wZWWN5i9yk ou par retour de mail.&nbsp; Membres depuis longtemps ou fra\u00eechement arriv\u00e9-e-s, sympathisant-e-s ou curieux-ses, vous y \u00eates toutes et tous bienvenu-e-s ! Au plaisir de vous y voir nombreux, nombreuses !\" \/>\n<meta name=\"robots\" content=\"index, follow, max-snippet:-1, max-image-preview:large, max-video-preview:-1\" \/>\n<link rel=\"canonical\" href=\"https:\/\/vert-e-s-vd.ch\/lacote\/event\/viens-a-la-fete-des-vert-e-s-la-cote\" \/>\n<meta property=\"og:locale\" content=\"fr_FR\" \/>\n<meta property=\"og:type\" content=\"article\" \/>\n<meta property=\"og:description\" content=\"Les Vert-e-s La C\u00f4te ont le plaisir de vous inviter \u00e0 partager un moment convivial, dans un cocon de nature!&nbsp;Celui-ci aura lieu le 9 \u2026\" \/>\n<meta property=\"og:url\" content=\"https:\/\/vert-e-s-vd.ch\/lacote\/event\/viens-a-la-fete-des-vert-e-s-la-cote\" \/>\n<meta property=\"og:site_name\" content=\"Les Vert\u00b7e\u00b7s vaudois\u00b7e\u00b7s, section La C\u00f4te\" \/>\n<meta property=\"article:publisher\" content=\"https:\/\/www.facebook.com\/VertsLaCote\" \/>\n<meta property=\"article:modified_time\" content=\"2025-04-23T07:11:43+00:00\" \/>\n<meta property=\"og:image\" content=\"https:\/\/vert-e-s-vd.ch\/lacote\/wp-content\/uploads\/sites\/5\/2019\/02\/GrueneLesVerts_URL_Logo_RGB_pos-790x0-c-default.png\" \/>\n\t<meta property=\"og:image:width\" content=\"790\" \/>\n\t<meta property=\"og:image:height\" content=\"543\" \/>\n\t<meta property=\"og:image:type\" content=\"image\/png\" \/>\n<meta name=\"twitter:card\" content=\"summary_large_image\" \/>\n<meta name=\"twitter:site\" content=\"@vertsvd\" \/>\n<meta name=\"twitter:label1\" content=\"Dur\u00e9e de lecture estim\u00e9e\" \/>\n\t<meta name=\"twitter:data1\" content=\"2 minutes\" \/>\n<script type=\"application\/ld+json\" class=\"yoast-schema-graph\">{\"@context\":\"https:\/\/schema.org\",\"@graph\":[{\"@type\":\"WebPage\",\"@id\":\"https:\/\/vert-e-s-vd.ch\/lacote\/event\/viens-a-la-fete-des-vert-e-s-la-cote\",\"url\":\"https:\/\/vert-e-s-vd.ch\/lacote\/event\/viens-a-la-fete-des-vert-e-s-la-cote\",\"name\":\"\",\"isPartOf\":{\"@id\":\"https:\/\/vert-e-s-vd.ch\/lacote\/#website\"},\"datePublished\":\"2025-04-23T07:11:15+00:00\",\"dateModified\":\"2025-04-23T07:11:43+00:00\",\"description\":\"Les Vert-e-s La C\u00f4te ont le plaisir de vous inviter \u00e0 partager un moment convivial, dans un cocon de nature!&nbsp;Celui-ci aura lieu le 9 mai 2025, d\u00e8s 17h au refuge de Gland. Pour organiser au mieux cet \u00e9v\u00e9nement, nous vous invitons \u00e0 nous informer de votre pr\u00e9sence au moyen du formulaire d&rsquo;inscription https:\/\/forms.office.com\/r\/wZWWN5i9yk ou par retour de mail.&nbsp; Membres depuis longtemps ou fra\u00eechement arriv\u00e9-e-s, sympathisant-e-s ou curieux-ses, vous y \u00eates toutes et tous bienvenu-e-s ! Au plaisir de vous y voir nombreux, nombreuses !\",\"breadcrumb\":{\"@id\":\"https:\/\/vert-e-s-vd.ch\/lacote\/event\/viens-a-la-fete-des-vert-e-s-la-cote#breadcrumb\"},\"inLanguage\":\"fr-FR\",\"potentialAction\":[{\"@type\":\"ReadAction\",\"target\":[\"https:\/\/vert-e-s-vd.ch\/lacote\/event\/viens-a-la-fete-des-vert-e-s-la-cote\"]}]},{\"@type\":\"BreadcrumbList\",\"@id\":\"https:\/\/vert-e-s-vd.ch\/lacote\/event\/viens-a-la-fete-des-vert-e-s-la-cote#breadcrumb\",\"itemListElement\":[{\"@type\":\"ListItem\",\"position\":1,\"name\":\"Accueil\",\"item\":\"https:\/\/vert-e-s-vd.ch\/lacote\/\"},{\"@type\":\"ListItem\",\"position\":2,\"name\":\"Agenda\"}]},{\"@type\":\"WebSite\",\"@id\":\"https:\/\/vert-e-s-vd.ch\/lacote\/#website\",\"url\":\"https:\/\/vert-e-s-vd.ch\/lacote\/\",\"name\":\"Les Vert\u00b7e\u00b7s vaudois\u00b7e\u00b7s, section La C\u00f4te\",\"description\":\"Une longueur d\u2019avance\",\"publisher\":{\"@id\":\"https:\/\/vert-e-s-vd.ch\/lacote\/#organization\"},\"potentialAction\":[{\"@type\":\"SearchAction\",\"target\":{\"@type\":\"EntryPoint\",\"urlTemplate\":\"https:\/\/vert-e-s-vd.ch\/lacote\/?s={search_term_string}\"},\"query-input\":{\"@type\":\"PropertyValueSpecification\",\"valueRequired\":true,\"valueName\":\"search_term_string\"}}],\"inLanguage\":\"fr-FR\"},{\"@type\":\"Organization\",\"@id\":\"https:\/\/vert-e-s-vd.ch\/lacote\/#organization\",\"name\":\"Les Vert.e.s vaudois.e.s\",\"url\":\"https:\/\/vert-e-s-vd.ch\/lacote\/\",\"logo\":{\"@type\":\"ImageObject\",\"inLanguage\":\"fr-FR\",\"@id\":\"https:\/\/vert-e-s-vd.ch\/lacote\/#\/schema\/logo\/image\/\",\"url\":\"https:\/\/vert-e-s-vd.ch\/lacote\/wp-content\/uploads\/sites\/5\/2019\/02\/logo-defr-green.svg\",\"contentUrl\":\"https:\/\/vert-e-s-vd.ch\/lacote\/wp-content\/uploads\/sites\/5\/2019\/02\/logo-defr-green.svg\",\"width\":1,\"height\":1,\"caption\":\"Les Vert.e.s vaudois.e.s\"},\"image\":{\"@id\":\"https:\/\/vert-e-s-vd.ch\/lacote\/#\/schema\/logo\/image\/\"},\"sameAs\":[\"https:\/\/www.facebook.com\/VertsLaCote\",\"https:\/\/x.com\/vertsvd\"]}]}<\/script>\n<!-- \/ Yoast SEO plugin. -->","yoast_head_json":{"title":"Les Vert\u00b7e\u00b7s vaudois\u00b7e\u00b7s, section La C\u00f4te","description":"Les Vert-e-s La C\u00f4te ont le plaisir de vous inviter \u00e0 partager un moment convivial, dans un cocon de nature!&nbsp;Celui-ci aura lieu le 9 mai 2025, d\u00e8s 17h au refuge de Gland.   Pour organiser au mieux cet \u00e9v\u00e9nement, nous vous invitons \u00e0 nous informer de votre pr\u00e9sence au moyen du formulaire d&rsquo;inscription https:\/\/forms.office.com\/r\/wZWWN5i9yk ou par retour de mail.&nbsp; Membres depuis longtemps ou fra\u00eechement arriv\u00e9-e-s, sympathisant-e-s ou curieux-ses, vous y \u00eates toutes et tous bienvenu-e-s ! Au plaisir de vous y voir nombreux, nombreuses !","robots":{"index":"index","follow":"follow","max-snippet":"max-snippet:-1","max-image-preview":"max-image-preview:large","max-video-preview":"max-video-preview:-1"},"canonical":"https:\/\/vert-e-s-vd.ch\/lacote\/event\/viens-a-la-fete-des-vert-e-s-la-cote","og_locale":"fr_FR","og_type":"article","og_description":"Les Vert-e-s La C\u00f4te ont le plaisir de vous inviter \u00e0 partager un moment convivial, dans un cocon de nature!&nbsp;Celui-ci aura lieu le 9 \u2026","og_url":"https:\/\/vert-e-s-vd.ch\/lacote\/event\/viens-a-la-fete-des-vert-e-s-la-cote","og_site_name":"Les Vert\u00b7e\u00b7s vaudois\u00b7e\u00b7s, section La C\u00f4te","article_publisher":"https:\/\/www.facebook.com\/VertsLaCote","article_modified_time":"2025-04-23T07:11:43+00:00","og_image":[{"url":"https:\/\/vert-e-s-vd.ch\/lacote\/wp-content\/uploads\/sites\/5\/2019\/02\/GrueneLesVerts_URL_Logo_RGB_pos-790x0-c-default.png","width":790,"height":543,"type":"image\/png"}],"twitter_card":"summary_large_image","twitter_site":"@vertsvd","twitter_misc":{"Dur\u00e9e de lecture estim\u00e9e":"2 minutes"},"schema":{"@context":"https:\/\/schema.org","@graph":[{"@type":"WebPage","@id":"https:\/\/vert-e-s-vd.ch\/lacote\/event\/viens-a-la-fete-des-vert-e-s-la-cote","url":"https:\/\/vert-e-s-vd.ch\/lacote\/event\/viens-a-la-fete-des-vert-e-s-la-cote","name":"","isPartOf":{"@id":"https:\/\/vert-e-s-vd.ch\/lacote\/#website"},"datePublished":"2025-04-23T07:11:15+00:00","dateModified":"2025-04-23T07:11:43+00:00","description":"Les Vert-e-s La C\u00f4te ont le plaisir de vous inviter \u00e0 partager un moment convivial, dans un cocon de nature!&nbsp;Celui-ci aura lieu le 9 mai 2025, d\u00e8s 17h au refuge de Gland. Pour organiser au mieux cet \u00e9v\u00e9nement, nous vous invitons \u00e0 nous informer de votre pr\u00e9sence au moyen du formulaire d&rsquo;inscription https:\/\/forms.office.com\/r\/wZWWN5i9yk ou par retour de mail.&nbsp; Membres depuis longtemps ou fra\u00eechement arriv\u00e9-e-s, sympathisant-e-s ou curieux-ses, vous y \u00eates toutes et tous bienvenu-e-s ! Au plaisir de vous y voir nombreux, nombreuses !","breadcrumb":{"@id":"https:\/\/vert-e-s-vd.ch\/lacote\/event\/viens-a-la-fete-des-vert-e-s-la-cote#breadcrumb"},"inLanguage":"fr-FR","potentialAction":[{"@type":"ReadAction","target":["https:\/\/vert-e-s-vd.ch\/lacote\/event\/viens-a-la-fete-des-vert-e-s-la-cote"]}]},{"@type":"BreadcrumbList","@id":"https:\/\/vert-e-s-vd.ch\/lacote\/event\/viens-a-la-fete-des-vert-e-s-la-cote#breadcrumb","itemListElement":[{"@type":"ListItem","position":1,"name":"Accueil","item":"https:\/\/vert-e-s-vd.ch\/lacote\/"},{"@type":"ListItem","position":2,"name":"Agenda"}]},{"@type":"WebSite","@id":"https:\/\/vert-e-s-vd.ch\/lacote\/#website","url":"https:\/\/vert-e-s-vd.ch\/lacote\/","name":"Les Vert\u00b7e\u00b7s vaudois\u00b7e\u00b7s, section La C\u00f4te","description":"Une longueur d\u2019avance","publisher":{"@id":"https:\/\/vert-e-s-vd.ch\/lacote\/#organization"},"potentialAction":[{"@type":"SearchAction","target":{"@type":"EntryPoint","urlTemplate":"https:\/\/vert-e-s-vd.ch\/lacote\/?s={search_term_string}"},"query-input":{"@type":"PropertyValueSpecification","valueRequired":true,"valueName":"search_term_string"}}],"inLanguage":"fr-FR"},{"@type":"Organization","@id":"https:\/\/vert-e-s-vd.ch\/lacote\/#organization","name":"Les Vert.e.s vaudois.e.s","url":"https:\/\/vert-e-s-vd.ch\/lacote\/","logo":{"@type":"ImageObject","inLanguage":"fr-FR","@id":"https:\/\/vert-e-s-vd.ch\/lacote\/#\/schema\/logo\/image\/","url":"https:\/\/vert-e-s-vd.ch\/lacote\/wp-content\/uploads\/sites\/5\/2019\/02\/logo-defr-green.svg","contentUrl":"https:\/\/vert-e-s-vd.ch\/lacote\/wp-content\/uploads\/sites\/5\/2019\/02\/logo-defr-green.svg","width":1,"height":1,"caption":"Les Vert.e.s vaudois.e.s"},"image":{"@id":"https:\/\/vert-e-s-vd.ch\/lacote\/#\/schema\/logo\/image\/"},"sameAs":["https:\/\/www.facebook.com\/VertsLaCote","https:\/\/x.com\/vertsvd"]}]}},"_links":{"self":[{"href":"https:\/\/vert-e-s-vd.ch\/lacote\/wp-json\/wp\/v2\/tribe_events\/72808","targetHints":{"allow":["GET"]}}],"collection":[{"href":"https:\/\/vert-e-s-vd.ch\/lacote\/wp-json\/wp\/v2\/tribe_events"}],"about":[{"href":"https:\/\/vert-e-s-vd.ch\/lacote\/wp-json\/wp\/v2\/types\/tribe_events"}],"author":[{"embeddable":true,"href":"https:\/\/vert-e-s-vd.ch\/lacote\/wp-json\/wp\/v2\/users\/59"}],"version-history":[{"count":3,"href":"https:\/\/vert-e-s-vd.ch\/lacote\/wp-json\/wp\/v2\/tribe_events\/72808\/revisions"}],"predecessor-version":[{"id":72815,"href":"https:\/\/vert-e-s-vd.ch\/lacote\/wp-json\/wp\/v2\/tribe_events\/72808\/revisions\/72815"}],"wp:attachment":[{"href":"https:\/\/vert-e-s-vd.ch\/lacote\/wp-json\/wp\/v2\/media?parent=72808"}],"wp:term":[{"taxonomy":"post_tag","embeddable":true,"href":"https:\/\/vert-e-s-vd.ch\/lacote\/wp-json\/wp\/v2\/tags?post=72808"},{"taxonomy":"tribe_events_cat","embeddable":true,"href":"https:\/\/vert-e-s-vd.ch\/lacote\/wp-json\/wp\/v2\/tribe_events_cat?post=72808"}],"curies":[{"name":"wp","href":"https:\/\/api.w.org\/{rel}","templated":true}]}}