{"id":72611,"date":"2023-08-16T20:19:56","date_gmt":"2023-08-16T18:19:56","guid":{"rendered":"https:\/\/vert-e-s-vd.ch\/lacote\/event\/marche-de-campagne-2-copy-copy-copy-copy-copy-2-copy"},"modified":"2023-08-18T17:37:08","modified_gmt":"2023-08-18T15:37:08","slug":"marche-de-campagne-230923","status":"publish","type":"tribe_events","link":"https:\/\/vert-e-s-vd.ch\/lacote\/agenda\/marche-de-campagne-230923","title":{"rendered":"Stand au March\u00e9 de Nyon"},"content":{"rendered":"","protected":false},"excerpt":{"rendered":"<h2>Les <span class=\"nowrap\">Vert\u00b7e\u00b7s<\/span> maintenant plus que jamais&nbsp;!<\/h2>\n<p><strong>Le 22 octobre prochain, vous serez <span class=\"nowrap\">appel\u00e9\u00b7e<\/span> \u00e0 renouveler les membres de l\u2019Assembl\u00e9e f\u00e9d\u00e9rale. Dans le contexte que nous vivons, il est absolument essentiel d\u2019\u00e9lire des personnes qui s\u2019engagent pour assurer un avenir vivable et qui repr\u00e9sentent l\u2019entier des pr\u00e9occupations de la population.<\/strong><\/p>\n<p>Nous vous invitons donc \u00e0 nous trouver sur notre stand au march\u00e9 de Nyon afin d&rsquo;\u00e9changer sur notre programme pour amener plus de solidarit\u00e9 et d&rsquo;\u00e9cologie sous la coupolle.<\/p>\n<p>Au plaisir de vous y voir nombreux, nombreuses !<\/p>\n<p><a href=\"https:\/\/vert-e-s-vd.ch\/elections-federales-2023\">D\u00e9couvrez notre programme !<\/a><\/p>\n","protected":false},"author":59,"featured_media":0,"template":"","meta":{"_acf_changed":false,"inline_featured_image":false,"_tribe_events_status":"","_tribe_events_status_reason":"","footnotes":""},"tags":[446,447],"tribe_events_cat":[],"class_list":["post-72611","tribe_events","type-tribe_events","status-publish","hentry","tag-elections","tag-marche"],"acf":[],"yoast_head":"<!-- This site is optimized with the Yoast SEO plugin v26.9 - https:\/\/yoast.com\/product\/yoast-seo-wordpress\/ -->\n<title>Les Vert\u00b7e\u00b7s vaudois\u00b7e\u00b7s, section La C\u00f4te<\/title>\n<meta name=\"description\" content=\"Les Vert\u00b7e\u00b7s maintenant plus que jamais&nbsp;! Le 22 octobre prochain, vous serez appel\u00e9\u00b7e \u00e0 renouveler les membres de l\u2019Assembl\u00e9e f\u00e9d\u00e9rale. Dans le contexte que nous vivons, il est absolument essentiel d\u2019\u00e9lire des personnes qui s\u2019engagent pour assurer un avenir vivable et qui repr\u00e9sentent l\u2019entier des pr\u00e9occupations de la population. Nous vous invitons donc \u00e0 nous trouver sur notre stand au march\u00e9 de Nyon afin d&rsquo;\u00e9changer sur notre programme pour amener plus de solidarit\u00e9 et d&rsquo;\u00e9cologie sous la coupolle. Au plaisir de vous y voir nombreux, nombreuses ! D\u00e9couvrez notre programme !\" \/>\n<meta name=\"robots\" content=\"index, follow, max-snippet:-1, max-image-preview:large, max-video-preview:-1\" \/>\n<link rel=\"canonical\" href=\"https:\/\/vert-e-s-vd.ch\/lacote\/event\/marche-de-campagne-230923\" \/>\n<meta property=\"og:locale\" content=\"fr_FR\" \/>\n<meta property=\"og:type\" content=\"article\" \/>\n<meta property=\"og:description\" content=\"Les Vert\u00b7e\u00b7s maintenant plus que jamais&nbsp;! Le 22 octobre prochain, vous serez appel\u00e9\u00b7e \u00e0 renouveler les membres de l\u2019Assembl\u00e9e \u2026\" \/>\n<meta property=\"og:url\" content=\"https:\/\/vert-e-s-vd.ch\/lacote\/event\/marche-de-campagne-230923\" \/>\n<meta property=\"og:site_name\" content=\"Les Vert\u00b7e\u00b7s vaudois\u00b7e\u00b7s, section La C\u00f4te\" \/>\n<meta property=\"article:publisher\" content=\"https:\/\/www.facebook.com\/VertsLaCote\" \/>\n<meta property=\"article:modified_time\" content=\"2023-08-18T15:37:08+00:00\" \/>\n<meta property=\"og:image\" content=\"https:\/\/vert-e-s-vd.ch\/lacote\/wp-content\/uploads\/sites\/5\/2019\/02\/GrueneLesVerts_URL_Logo_RGB_pos-790x0-c-default.png\" \/>\n\t<meta property=\"og:image:width\" content=\"790\" \/>\n\t<meta property=\"og:image:height\" content=\"543\" \/>\n\t<meta property=\"og:image:type\" content=\"image\/png\" \/>\n<meta name=\"twitter:card\" content=\"summary_large_image\" \/>\n<meta name=\"twitter:site\" content=\"@vertsvd\" \/>\n<script type=\"application\/ld+json\" class=\"yoast-schema-graph\">{\"@context\":\"https:\/\/schema.org\",\"@graph\":[{\"@type\":\"WebPage\",\"@id\":\"https:\/\/vert-e-s-vd.ch\/lacote\/event\/marche-de-campagne-230923\",\"url\":\"https:\/\/vert-e-s-vd.ch\/lacote\/event\/marche-de-campagne-230923\",\"name\":\"\",\"isPartOf\":{\"@id\":\"https:\/\/vert-e-s-vd.ch\/lacote\/#website\"},\"datePublished\":\"2023-08-16T18:19:56+00:00\",\"dateModified\":\"2023-08-18T15:37:08+00:00\",\"description\":\"Les Vert\u00b7e\u00b7s maintenant plus que jamais&nbsp;! Le 22 octobre prochain, vous serez appel\u00e9\u00b7e \u00e0 renouveler les membres de l\u2019Assembl\u00e9e f\u00e9d\u00e9rale. Dans le contexte que nous vivons, il est absolument essentiel d\u2019\u00e9lire des personnes qui s\u2019engagent pour assurer un avenir vivable et qui repr\u00e9sentent l\u2019entier des pr\u00e9occupations de la population. Nous vous invitons donc \u00e0 nous trouver sur notre stand au march\u00e9 de Nyon afin d&rsquo;\u00e9changer sur notre programme pour amener plus de solidarit\u00e9 et d&rsquo;\u00e9cologie sous la coupolle. Au plaisir de vous y voir nombreux, nombreuses ! D\u00e9couvrez notre programme !\",\"breadcrumb\":{\"@id\":\"https:\/\/vert-e-s-vd.ch\/lacote\/event\/marche-de-campagne-230923#breadcrumb\"},\"inLanguage\":\"fr-FR\",\"potentialAction\":[{\"@type\":\"ReadAction\",\"target\":[\"https:\/\/vert-e-s-vd.ch\/lacote\/event\/marche-de-campagne-230923\"]}]},{\"@type\":\"BreadcrumbList\",\"@id\":\"https:\/\/vert-e-s-vd.ch\/lacote\/event\/marche-de-campagne-230923#breadcrumb\",\"itemListElement\":[{\"@type\":\"ListItem\",\"position\":1,\"name\":\"Accueil\",\"item\":\"https:\/\/vert-e-s-vd.ch\/lacote\/\"},{\"@type\":\"ListItem\",\"position\":2,\"name\":\"Agenda\"}]},{\"@type\":\"WebSite\",\"@id\":\"https:\/\/vert-e-s-vd.ch\/lacote\/#website\",\"url\":\"https:\/\/vert-e-s-vd.ch\/lacote\/\",\"name\":\"Les Vert\u00b7e\u00b7s vaudois\u00b7e\u00b7s, section La C\u00f4te\",\"description\":\"Une longueur d\u2019avance\",\"publisher\":{\"@id\":\"https:\/\/vert-e-s-vd.ch\/lacote\/#organization\"},\"potentialAction\":[{\"@type\":\"SearchAction\",\"target\":{\"@type\":\"EntryPoint\",\"urlTemplate\":\"https:\/\/vert-e-s-vd.ch\/lacote\/?s={search_term_string}\"},\"query-input\":{\"@type\":\"PropertyValueSpecification\",\"valueRequired\":true,\"valueName\":\"search_term_string\"}}],\"inLanguage\":\"fr-FR\"},{\"@type\":\"Organization\",\"@id\":\"https:\/\/vert-e-s-vd.ch\/lacote\/#organization\",\"name\":\"Les Vert.e.s vaudois.e.s\",\"url\":\"https:\/\/vert-e-s-vd.ch\/lacote\/\",\"logo\":{\"@type\":\"ImageObject\",\"inLanguage\":\"fr-FR\",\"@id\":\"https:\/\/vert-e-s-vd.ch\/lacote\/#\/schema\/logo\/image\/\",\"url\":\"https:\/\/vert-e-s-vd.ch\/lacote\/wp-content\/uploads\/sites\/5\/2019\/02\/logo-defr-green.svg\",\"contentUrl\":\"https:\/\/vert-e-s-vd.ch\/lacote\/wp-content\/uploads\/sites\/5\/2019\/02\/logo-defr-green.svg\",\"width\":1,\"height\":1,\"caption\":\"Les Vert.e.s vaudois.e.s\"},\"image\":{\"@id\":\"https:\/\/vert-e-s-vd.ch\/lacote\/#\/schema\/logo\/image\/\"},\"sameAs\":[\"https:\/\/www.facebook.com\/VertsLaCote\",\"https:\/\/x.com\/vertsvd\"]}]}<\/script>\n<!-- \/ Yoast SEO plugin. -->","yoast_head_json":{"title":"Les Vert\u00b7e\u00b7s vaudois\u00b7e\u00b7s, section La C\u00f4te","description":"Les Vert\u00b7e\u00b7s maintenant plus que jamais&nbsp;! Le 22 octobre prochain, vous serez appel\u00e9\u00b7e \u00e0 renouveler les membres de l\u2019Assembl\u00e9e f\u00e9d\u00e9rale. Dans le contexte que nous vivons, il est absolument essentiel d\u2019\u00e9lire des personnes qui s\u2019engagent pour assurer un avenir vivable et qui repr\u00e9sentent l\u2019entier des pr\u00e9occupations de la population. Nous vous invitons donc \u00e0 nous trouver sur notre stand au march\u00e9 de Nyon afin d&rsquo;\u00e9changer sur notre programme pour amener plus de solidarit\u00e9 et d&rsquo;\u00e9cologie sous la coupolle. Au plaisir de vous y voir nombreux, nombreuses ! D\u00e9couvrez notre programme !","robots":{"index":"index","follow":"follow","max-snippet":"max-snippet:-1","max-image-preview":"max-image-preview:large","max-video-preview":"max-video-preview:-1"},"canonical":"https:\/\/vert-e-s-vd.ch\/lacote\/event\/marche-de-campagne-230923","og_locale":"fr_FR","og_type":"article","og_description":"Les Vert\u00b7e\u00b7s maintenant plus que jamais&nbsp;! Le 22 octobre prochain, vous serez appel\u00e9\u00b7e \u00e0 renouveler les membres de l\u2019Assembl\u00e9e \u2026","og_url":"https:\/\/vert-e-s-vd.ch\/lacote\/event\/marche-de-campagne-230923","og_site_name":"Les Vert\u00b7e\u00b7s vaudois\u00b7e\u00b7s, section La C\u00f4te","article_publisher":"https:\/\/www.facebook.com\/VertsLaCote","article_modified_time":"2023-08-18T15:37:08+00:00","og_image":[{"url":"https:\/\/vert-e-s-vd.ch\/lacote\/wp-content\/uploads\/sites\/5\/2019\/02\/GrueneLesVerts_URL_Logo_RGB_pos-790x0-c-default.png","width":790,"height":543,"type":"image\/png"}],"twitter_card":"summary_large_image","twitter_site":"@vertsvd","schema":{"@context":"https:\/\/schema.org","@graph":[{"@type":"WebPage","@id":"https:\/\/vert-e-s-vd.ch\/lacote\/event\/marche-de-campagne-230923","url":"https:\/\/vert-e-s-vd.ch\/lacote\/event\/marche-de-campagne-230923","name":"","isPartOf":{"@id":"https:\/\/vert-e-s-vd.ch\/lacote\/#website"},"datePublished":"2023-08-16T18:19:56+00:00","dateModified":"2023-08-18T15:37:08+00:00","description":"Les Vert\u00b7e\u00b7s maintenant plus que jamais&nbsp;! Le 22 octobre prochain, vous serez appel\u00e9\u00b7e \u00e0 renouveler les membres de l\u2019Assembl\u00e9e f\u00e9d\u00e9rale. Dans le contexte que nous vivons, il est absolument essentiel d\u2019\u00e9lire des personnes qui s\u2019engagent pour assurer un avenir vivable et qui repr\u00e9sentent l\u2019entier des pr\u00e9occupations de la population. Nous vous invitons donc \u00e0 nous trouver sur notre stand au march\u00e9 de Nyon afin d&rsquo;\u00e9changer sur notre programme pour amener plus de solidarit\u00e9 et d&rsquo;\u00e9cologie sous la coupolle. Au plaisir de vous y voir nombreux, nombreuses ! D\u00e9couvrez notre programme !","breadcrumb":{"@id":"https:\/\/vert-e-s-vd.ch\/lacote\/event\/marche-de-campagne-230923#breadcrumb"},"inLanguage":"fr-FR","potentialAction":[{"@type":"ReadAction","target":["https:\/\/vert-e-s-vd.ch\/lacote\/event\/marche-de-campagne-230923"]}]},{"@type":"BreadcrumbList","@id":"https:\/\/vert-e-s-vd.ch\/lacote\/event\/marche-de-campagne-230923#breadcrumb","itemListElement":[{"@type":"ListItem","position":1,"name":"Accueil","item":"https:\/\/vert-e-s-vd.ch\/lacote\/"},{"@type":"ListItem","position":2,"name":"Agenda"}]},{"@type":"WebSite","@id":"https:\/\/vert-e-s-vd.ch\/lacote\/#website","url":"https:\/\/vert-e-s-vd.ch\/lacote\/","name":"Les Vert\u00b7e\u00b7s vaudois\u00b7e\u00b7s, section La C\u00f4te","description":"Une longueur d\u2019avance","publisher":{"@id":"https:\/\/vert-e-s-vd.ch\/lacote\/#organization"},"potentialAction":[{"@type":"SearchAction","target":{"@type":"EntryPoint","urlTemplate":"https:\/\/vert-e-s-vd.ch\/lacote\/?s={search_term_string}"},"query-input":{"@type":"PropertyValueSpecification","valueRequired":true,"valueName":"search_term_string"}}],"inLanguage":"fr-FR"},{"@type":"Organization","@id":"https:\/\/vert-e-s-vd.ch\/lacote\/#organization","name":"Les Vert.e.s vaudois.e.s","url":"https:\/\/vert-e-s-vd.ch\/lacote\/","logo":{"@type":"ImageObject","inLanguage":"fr-FR","@id":"https:\/\/vert-e-s-vd.ch\/lacote\/#\/schema\/logo\/image\/","url":"https:\/\/vert-e-s-vd.ch\/lacote\/wp-content\/uploads\/sites\/5\/2019\/02\/logo-defr-green.svg","contentUrl":"https:\/\/vert-e-s-vd.ch\/lacote\/wp-content\/uploads\/sites\/5\/2019\/02\/logo-defr-green.svg","width":1,"height":1,"caption":"Les Vert.e.s vaudois.e.s"},"image":{"@id":"https:\/\/vert-e-s-vd.ch\/lacote\/#\/schema\/logo\/image\/"},"sameAs":["https:\/\/www.facebook.com\/VertsLaCote","https:\/\/x.com\/vertsvd"]}]}},"_links":{"self":[{"href":"https:\/\/vert-e-s-vd.ch\/lacote\/wp-json\/wp\/v2\/tribe_events\/72611","targetHints":{"allow":["GET"]}}],"collection":[{"href":"https:\/\/vert-e-s-vd.ch\/lacote\/wp-json\/wp\/v2\/tribe_events"}],"about":[{"href":"https:\/\/vert-e-s-vd.ch\/lacote\/wp-json\/wp\/v2\/types\/tribe_events"}],"author":[{"embeddable":true,"href":"https:\/\/vert-e-s-vd.ch\/lacote\/wp-json\/wp\/v2\/users\/59"}],"version-history":[{"count":2,"href":"https:\/\/vert-e-s-vd.ch\/lacote\/wp-json\/wp\/v2\/tribe_events\/72611\/revisions"}],"predecessor-version":[{"id":72615,"href":"https:\/\/vert-e-s-vd.ch\/lacote\/wp-json\/wp\/v2\/tribe_events\/72611\/revisions\/72615"}],"wp:attachment":[{"href":"https:\/\/vert-e-s-vd.ch\/lacote\/wp-json\/wp\/v2\/media?parent=72611"}],"wp:term":[{"taxonomy":"post_tag","embeddable":true,"href":"https:\/\/vert-e-s-vd.ch\/lacote\/wp-json\/wp\/v2\/tags?post=72611"},{"taxonomy":"tribe_events_cat","embeddable":true,"href":"https:\/\/vert-e-s-vd.ch\/lacote\/wp-json\/wp\/v2\/tribe_events_cat?post=72611"}],"curies":[{"name":"wp","href":"https:\/\/api.w.org\/{rel}","templated":true}]}}