{"id":72213,"date":"2022-01-18T07:57:04","date_gmt":"2022-01-18T06:57:04","guid":{"rendered":"https:\/\/vert-e-s-vd.ch\/lacote\/?post_type=tribe_events&#038;p=72213"},"modified":"2022-01-27T15:12:17","modified_gmt":"2022-01-27T14:12:17","slug":"la-mobilite-a-tout-prix-defis-pour-le-district-de-nyon","status":"publish","type":"tribe_events","link":"https:\/\/vert-e-s-vd.ch\/lacote\/agenda\/la-mobilite-a-tout-prix-defis-pour-le-district-de-nyon","title":{"rendered":"La Mobilit\u00e9 \u00e0 tout prix? D\u00e9fis pour le district de Nyon"},"content":{"rendered":"","protected":false},"excerpt":{"rendered":"<p>Conf\u00e9rence-d\u00e9bat autour des d\u00e9fis de la mobilit\u00e9 collective et douce en milieu p\u00e9riurbain, propositions et initiatives concr\u00e8tes pour viser une mobilit\u00e9 z\u00e9ro carbone.<\/p>\n<h2>TABLE-RONDE AVEC:<\/h2>\n<p>ISABELLE PASQUIER-EICHENBERGER<br \/>\nConseill\u00e8re nationale<\/p>\n<p>ALICE GENOUD<br \/>\nD\u00e9put\u00e9e au Grand Conseil vaudois<\/p>\n<p>G\u00c9RARD PRODUIT<br \/>\nSyndic et Responsable Mobilit\u00e9 R\u00e9gion de Nyon<\/p>\n<p>SANDRA BRAZZINI<br \/>\nExperte mobilit\u00e9, co-directrice Mobilid\u00e9e<\/p>\n<p>Communaut\u00e9s tarifaires pour les pendulaires, r\u00e9seaux de transports publics performants, pistes cyclables s\u00fbres :<\/p>\n<p><strong>Quel avenir pour les transports collectifs et la mobilit\u00e9 douce dans le district de Nyon ?<\/strong><\/p>\n<p>Nouvelles fa\u00e7ons de travailler, de nous d\u00e9placer, de vivre ensemble\u2026 Apr\u00e8s la crise du COVID et pour faire face au changement climatique, comment d\u00e9velopper des lieux de vie attractifs, conviviaux et durables dans notre r\u00e9gion?<\/p>\n<p>La mobilit\u00e9 durable pose plusieurs enjeux pour lesquels nous devons trouver des solutions concr\u00e8tes afin de favoriser le bien-\u00eatre humain et environnemental.<\/p>\n<p>Mod\u00e9r\u00e9 par:<\/p>\n<p>JEAN VALENTIN DE SAUSSURE<br \/>\nConseiller communal \u00e0 Mies et candidat au Grand Conseil vaudois<\/p>\n<p>La soir\u00e9e sera cl\u00f4tur\u00e9e par un ap\u00e9ritif en fonction de la situation sanitaire.<br \/>\nEntr\u00e9e libre.<br \/>\nPasse COVID 2G et masque obligatoires.<\/p>\n","protected":false},"author":51,"featured_media":0,"template":"","meta":{"_acf_changed":false,"inline_featured_image":false,"_tribe_events_status":"","_tribe_events_status_reason":"","footnotes":""},"tags":[],"tribe_events_cat":[],"class_list":["post-72213","tribe_events","type-tribe_events","status-publish","hentry"],"acf":[],"yoast_head":"<!-- This site is optimized with the Yoast SEO plugin v26.9 - https:\/\/yoast.com\/product\/yoast-seo-wordpress\/ -->\n<title>Les Vert\u00b7e\u00b7s vaudois\u00b7e\u00b7s, section La C\u00f4te<\/title>\n<meta name=\"description\" content=\"Conf\u00e9rence-d\u00e9bat autour des d\u00e9fis de la mobilit\u00e9 collective et douce en milieu p\u00e9riurbain, propositions et initiatives concr\u00e8tes pour viser une mobilit\u00e9 z\u00e9ro carbone. TABLE-RONDE AVEC: ISABELLE PASQUIER-EICHENBERGER Conseill\u00e8re nationale ALICE GENOUD D\u00e9put\u00e9e au Grand Conseil vaudois G\u00c9RARD PRODUIT Syndic et Responsable Mobilit\u00e9 R\u00e9gion de Nyon SANDRA BRAZZINI Experte mobilit\u00e9, co-directrice Mobilid\u00e9e Communaut\u00e9s tarifaires pour les pendulaires, r\u00e9seaux de transports publics performants, pistes cyclables s\u00fbres : Quel avenir pour les transports collectifs et la mobilit\u00e9 douce dans le district de Nyon ? Nouvelles fa\u00e7ons de travailler, de nous d\u00e9placer, de vivre ensemble\u2026 Apr\u00e8s la crise du COVID et pour faire face au changement climatique, comment d\u00e9velopper des lieux de vie attractifs, conviviaux et durables dans notre r\u00e9gion? La mobilit\u00e9 durable pose plusieurs enjeux pour lesquels nous devons trouver des solutions concr\u00e8tes afin de favoriser le bien-\u00eatre humain et environnemental. Mod\u00e9r\u00e9 par: JEAN VALENTIN DE SAUSSURE Conseiller communal \u00e0 Mies et candidat au Grand Conseil vaudois La soir\u00e9e sera cl\u00f4tur\u00e9e par un ap\u00e9ritif en fonction de la situation sanitaire. Entr\u00e9e libre. Passe COVID 2G et masque obligatoires.\" \/>\n<meta name=\"robots\" content=\"index, follow, max-snippet:-1, max-image-preview:large, max-video-preview:-1\" \/>\n<link rel=\"canonical\" href=\"https:\/\/vert-e-s-vd.ch\/lacote\/event\/la-mobilite-a-tout-prix-defis-pour-le-district-de-nyon\" \/>\n<meta property=\"og:locale\" content=\"fr_FR\" \/>\n<meta property=\"og:type\" content=\"article\" \/>\n<meta property=\"og:description\" content=\"Conf\u00e9rence-d\u00e9bat autour des d\u00e9fis de la mobilit\u00e9 collective et douce en milieu p\u00e9riurbain, propositions et initiatives concr\u00e8tes pour \u2026\" \/>\n<meta property=\"og:url\" content=\"https:\/\/vert-e-s-vd.ch\/lacote\/event\/la-mobilite-a-tout-prix-defis-pour-le-district-de-nyon\" \/>\n<meta property=\"og:site_name\" content=\"Les Vert\u00b7e\u00b7s vaudois\u00b7e\u00b7s, section La C\u00f4te\" \/>\n<meta property=\"article:publisher\" content=\"https:\/\/www.facebook.com\/VertsLaCote\" \/>\n<meta property=\"article:modified_time\" content=\"2022-01-27T14:12:17+00:00\" \/>\n<meta property=\"og:image\" content=\"https:\/\/vert-e-s-vd.ch\/lacote\/wp-content\/uploads\/sites\/5\/2019\/02\/GrueneLesVerts_URL_Logo_RGB_pos-790x0-c-default.png\" \/>\n\t<meta property=\"og:image:width\" content=\"790\" \/>\n\t<meta property=\"og:image:height\" content=\"543\" \/>\n\t<meta property=\"og:image:type\" content=\"image\/png\" \/>\n<meta name=\"twitter:card\" content=\"summary_large_image\" \/>\n<meta name=\"twitter:site\" content=\"@vertsvd\" \/>\n<script type=\"application\/ld+json\" class=\"yoast-schema-graph\">{\"@context\":\"https:\/\/schema.org\",\"@graph\":[{\"@type\":\"WebPage\",\"@id\":\"https:\/\/vert-e-s-vd.ch\/lacote\/event\/la-mobilite-a-tout-prix-defis-pour-le-district-de-nyon\",\"url\":\"https:\/\/vert-e-s-vd.ch\/lacote\/event\/la-mobilite-a-tout-prix-defis-pour-le-district-de-nyon\",\"name\":\"\",\"isPartOf\":{\"@id\":\"https:\/\/vert-e-s-vd.ch\/lacote\/#website\"},\"datePublished\":\"2022-01-18T06:57:04+00:00\",\"dateModified\":\"2022-01-27T14:12:17+00:00\",\"description\":\"Conf\u00e9rence-d\u00e9bat autour des d\u00e9fis de la mobilit\u00e9 collective et douce en milieu p\u00e9riurbain, propositions et initiatives concr\u00e8tes pour viser une mobilit\u00e9 z\u00e9ro carbone. TABLE-RONDE AVEC: ISABELLE PASQUIER-EICHENBERGER Conseill\u00e8re nationale ALICE GENOUD D\u00e9put\u00e9e au Grand Conseil vaudois G\u00c9RARD PRODUIT Syndic et Responsable Mobilit\u00e9 R\u00e9gion de Nyon SANDRA BRAZZINI Experte mobilit\u00e9, co-directrice Mobilid\u00e9e Communaut\u00e9s tarifaires pour les pendulaires, r\u00e9seaux de transports publics performants, pistes cyclables s\u00fbres : Quel avenir pour les transports collectifs et la mobilit\u00e9 douce dans le district de Nyon ? Nouvelles fa\u00e7ons de travailler, de nous d\u00e9placer, de vivre ensemble\u2026 Apr\u00e8s la crise du COVID et pour faire face au changement climatique, comment d\u00e9velopper des lieux de vie attractifs, conviviaux et durables dans notre r\u00e9gion? La mobilit\u00e9 durable pose plusieurs enjeux pour lesquels nous devons trouver des solutions concr\u00e8tes afin de favoriser le bien-\u00eatre humain et environnemental. Mod\u00e9r\u00e9 par: JEAN VALENTIN DE SAUSSURE Conseiller communal \u00e0 Mies et candidat au Grand Conseil vaudois La soir\u00e9e sera cl\u00f4tur\u00e9e par un ap\u00e9ritif en fonction de la situation sanitaire. Entr\u00e9e libre. Passe COVID 2G et masque obligatoires.\",\"breadcrumb\":{\"@id\":\"https:\/\/vert-e-s-vd.ch\/lacote\/event\/la-mobilite-a-tout-prix-defis-pour-le-district-de-nyon#breadcrumb\"},\"inLanguage\":\"fr-FR\",\"potentialAction\":[{\"@type\":\"ReadAction\",\"target\":[\"https:\/\/vert-e-s-vd.ch\/lacote\/event\/la-mobilite-a-tout-prix-defis-pour-le-district-de-nyon\"]}]},{\"@type\":\"BreadcrumbList\",\"@id\":\"https:\/\/vert-e-s-vd.ch\/lacote\/event\/la-mobilite-a-tout-prix-defis-pour-le-district-de-nyon#breadcrumb\",\"itemListElement\":[{\"@type\":\"ListItem\",\"position\":1,\"name\":\"Accueil\",\"item\":\"https:\/\/vert-e-s-vd.ch\/lacote\/\"},{\"@type\":\"ListItem\",\"position\":2,\"name\":\"Agenda\"}]},{\"@type\":\"WebSite\",\"@id\":\"https:\/\/vert-e-s-vd.ch\/lacote\/#website\",\"url\":\"https:\/\/vert-e-s-vd.ch\/lacote\/\",\"name\":\"Les Vert\u00b7e\u00b7s vaudois\u00b7e\u00b7s, section La C\u00f4te\",\"description\":\"Une longueur d\u2019avance\",\"publisher\":{\"@id\":\"https:\/\/vert-e-s-vd.ch\/lacote\/#organization\"},\"potentialAction\":[{\"@type\":\"SearchAction\",\"target\":{\"@type\":\"EntryPoint\",\"urlTemplate\":\"https:\/\/vert-e-s-vd.ch\/lacote\/?s={search_term_string}\"},\"query-input\":{\"@type\":\"PropertyValueSpecification\",\"valueRequired\":true,\"valueName\":\"search_term_string\"}}],\"inLanguage\":\"fr-FR\"},{\"@type\":\"Organization\",\"@id\":\"https:\/\/vert-e-s-vd.ch\/lacote\/#organization\",\"name\":\"Les Vert.e.s vaudois.e.s\",\"url\":\"https:\/\/vert-e-s-vd.ch\/lacote\/\",\"logo\":{\"@type\":\"ImageObject\",\"inLanguage\":\"fr-FR\",\"@id\":\"https:\/\/vert-e-s-vd.ch\/lacote\/#\/schema\/logo\/image\/\",\"url\":\"https:\/\/vert-e-s-vd.ch\/lacote\/wp-content\/uploads\/sites\/5\/2019\/02\/logo-defr-green.svg\",\"contentUrl\":\"https:\/\/vert-e-s-vd.ch\/lacote\/wp-content\/uploads\/sites\/5\/2019\/02\/logo-defr-green.svg\",\"width\":1,\"height\":1,\"caption\":\"Les Vert.e.s vaudois.e.s\"},\"image\":{\"@id\":\"https:\/\/vert-e-s-vd.ch\/lacote\/#\/schema\/logo\/image\/\"},\"sameAs\":[\"https:\/\/www.facebook.com\/VertsLaCote\",\"https:\/\/x.com\/vertsvd\"]}]}<\/script>\n<!-- \/ Yoast SEO plugin. -->","yoast_head_json":{"title":"Les Vert\u00b7e\u00b7s vaudois\u00b7e\u00b7s, section La C\u00f4te","description":"Conf\u00e9rence-d\u00e9bat autour des d\u00e9fis de la mobilit\u00e9 collective et douce en milieu p\u00e9riurbain, propositions et initiatives concr\u00e8tes pour viser une mobilit\u00e9 z\u00e9ro carbone. TABLE-RONDE AVEC: ISABELLE PASQUIER-EICHENBERGER Conseill\u00e8re nationale ALICE GENOUD D\u00e9put\u00e9e au Grand Conseil vaudois G\u00c9RARD PRODUIT Syndic et Responsable Mobilit\u00e9 R\u00e9gion de Nyon SANDRA BRAZZINI Experte mobilit\u00e9, co-directrice Mobilid\u00e9e Communaut\u00e9s tarifaires pour les pendulaires, r\u00e9seaux de transports publics performants, pistes cyclables s\u00fbres : Quel avenir pour les transports collectifs et la mobilit\u00e9 douce dans le district de Nyon ? Nouvelles fa\u00e7ons de travailler, de nous d\u00e9placer, de vivre ensemble\u2026 Apr\u00e8s la crise du COVID et pour faire face au changement climatique, comment d\u00e9velopper des lieux de vie attractifs, conviviaux et durables dans notre r\u00e9gion? La mobilit\u00e9 durable pose plusieurs enjeux pour lesquels nous devons trouver des solutions concr\u00e8tes afin de favoriser le bien-\u00eatre humain et environnemental. Mod\u00e9r\u00e9 par: JEAN VALENTIN DE SAUSSURE Conseiller communal \u00e0 Mies et candidat au Grand Conseil vaudois La soir\u00e9e sera cl\u00f4tur\u00e9e par un ap\u00e9ritif en fonction de la situation sanitaire. Entr\u00e9e libre. Passe COVID 2G et masque obligatoires.","robots":{"index":"index","follow":"follow","max-snippet":"max-snippet:-1","max-image-preview":"max-image-preview:large","max-video-preview":"max-video-preview:-1"},"canonical":"https:\/\/vert-e-s-vd.ch\/lacote\/event\/la-mobilite-a-tout-prix-defis-pour-le-district-de-nyon","og_locale":"fr_FR","og_type":"article","og_description":"Conf\u00e9rence-d\u00e9bat autour des d\u00e9fis de la mobilit\u00e9 collective et douce en milieu p\u00e9riurbain, propositions et initiatives concr\u00e8tes pour \u2026","og_url":"https:\/\/vert-e-s-vd.ch\/lacote\/event\/la-mobilite-a-tout-prix-defis-pour-le-district-de-nyon","og_site_name":"Les Vert\u00b7e\u00b7s vaudois\u00b7e\u00b7s, section La C\u00f4te","article_publisher":"https:\/\/www.facebook.com\/VertsLaCote","article_modified_time":"2022-01-27T14:12:17+00:00","og_image":[{"url":"https:\/\/vert-e-s-vd.ch\/lacote\/wp-content\/uploads\/sites\/5\/2019\/02\/GrueneLesVerts_URL_Logo_RGB_pos-790x0-c-default.png","width":790,"height":543,"type":"image\/png"}],"twitter_card":"summary_large_image","twitter_site":"@vertsvd","schema":{"@context":"https:\/\/schema.org","@graph":[{"@type":"WebPage","@id":"https:\/\/vert-e-s-vd.ch\/lacote\/event\/la-mobilite-a-tout-prix-defis-pour-le-district-de-nyon","url":"https:\/\/vert-e-s-vd.ch\/lacote\/event\/la-mobilite-a-tout-prix-defis-pour-le-district-de-nyon","name":"","isPartOf":{"@id":"https:\/\/vert-e-s-vd.ch\/lacote\/#website"},"datePublished":"2022-01-18T06:57:04+00:00","dateModified":"2022-01-27T14:12:17+00:00","description":"Conf\u00e9rence-d\u00e9bat autour des d\u00e9fis de la mobilit\u00e9 collective et douce en milieu p\u00e9riurbain, propositions et initiatives concr\u00e8tes pour viser une mobilit\u00e9 z\u00e9ro carbone. TABLE-RONDE AVEC: ISABELLE PASQUIER-EICHENBERGER Conseill\u00e8re nationale ALICE GENOUD D\u00e9put\u00e9e au Grand Conseil vaudois G\u00c9RARD PRODUIT Syndic et Responsable Mobilit\u00e9 R\u00e9gion de Nyon SANDRA BRAZZINI Experte mobilit\u00e9, co-directrice Mobilid\u00e9e Communaut\u00e9s tarifaires pour les pendulaires, r\u00e9seaux de transports publics performants, pistes cyclables s\u00fbres : Quel avenir pour les transports collectifs et la mobilit\u00e9 douce dans le district de Nyon ? Nouvelles fa\u00e7ons de travailler, de nous d\u00e9placer, de vivre ensemble\u2026 Apr\u00e8s la crise du COVID et pour faire face au changement climatique, comment d\u00e9velopper des lieux de vie attractifs, conviviaux et durables dans notre r\u00e9gion? La mobilit\u00e9 durable pose plusieurs enjeux pour lesquels nous devons trouver des solutions concr\u00e8tes afin de favoriser le bien-\u00eatre humain et environnemental. Mod\u00e9r\u00e9 par: JEAN VALENTIN DE SAUSSURE Conseiller communal \u00e0 Mies et candidat au Grand Conseil vaudois La soir\u00e9e sera cl\u00f4tur\u00e9e par un ap\u00e9ritif en fonction de la situation sanitaire. Entr\u00e9e libre. Passe COVID 2G et masque obligatoires.","breadcrumb":{"@id":"https:\/\/vert-e-s-vd.ch\/lacote\/event\/la-mobilite-a-tout-prix-defis-pour-le-district-de-nyon#breadcrumb"},"inLanguage":"fr-FR","potentialAction":[{"@type":"ReadAction","target":["https:\/\/vert-e-s-vd.ch\/lacote\/event\/la-mobilite-a-tout-prix-defis-pour-le-district-de-nyon"]}]},{"@type":"BreadcrumbList","@id":"https:\/\/vert-e-s-vd.ch\/lacote\/event\/la-mobilite-a-tout-prix-defis-pour-le-district-de-nyon#breadcrumb","itemListElement":[{"@type":"ListItem","position":1,"name":"Accueil","item":"https:\/\/vert-e-s-vd.ch\/lacote\/"},{"@type":"ListItem","position":2,"name":"Agenda"}]},{"@type":"WebSite","@id":"https:\/\/vert-e-s-vd.ch\/lacote\/#website","url":"https:\/\/vert-e-s-vd.ch\/lacote\/","name":"Les Vert\u00b7e\u00b7s vaudois\u00b7e\u00b7s, section La C\u00f4te","description":"Une longueur d\u2019avance","publisher":{"@id":"https:\/\/vert-e-s-vd.ch\/lacote\/#organization"},"potentialAction":[{"@type":"SearchAction","target":{"@type":"EntryPoint","urlTemplate":"https:\/\/vert-e-s-vd.ch\/lacote\/?s={search_term_string}"},"query-input":{"@type":"PropertyValueSpecification","valueRequired":true,"valueName":"search_term_string"}}],"inLanguage":"fr-FR"},{"@type":"Organization","@id":"https:\/\/vert-e-s-vd.ch\/lacote\/#organization","name":"Les Vert.e.s vaudois.e.s","url":"https:\/\/vert-e-s-vd.ch\/lacote\/","logo":{"@type":"ImageObject","inLanguage":"fr-FR","@id":"https:\/\/vert-e-s-vd.ch\/lacote\/#\/schema\/logo\/image\/","url":"https:\/\/vert-e-s-vd.ch\/lacote\/wp-content\/uploads\/sites\/5\/2019\/02\/logo-defr-green.svg","contentUrl":"https:\/\/vert-e-s-vd.ch\/lacote\/wp-content\/uploads\/sites\/5\/2019\/02\/logo-defr-green.svg","width":1,"height":1,"caption":"Les Vert.e.s vaudois.e.s"},"image":{"@id":"https:\/\/vert-e-s-vd.ch\/lacote\/#\/schema\/logo\/image\/"},"sameAs":["https:\/\/www.facebook.com\/VertsLaCote","https:\/\/x.com\/vertsvd"]}]}},"_links":{"self":[{"href":"https:\/\/vert-e-s-vd.ch\/lacote\/wp-json\/wp\/v2\/tribe_events\/72213","targetHints":{"allow":["GET"]}}],"collection":[{"href":"https:\/\/vert-e-s-vd.ch\/lacote\/wp-json\/wp\/v2\/tribe_events"}],"about":[{"href":"https:\/\/vert-e-s-vd.ch\/lacote\/wp-json\/wp\/v2\/types\/tribe_events"}],"author":[{"embeddable":true,"href":"https:\/\/vert-e-s-vd.ch\/lacote\/wp-json\/wp\/v2\/users\/51"}],"version-history":[{"count":2,"href":"https:\/\/vert-e-s-vd.ch\/lacote\/wp-json\/wp\/v2\/tribe_events\/72213\/revisions"}],"predecessor-version":[{"id":72232,"href":"https:\/\/vert-e-s-vd.ch\/lacote\/wp-json\/wp\/v2\/tribe_events\/72213\/revisions\/72232"}],"wp:attachment":[{"href":"https:\/\/vert-e-s-vd.ch\/lacote\/wp-json\/wp\/v2\/media?parent=72213"}],"wp:term":[{"taxonomy":"post_tag","embeddable":true,"href":"https:\/\/vert-e-s-vd.ch\/lacote\/wp-json\/wp\/v2\/tags?post=72213"},{"taxonomy":"tribe_events_cat","embeddable":true,"href":"https:\/\/vert-e-s-vd.ch\/lacote\/wp-json\/wp\/v2\/tribe_events_cat?post=72213"}],"curies":[{"name":"wp","href":"https:\/\/api.w.org\/{rel}","templated":true}]}}