{"id":72087,"date":"2021-11-18T18:39:00","date_gmt":"2021-11-18T17:39:00","guid":{"rendered":"https:\/\/vert-e-s-vd.ch\/lacote\/?post_type=tribe_events&#038;p=72087"},"modified":"2021-11-18T18:39:00","modified_gmt":"2021-11-18T17:39:00","slug":"assemblee-generale-extraordinaire-des-vert%c2%b7e%c2%b7s-de-la-co%cc%82te","status":"publish","type":"tribe_events","link":"https:\/\/vert-e-s-vd.ch\/lacote\/agenda\/assemblee-generale-extraordinaire-des-vert%c2%b7e%c2%b7s-de-la-co%cc%82te","title":{"rendered":"Assembl\u00e9e G\u00e9n\u00e9rale Extraordinaire des Vert\u00b7e\u00b7s de la Co\u0302te"},"content":{"rendered":"","protected":false},"excerpt":{"rendered":"<h2>Proposition d\u2019ordre du jour<\/h2>\n<ol>\n<li>Accueil<\/li>\n<li>Approbation de l\u2019ordre du jour<\/li>\n<li>Approbation du proc\u00e8s-verbal de l\u2019Assembl\u00e9e G\u00e9n\u00e9rale du 27 mai 2021<\/li>\n<li>Liste pour l\u2019\u00e9lection au Grand Conseil\n<ol>\n<li>Rappel des crit\u00e8res d\u00e9cid\u00e9s par l\u2019AG le 27 mai 2021, conformes \u00e0 l\u2019art. 21 ter des Statuts :\n<ul>\n<li>S\u2019assurer de l\u2019adh\u00e9sion des candidat.e.s \u00e0 la Charte des Vert.e.s<\/li>\n<li>Tendre \u00e0 la parit\u00e9 et au \u00ab z\u00e9brage \u00bb (F-H-F-H)<\/li>\n<li>Viser une bonne r\u00e9partition r\u00e9gionale<\/li>\n<li>Veiller \u00e0 la pr\u00e9sence de toutes les g\u00e9n\u00e9rations<\/li>\n<li>Renouveler la confiance \u00e0 Didier Lohri (\u00ab Vert.e.s et Ouvert.e.s \u00bb)<\/li>\n<\/ul>\n<\/li>\n<li>Rapport du GT \u00e9lections22 sur l\u2019\u00e9ligibilit\u00e9 des candidat.e.s \u00e0 la candidature : vote \u00e9ventuel<\/li>\n<li>Proposition du comit\u00e9 sur la s\u00e9quence des votes, puis adoption de la proc\u00e9dure par l\u2019AG<\/li>\n<li>Pr\u00e9sentation g\u00e9n\u00e9rale des candidat.e.s1 et self-pr\u00e9sentation de celles et ceux d\u00e9sirant figurer comme \u00ab t\u00eate de liste \u00bb<\/li>\n<li>Votes pour la d\u00e9termination et l\u2019ordre de la liste 4.6 Apparentement<\/li>\n<\/ol>\n<\/li>\n<li>Budget de la campagne<\/li>\n<li>Pr\u00e9sentation des points forts de la campagne et si possible du \u00ab tout-m\u00e9nage \u00bb<\/li>\n<li>Campagne : pr\u00e9sentation des actions de campagne et du calendrier<\/li>\n<li>Divers et propositions individuelles.<\/li>\n<\/ol>\n<p>Pour le comit\u00e9 des Vert.e.s du district de Nyon ; les co-pr\u00e9sident-e-s :<br \/>\nVal\u00e9rie Mausner L\u00e9ger et R\u00e9mi Founou<\/p>\n<p><strong>NB :<\/strong> Une v\u00e9rification sera faite \u00e0 l\u2019entr\u00e9e que :<\/p>\n<ul>\n<li>chaque votant.e a r\u00e9gl\u00e9 sa cotisation<\/li>\n<li>chaque participant.e \u00e0 l\u2019AG est vaccin\u00e9.e ou porteur.teuse d\u2019un test Covid n\u00e9gatif\u2026 ou gu\u00e9ri !<\/li>\n<\/ul>\n<p><strong>Rappel :<\/strong> le d\u00e9lai de r\u00e9ception des candidatures a \u00e9t\u00e9 fix\u00e9 par le Comit\u00e9 au 26 novembre 2021 \u00e0 24h00<\/p>\n","protected":false},"author":51,"featured_media":0,"template":"","meta":{"_acf_changed":false,"inline_featured_image":false,"_tribe_events_status":"","_tribe_events_status_reason":"","footnotes":""},"tags":[],"tribe_events_cat":[],"class_list":["post-72087","tribe_events","type-tribe_events","status-publish","hentry"],"acf":[],"yoast_head":"<!-- This site is optimized with the Yoast SEO plugin v26.9 - https:\/\/yoast.com\/product\/yoast-seo-wordpress\/ -->\n<title>Les Vert\u00b7e\u00b7s vaudois\u00b7e\u00b7s, section La C\u00f4te<\/title>\n<meta name=\"description\" content=\"Proposition d\u2019ordre du jour  Accueil Approbation de l\u2019ordre du jour Approbation du proc\u00e8s-verbal de l\u2019Assembl\u00e9e G\u00e9n\u00e9rale du 27 mai 2021 Liste pour l\u2019\u00e9lection au Grand Conseil  Rappel des crit\u00e8res d\u00e9cid\u00e9s par l\u2019AG le 27 mai 2021, conformes \u00e0 l\u2019art. 21 ter des Statuts :  S\u2019assurer de l\u2019adh\u00e9sion des candidat.e.s \u00e0 la Charte des Vert.e.s Tendre \u00e0 la parit\u00e9 et au \u00ab z\u00e9brage \u00bb (F-H-F-H) Viser une bonne r\u00e9partition r\u00e9gionale Veiller \u00e0 la pr\u00e9sence de toutes les g\u00e9n\u00e9rations Renouveler la confiance \u00e0 Didier Lohri (\u00ab Vert.e.s et Ouvert.e.s \u00bb)   Rapport du GT \u00e9lections22 sur l\u2019\u00e9ligibilit\u00e9 des candidat.e.s \u00e0 la candidature : vote \u00e9ventuel Proposition du comit\u00e9 sur la s\u00e9quence des votes, puis adoption de la proc\u00e9dure par l\u2019AG Pr\u00e9sentation g\u00e9n\u00e9rale des candidat.e.s1 et self-pr\u00e9sentation de celles et ceux d\u00e9sirant figurer comme \u00ab t\u00eate de liste \u00bb Votes pour la d\u00e9termination et l\u2019ordre de la liste 4.6 Apparentement   Budget de la campagne Pr\u00e9sentation des points forts de la campagne et si possible du \u00ab tout-m\u00e9nage \u00bb Campagne : pr\u00e9sentation des actions de campagne et du calendrier Divers et propositions individuelles.  Pour le comit\u00e9 des Vert.e.s du district de Nyon ; les co-pr\u00e9sident-e-s : Val\u00e9rie Mausner L\u00e9ger et R\u00e9mi Founou NB : Une v\u00e9rification sera faite \u00e0 l\u2019entr\u00e9e que :  chaque votant.e a r\u00e9gl\u00e9 sa cotisation chaque participant.e \u00e0 l\u2019AG est vaccin\u00e9.e ou porteur.teuse d\u2019un test Covid n\u00e9gatif\u2026 ou gu\u00e9ri !  Rappel : le d\u00e9lai de r\u00e9ception des candidatures a \u00e9t\u00e9 fix\u00e9 par le Comit\u00e9 au 26 novembre 2021 \u00e0 24h00\" \/>\n<meta name=\"robots\" content=\"index, follow, max-snippet:-1, max-image-preview:large, max-video-preview:-1\" \/>\n<link rel=\"canonical\" href=\"https:\/\/vert-e-s-vd.ch\/lacote\/event\/assemblee-generale-extraordinaire-des-vert\u00b7e\u00b7s-de-la-co\u0302te\" \/>\n<meta property=\"og:locale\" content=\"fr_FR\" \/>\n<meta property=\"og:type\" content=\"article\" \/>\n<meta property=\"og:description\" content=\"Proposition d\u2019ordre du jour Accueil Approbation de l\u2019ordre du jour Approbation du proc\u00e8s-verbal de l\u2019Assembl\u00e9e G\u00e9n\u00e9rale du 27 mai \u2026\" \/>\n<meta property=\"og:url\" content=\"https:\/\/vert-e-s-vd.ch\/lacote\/event\/assemblee-generale-extraordinaire-des-vert\u00b7e\u00b7s-de-la-co\u0302te\" \/>\n<meta property=\"og:site_name\" content=\"Les Vert\u00b7e\u00b7s vaudois\u00b7e\u00b7s, section La C\u00f4te\" \/>\n<meta property=\"article:publisher\" content=\"https:\/\/www.facebook.com\/VertsLaCote\" \/>\n<meta property=\"og:image\" content=\"https:\/\/vert-e-s-vd.ch\/lacote\/wp-content\/uploads\/sites\/5\/2019\/02\/GrueneLesVerts_URL_Logo_RGB_pos-790x0-c-default.png\" \/>\n\t<meta property=\"og:image:width\" content=\"790\" \/>\n\t<meta property=\"og:image:height\" content=\"543\" \/>\n\t<meta property=\"og:image:type\" content=\"image\/png\" \/>\n<meta name=\"twitter:card\" content=\"summary_large_image\" \/>\n<meta name=\"twitter:site\" content=\"@vertsvd\" \/>\n<script type=\"application\/ld+json\" class=\"yoast-schema-graph\">{\"@context\":\"https:\/\/schema.org\",\"@graph\":[{\"@type\":\"WebPage\",\"@id\":\"https:\/\/vert-e-s-vd.ch\/lacote\/event\/assemblee-generale-extraordinaire-des-vert%c2%b7e%c2%b7s-de-la-co%cc%82te\",\"url\":\"https:\/\/vert-e-s-vd.ch\/lacote\/event\/assemblee-generale-extraordinaire-des-vert%c2%b7e%c2%b7s-de-la-co%cc%82te\",\"name\":\"\",\"isPartOf\":{\"@id\":\"https:\/\/vert-e-s-vd.ch\/lacote\/#website\"},\"datePublished\":\"2021-11-18T17:39:00+00:00\",\"description\":\"Proposition d\u2019ordre du jour \u2022 Accueil \u2022 Approbation de l\u2019ordre du jour \u2022 Approbation du proc\u00e8s-verbal de l\u2019Assembl\u00e9e G\u00e9n\u00e9rale du 27 mai 2021 \u2022 Liste pour l\u2019\u00e9lection au Grand Conseil \u2022 Rappel des crit\u00e8res d\u00e9cid\u00e9s par l\u2019AG le 27 mai 2021, conformes \u00e0 l\u2019art. 21 ter des Statuts : \u2022 S\u2019assurer de l\u2019adh\u00e9sion des candidat.e.s \u00e0 la Charte des Vert.e.s \u2022 Tendre \u00e0 la parit\u00e9 et au \u00ab z\u00e9brage \u00bb (F-H-F-H) \u2022 Viser une bonne r\u00e9partition r\u00e9gionale \u2022 Veiller \u00e0 la pr\u00e9sence de toutes les g\u00e9n\u00e9rations \u2022 Renouveler la confiance \u00e0 Didier Lohri (\u00ab Vert.e.s et Ouvert.e.s \u00bb) \u2022 Rapport du GT \u00e9lections22 sur l\u2019\u00e9ligibilit\u00e9 des candidat.e.s \u00e0 la candidature : vote \u00e9ventuel \u2022 Proposition du comit\u00e9 sur la s\u00e9quence des votes, puis adoption de la proc\u00e9dure par l\u2019AG \u2022 Pr\u00e9sentation g\u00e9n\u00e9rale des candidat.e.s1 et self-pr\u00e9sentation de celles et ceux d\u00e9sirant figurer comme \u00ab t\u00eate de liste \u00bb \u2022 Votes pour la d\u00e9termination et l\u2019ordre de la liste 4.6 Apparentement \u2022 Budget de la campagne \u2022 Pr\u00e9sentation des points forts de la campagne et si possible du \u00ab tout-m\u00e9nage \u00bb \u2022 Campagne : pr\u00e9sentation des actions de campagne et du calendrier \u2022 Divers et propositions individuelles. Pour le comit\u00e9 des Vert.e.s du district de Nyon ; les co-pr\u00e9sident-e-s : Val\u00e9rie Mausner L\u00e9ger et R\u00e9mi Founou NB : Une v\u00e9rification sera faite \u00e0 l\u2019entr\u00e9e que : \u2022 chaque votant.e a r\u00e9gl\u00e9 sa cotisation \u2022 chaque participant.e \u00e0 l\u2019AG est vaccin\u00e9.e ou porteur.teuse d\u2019un test Covid n\u00e9gatif\u2026 ou gu\u00e9ri ! Rappel : le d\u00e9lai de r\u00e9ception des candidatures a \u00e9t\u00e9 fix\u00e9 par le Comit\u00e9 au 26 novembre 2021 \u00e0 24h00\",\"breadcrumb\":{\"@id\":\"https:\/\/vert-e-s-vd.ch\/lacote\/event\/assemblee-generale-extraordinaire-des-vert%c2%b7e%c2%b7s-de-la-co%cc%82te#breadcrumb\"},\"inLanguage\":\"fr-FR\",\"potentialAction\":[{\"@type\":\"ReadAction\",\"target\":[\"https:\/\/vert-e-s-vd.ch\/lacote\/event\/assemblee-generale-extraordinaire-des-vert%c2%b7e%c2%b7s-de-la-co%cc%82te\"]}]},{\"@type\":\"BreadcrumbList\",\"@id\":\"https:\/\/vert-e-s-vd.ch\/lacote\/event\/assemblee-generale-extraordinaire-des-vert%c2%b7e%c2%b7s-de-la-co%cc%82te#breadcrumb\",\"itemListElement\":[{\"@type\":\"ListItem\",\"position\":1,\"name\":\"Accueil\",\"item\":\"https:\/\/vert-e-s-vd.ch\/lacote\/\"},{\"@type\":\"ListItem\",\"position\":2,\"name\":\"Agenda\"}]},{\"@type\":\"WebSite\",\"@id\":\"https:\/\/vert-e-s-vd.ch\/lacote\/#website\",\"url\":\"https:\/\/vert-e-s-vd.ch\/lacote\/\",\"name\":\"Les Vert\u00b7e\u00b7s vaudois\u00b7e\u00b7s, section La C\u00f4te\",\"description\":\"Une longueur d\u2019avance\",\"publisher\":{\"@id\":\"https:\/\/vert-e-s-vd.ch\/lacote\/#organization\"},\"potentialAction\":[{\"@type\":\"SearchAction\",\"target\":{\"@type\":\"EntryPoint\",\"urlTemplate\":\"https:\/\/vert-e-s-vd.ch\/lacote\/?s={search_term_string}\"},\"query-input\":{\"@type\":\"PropertyValueSpecification\",\"valueRequired\":true,\"valueName\":\"search_term_string\"}}],\"inLanguage\":\"fr-FR\"},{\"@type\":\"Organization\",\"@id\":\"https:\/\/vert-e-s-vd.ch\/lacote\/#organization\",\"name\":\"Les Vert.e.s vaudois.e.s\",\"url\":\"https:\/\/vert-e-s-vd.ch\/lacote\/\",\"logo\":{\"@type\":\"ImageObject\",\"inLanguage\":\"fr-FR\",\"@id\":\"https:\/\/vert-e-s-vd.ch\/lacote\/#\/schema\/logo\/image\/\",\"url\":\"https:\/\/vert-e-s-vd.ch\/lacote\/wp-content\/uploads\/sites\/5\/2019\/02\/logo-defr-green.svg\",\"contentUrl\":\"https:\/\/vert-e-s-vd.ch\/lacote\/wp-content\/uploads\/sites\/5\/2019\/02\/logo-defr-green.svg\",\"width\":1,\"height\":1,\"caption\":\"Les Vert.e.s vaudois.e.s\"},\"image\":{\"@id\":\"https:\/\/vert-e-s-vd.ch\/lacote\/#\/schema\/logo\/image\/\"},\"sameAs\":[\"https:\/\/www.facebook.com\/VertsLaCote\",\"https:\/\/x.com\/vertsvd\"]}]}<\/script>\n<!-- \/ Yoast SEO plugin. -->","yoast_head_json":{"title":"Les Vert\u00b7e\u00b7s vaudois\u00b7e\u00b7s, section La C\u00f4te","description":"Proposition d\u2019ordre du jour  Accueil Approbation de l\u2019ordre du jour Approbation du proc\u00e8s-verbal de l\u2019Assembl\u00e9e G\u00e9n\u00e9rale du 27 mai 2021 Liste pour l\u2019\u00e9lection au Grand Conseil  Rappel des crit\u00e8res d\u00e9cid\u00e9s par l\u2019AG le 27 mai 2021, conformes \u00e0 l\u2019art. 21 ter des Statuts :  S\u2019assurer de l\u2019adh\u00e9sion des candidat.e.s \u00e0 la Charte des Vert.e.s Tendre \u00e0 la parit\u00e9 et au \u00ab z\u00e9brage \u00bb (F-H-F-H) Viser une bonne r\u00e9partition r\u00e9gionale Veiller \u00e0 la pr\u00e9sence de toutes les g\u00e9n\u00e9rations Renouveler la confiance \u00e0 Didier Lohri (\u00ab Vert.e.s et Ouvert.e.s \u00bb)   Rapport du GT \u00e9lections22 sur l\u2019\u00e9ligibilit\u00e9 des candidat.e.s \u00e0 la candidature : vote \u00e9ventuel Proposition du comit\u00e9 sur la s\u00e9quence des votes, puis adoption de la proc\u00e9dure par l\u2019AG Pr\u00e9sentation g\u00e9n\u00e9rale des candidat.e.s1 et self-pr\u00e9sentation de celles et ceux d\u00e9sirant figurer comme \u00ab t\u00eate de liste \u00bb Votes pour la d\u00e9termination et l\u2019ordre de la liste 4.6 Apparentement   Budget de la campagne Pr\u00e9sentation des points forts de la campagne et si possible du \u00ab tout-m\u00e9nage \u00bb Campagne : pr\u00e9sentation des actions de campagne et du calendrier Divers et propositions individuelles.  Pour le comit\u00e9 des Vert.e.s du district de Nyon ; les co-pr\u00e9sident-e-s : Val\u00e9rie Mausner L\u00e9ger et R\u00e9mi Founou NB : Une v\u00e9rification sera faite \u00e0 l\u2019entr\u00e9e que :  chaque votant.e a r\u00e9gl\u00e9 sa cotisation chaque participant.e \u00e0 l\u2019AG est vaccin\u00e9.e ou porteur.teuse d\u2019un test Covid n\u00e9gatif\u2026 ou gu\u00e9ri !  Rappel : le d\u00e9lai de r\u00e9ception des candidatures a \u00e9t\u00e9 fix\u00e9 par le Comit\u00e9 au 26 novembre 2021 \u00e0 24h00","robots":{"index":"index","follow":"follow","max-snippet":"max-snippet:-1","max-image-preview":"max-image-preview:large","max-video-preview":"max-video-preview:-1"},"canonical":"https:\/\/vert-e-s-vd.ch\/lacote\/event\/assemblee-generale-extraordinaire-des-vert\u00b7e\u00b7s-de-la-co\u0302te","og_locale":"fr_FR","og_type":"article","og_description":"Proposition d\u2019ordre du jour Accueil Approbation de l\u2019ordre du jour Approbation du proc\u00e8s-verbal de l\u2019Assembl\u00e9e G\u00e9n\u00e9rale du 27 mai \u2026","og_url":"https:\/\/vert-e-s-vd.ch\/lacote\/event\/assemblee-generale-extraordinaire-des-vert\u00b7e\u00b7s-de-la-co\u0302te","og_site_name":"Les Vert\u00b7e\u00b7s vaudois\u00b7e\u00b7s, section La C\u00f4te","article_publisher":"https:\/\/www.facebook.com\/VertsLaCote","og_image":[{"url":"https:\/\/vert-e-s-vd.ch\/lacote\/wp-content\/uploads\/sites\/5\/2019\/02\/GrueneLesVerts_URL_Logo_RGB_pos-790x0-c-default.png","width":790,"height":543,"type":"image\/png"}],"twitter_card":"summary_large_image","twitter_site":"@vertsvd","schema":{"@context":"https:\/\/schema.org","@graph":[{"@type":"WebPage","@id":"https:\/\/vert-e-s-vd.ch\/lacote\/event\/assemblee-generale-extraordinaire-des-vert%c2%b7e%c2%b7s-de-la-co%cc%82te","url":"https:\/\/vert-e-s-vd.ch\/lacote\/event\/assemblee-generale-extraordinaire-des-vert%c2%b7e%c2%b7s-de-la-co%cc%82te","name":"","isPartOf":{"@id":"https:\/\/vert-e-s-vd.ch\/lacote\/#website"},"datePublished":"2021-11-18T17:39:00+00:00","description":"Proposition d\u2019ordre du jour \u2022 Accueil \u2022 Approbation de l\u2019ordre du jour \u2022 Approbation du proc\u00e8s-verbal de l\u2019Assembl\u00e9e G\u00e9n\u00e9rale du 27 mai 2021 \u2022 Liste pour l\u2019\u00e9lection au Grand Conseil \u2022 Rappel des crit\u00e8res d\u00e9cid\u00e9s par l\u2019AG le 27 mai 2021, conformes \u00e0 l\u2019art. 21 ter des Statuts : \u2022 S\u2019assurer de l\u2019adh\u00e9sion des candidat.e.s \u00e0 la Charte des Vert.e.s \u2022 Tendre \u00e0 la parit\u00e9 et au \u00ab z\u00e9brage \u00bb (F-H-F-H) \u2022 Viser une bonne r\u00e9partition r\u00e9gionale \u2022 Veiller \u00e0 la pr\u00e9sence de toutes les g\u00e9n\u00e9rations \u2022 Renouveler la confiance \u00e0 Didier Lohri (\u00ab Vert.e.s et Ouvert.e.s \u00bb) \u2022 Rapport du GT \u00e9lections22 sur l\u2019\u00e9ligibilit\u00e9 des candidat.e.s \u00e0 la candidature : vote \u00e9ventuel \u2022 Proposition du comit\u00e9 sur la s\u00e9quence des votes, puis adoption de la proc\u00e9dure par l\u2019AG \u2022 Pr\u00e9sentation g\u00e9n\u00e9rale des candidat.e.s1 et self-pr\u00e9sentation de celles et ceux d\u00e9sirant figurer comme \u00ab t\u00eate de liste \u00bb \u2022 Votes pour la d\u00e9termination et l\u2019ordre de la liste 4.6 Apparentement \u2022 Budget de la campagne \u2022 Pr\u00e9sentation des points forts de la campagne et si possible du \u00ab tout-m\u00e9nage \u00bb \u2022 Campagne : pr\u00e9sentation des actions de campagne et du calendrier \u2022 Divers et propositions individuelles. Pour le comit\u00e9 des Vert.e.s du district de Nyon ; les co-pr\u00e9sident-e-s : Val\u00e9rie Mausner L\u00e9ger et R\u00e9mi Founou NB : Une v\u00e9rification sera faite \u00e0 l\u2019entr\u00e9e que : \u2022 chaque votant.e a r\u00e9gl\u00e9 sa cotisation \u2022 chaque participant.e \u00e0 l\u2019AG est vaccin\u00e9.e ou porteur.teuse d\u2019un test Covid n\u00e9gatif\u2026 ou gu\u00e9ri ! Rappel : le d\u00e9lai de r\u00e9ception des candidatures a \u00e9t\u00e9 fix\u00e9 par le Comit\u00e9 au 26 novembre 2021 \u00e0 24h00","breadcrumb":{"@id":"https:\/\/vert-e-s-vd.ch\/lacote\/event\/assemblee-generale-extraordinaire-des-vert%c2%b7e%c2%b7s-de-la-co%cc%82te#breadcrumb"},"inLanguage":"fr-FR","potentialAction":[{"@type":"ReadAction","target":["https:\/\/vert-e-s-vd.ch\/lacote\/event\/assemblee-generale-extraordinaire-des-vert%c2%b7e%c2%b7s-de-la-co%cc%82te"]}]},{"@type":"BreadcrumbList","@id":"https:\/\/vert-e-s-vd.ch\/lacote\/event\/assemblee-generale-extraordinaire-des-vert%c2%b7e%c2%b7s-de-la-co%cc%82te#breadcrumb","itemListElement":[{"@type":"ListItem","position":1,"name":"Accueil","item":"https:\/\/vert-e-s-vd.ch\/lacote\/"},{"@type":"ListItem","position":2,"name":"Agenda"}]},{"@type":"WebSite","@id":"https:\/\/vert-e-s-vd.ch\/lacote\/#website","url":"https:\/\/vert-e-s-vd.ch\/lacote\/","name":"Les Vert\u00b7e\u00b7s vaudois\u00b7e\u00b7s, section La C\u00f4te","description":"Une longueur d\u2019avance","publisher":{"@id":"https:\/\/vert-e-s-vd.ch\/lacote\/#organization"},"potentialAction":[{"@type":"SearchAction","target":{"@type":"EntryPoint","urlTemplate":"https:\/\/vert-e-s-vd.ch\/lacote\/?s={search_term_string}"},"query-input":{"@type":"PropertyValueSpecification","valueRequired":true,"valueName":"search_term_string"}}],"inLanguage":"fr-FR"},{"@type":"Organization","@id":"https:\/\/vert-e-s-vd.ch\/lacote\/#organization","name":"Les Vert.e.s vaudois.e.s","url":"https:\/\/vert-e-s-vd.ch\/lacote\/","logo":{"@type":"ImageObject","inLanguage":"fr-FR","@id":"https:\/\/vert-e-s-vd.ch\/lacote\/#\/schema\/logo\/image\/","url":"https:\/\/vert-e-s-vd.ch\/lacote\/wp-content\/uploads\/sites\/5\/2019\/02\/logo-defr-green.svg","contentUrl":"https:\/\/vert-e-s-vd.ch\/lacote\/wp-content\/uploads\/sites\/5\/2019\/02\/logo-defr-green.svg","width":1,"height":1,"caption":"Les Vert.e.s vaudois.e.s"},"image":{"@id":"https:\/\/vert-e-s-vd.ch\/lacote\/#\/schema\/logo\/image\/"},"sameAs":["https:\/\/www.facebook.com\/VertsLaCote","https:\/\/x.com\/vertsvd"]}]}},"_links":{"self":[{"href":"https:\/\/vert-e-s-vd.ch\/lacote\/wp-json\/wp\/v2\/tribe_events\/72087","targetHints":{"allow":["GET"]}}],"collection":[{"href":"https:\/\/vert-e-s-vd.ch\/lacote\/wp-json\/wp\/v2\/tribe_events"}],"about":[{"href":"https:\/\/vert-e-s-vd.ch\/lacote\/wp-json\/wp\/v2\/types\/tribe_events"}],"author":[{"embeddable":true,"href":"https:\/\/vert-e-s-vd.ch\/lacote\/wp-json\/wp\/v2\/users\/51"}],"version-history":[{"count":2,"href":"https:\/\/vert-e-s-vd.ch\/lacote\/wp-json\/wp\/v2\/tribe_events\/72087\/revisions"}],"predecessor-version":[{"id":72089,"href":"https:\/\/vert-e-s-vd.ch\/lacote\/wp-json\/wp\/v2\/tribe_events\/72087\/revisions\/72089"}],"wp:attachment":[{"href":"https:\/\/vert-e-s-vd.ch\/lacote\/wp-json\/wp\/v2\/media?parent=72087"}],"wp:term":[{"taxonomy":"post_tag","embeddable":true,"href":"https:\/\/vert-e-s-vd.ch\/lacote\/wp-json\/wp\/v2\/tags?post=72087"},{"taxonomy":"tribe_events_cat","embeddable":true,"href":"https:\/\/vert-e-s-vd.ch\/lacote\/wp-json\/wp\/v2\/tribe_events_cat?post=72087"}],"curies":[{"name":"wp","href":"https:\/\/api.w.org\/{rel}","templated":true}]}}