{"id":71535,"date":"2021-02-03T19:57:11","date_gmt":"2021-02-03T18:57:11","guid":{"rendered":"https:\/\/vert-e-s-vd.ch\/lacote\/?post_type=tribe_events&#038;p=71535"},"modified":"2021-02-03T20:03:21","modified_gmt":"2021-02-03T19:03:21","slug":"dialogue-en-ligne","status":"publish","type":"tribe_events","link":"https:\/\/vert-e-s-vd.ch\/lacote\/agenda\/dialogue-en-ligne","title":{"rendered":"Dialogue en ligne"},"content":{"rendered":"","protected":false},"excerpt":{"rendered":"<h2>Qui sont les candidat.e.s de la plateforme \u00e0 la Municipalit\u00e9?<\/h2>\n<h3>Quels sont les projets et priorit\u00e9s pour la Ville de Nyon et ses habitant.e.s en 2021- 2026?<\/h3>\n<p>Avec Daniel Rossellat (Syndic), St\u00e9phanie Schmutz (PS), Alexandre D\u00e9m\u00e9triad\u00e8s (PS), Elise Buckle (Les Vert\u00b7e\u00b7s), Pierre Wahlen (Les Vert\u00b7e\u00b7s)<\/p>\n<p>Mardi 16 f\u00e9vrier \u00e0 20h00<\/p>\n<p>\u00c9v\u00e9nement pour les habitants de la ville de Nyon inscrits pour voter aux prochaines \u00e9lections municipales le 7 mars 2021. Gratuit et ouvert \u00e0 tous\/ toutes &#8211; en ligne sur zoom (vous recevrez le lien pour l&rsquo;\u00e9v\u00e9nement une fois inscrit.e.s).<\/p>\n<p>Soir\u00e9e interactive et conviviale ou vous aurez la possibilit\u00e9 discuter le programme de la plate-forme de gauche avec des candidat.e.s et leur posez vos questions.<\/p>\n<h3>Inscriptions \u00e0 l&rsquo;adresse suivante<\/h3>\n<p><a href=\"https:\/\/www.eventbrite.ch\/e\/dialogue-en-ligne-echange-avec-les-habitantes-pour-la-ville-de-demain-registration-131323230317?utm-medium=discovery&amp;utm-campaign=social&amp;utm-content=attendeeshare&amp;aff=escb&amp;utm-source=cp&amp;utm-term=listing\"><strong>Dialogue en ligne avec les habitant.e.s de Nyon pour \u00e9changer sur la Ville de demain<\/strong><\/a><\/p>\n<p>&nbsp;<\/p>\n<h2>UN NOUVEL \u00c9LAN POUR NYON<\/h2>\n<p>La plateforme de gauche, rassemblant le syndic Daniel Rossellat, St\u00e9phanie Schmutz et Alexandre D\u00e9m\u00e9triad\u00e8s pour le Parti Socialiste, ainsi qu\u2019Elise Buckle et Pierre Wahlen pour les Vert.e.s, pr\u00e9sente une \u00e9quipe coh\u00e9rente, comp\u00e9tente et soud\u00e9e pour insuffler une dynamique nouvelle \u00e0 la Municipalit\u00e9. Les cinq candidat.e.s de la plateforme, aux exp\u00e9riences et comp\u00e9tences compl\u00e9mentaires, portent un programme fort et ambitieux pour Nyon, \u00e0 l\u2019\u00e9coute de ses habitant.e.s et \u00e0 la hauteur des d\u00e9fis sociaux, environnementaux et \u00e9conomiques d\u2019aujourd\u2019hui.<\/p>\n<h3>Une ville accueillante et dynamique<\/h3>\n<ul>\n<li>Un parc public et un parking souterrain \u00e0 Perdtemps<\/li>\n<li>La revitalisation du Coeur de Ville<\/li>\n<li>Davantage de logements abordables<\/li>\n<li>Le soutien \u00e0 l\u2019innovation pour attirer les entreprises de demain<\/li>\n<\/ul>\n<h3>Une relance \u00e9conomique \u00e9cologique et solidaire<\/h3>\n<ul>\n<li>Un soutien fort au commerce local et aux PME de notre ville<\/li>\n<li>La mise en oeuvre d\u2019un plan climat ambitieux<\/li>\n<li>Un promotion active de la r\u00e9novation \u00e9nerg\u00e9tique et les \u00e9nergies renouvelables<\/li>\n<li>Une aide renforc\u00e9e aux associations locales et aux r\u00e9seaux de solidarit\u00e9<\/li>\n<\/ul>\n<h3>Une ville de sport et de culture<\/h3>\n<ul>\n<li>Le nouveau complexe sportif de Colovray<\/li>\n<li>L\u2019extension du Mus\u00e9e du L\u00e9man<\/li>\n<li>Des moyens nouveaux pour les milieux culturel et sportif<\/li>\n<li>La valorisation des talents locaux<\/li>\n<\/ul>\n<h3>Des quartiers o\u00f9 il fait bon vivre<\/h3>\n<ul>\n<li>Des services et commerces de proximit\u00e9<\/li>\n<li>Un r\u00e9seau dense et s\u00fbr de pistes cyclables<\/li>\n<li>Une ville agr\u00e9able \u00e0 parcourir \u00e0 pied<\/li>\n<li>Encore plus de nature en Ville<\/li>\n<\/ul>\n","protected":false},"author":5,"featured_media":0,"template":"","meta":{"_acf_changed":false,"inline_featured_image":false,"_tribe_events_status":"","_tribe_events_status_reason":"","footnotes":""},"tags":[],"tribe_events_cat":[],"class_list":["post-71535","tribe_events","type-tribe_events","status-publish","hentry"],"acf":[],"yoast_head":"<!-- This site is optimized with the Yoast SEO plugin v26.9 - https:\/\/yoast.com\/product\/yoast-seo-wordpress\/ -->\n<title>Les Vert\u00b7e\u00b7s vaudois\u00b7e\u00b7s, section La C\u00f4te<\/title>\n<meta name=\"description\" content=\"Qui sont les candidat.e.s de la plateforme \u00e0 la Municipalit\u00e9? Quels sont les projets et priorit\u00e9s pour la Ville de Nyon et ses habitant.e.s en 2021- 2026? Avec Daniel Rossellat (Syndic), St\u00e9phanie Schmutz (PS), Alexandre D\u00e9m\u00e9triad\u00e8s (PS), Elise Buckle (Les Vert\u00b7e\u00b7s), Pierre Wahlen (Les Vert\u00b7e\u00b7s) Mardi 16 f\u00e9vrier \u00e0 20h00 \u00c9v\u00e9nement pour les habitants de la ville de Nyon inscrits pour voter aux prochaines \u00e9lections municipales le 7 mars 2021. Gratuit et ouvert \u00e0 tous\/ toutes &#8211; en ligne sur zoom (vous recevrez le lien pour l&rsquo;\u00e9v\u00e9nement une fois inscrit.e.s). Soir\u00e9e interactive et conviviale ou vous aurez la possibilit\u00e9 discuter le programme de la plate-forme de gauche avec des candidat.e.s et leur posez vos questions. Inscriptions \u00e0 l&rsquo;adresse suivante Dialogue en ligne avec les habitant.e.s de Nyon pour \u00e9changer sur la Ville de demain &nbsp; UN NOUVEL \u00c9LAN POUR NYON La plateforme de gauche, rassemblant le syndic Daniel Rossellat, St\u00e9phanie Schmutz et Alexandre D\u00e9m\u00e9triad\u00e8s pour le Parti Socialiste, ainsi qu\u2019Elise Buckle et Pierre Wahlen pour les Vert.e.s, pr\u00e9sente une \u00e9quipe coh\u00e9rente, comp\u00e9tente et soud\u00e9e pour insuffler une dynamique nouvelle \u00e0 la Municipalit\u00e9. Les cinq candidat.e.s de la plateforme, aux exp\u00e9riences et comp\u00e9tences compl\u00e9mentaires, portent un programme fort et ambitieux pour Nyon, \u00e0 l\u2019\u00e9coute de ses habitant.e.s et \u00e0 la hauteur des d\u00e9fis sociaux, environnementaux et \u00e9conomiques d\u2019aujourd\u2019hui. Une ville accueillante et dynamique  Un parc public et un parking souterrain \u00e0 Perdtemps La revitalisation du Coeur de Ville Davantage de logements abordables Le soutien \u00e0 l\u2019innovation pour attirer les entreprises de demain  Une relance \u00e9conomique \u00e9cologique et solidaire  Un soutien fort au commerce local et aux PME de notre ville La mise en oeuvre d\u2019un plan climat ambitieux Un promotion active de la r\u00e9novation \u00e9nerg\u00e9tique et les \u00e9nergies renouvelables Une aide renforc\u00e9e aux associations locales et aux r\u00e9seaux de solidarit\u00e9  Une ville de sport et de culture  Le nouveau complexe sportif de Colovray L\u2019extension du Mus\u00e9e du L\u00e9man Des moyens nouveaux pour les milieux culturel et sportif La valorisation des talents locaux  Des quartiers o\u00f9 il fait bon vivre  Des services et commerces de proximit\u00e9 Un r\u00e9seau dense et s\u00fbr de pistes cyclables Une ville agr\u00e9able \u00e0 parcourir \u00e0 pied Encore plus de nature en Ville\" \/>\n<meta name=\"robots\" content=\"index, follow, max-snippet:-1, max-image-preview:large, max-video-preview:-1\" \/>\n<link rel=\"canonical\" href=\"https:\/\/vert-e-s-vd.ch\/lacote\/event\/dialogue-en-ligne\" \/>\n<meta property=\"og:locale\" content=\"fr_FR\" \/>\n<meta property=\"og:type\" content=\"article\" \/>\n<meta property=\"og:description\" content=\"Qui sont les candidat.e.s de la plateforme \u00e0 la Municipalit\u00e9? Quels sont les projets et priorit\u00e9s pour la Ville de Nyon et ses \u2026\" \/>\n<meta property=\"og:url\" content=\"https:\/\/vert-e-s-vd.ch\/lacote\/event\/dialogue-en-ligne\" \/>\n<meta property=\"og:site_name\" content=\"Les Vert\u00b7e\u00b7s vaudois\u00b7e\u00b7s, section La C\u00f4te\" \/>\n<meta property=\"article:publisher\" content=\"https:\/\/www.facebook.com\/VertsLaCote\" \/>\n<meta property=\"article:modified_time\" content=\"2021-02-03T19:03:21+00:00\" \/>\n<meta property=\"og:image\" content=\"https:\/\/vert-e-s-vd.ch\/lacote\/wp-content\/uploads\/sites\/5\/2019\/02\/GrueneLesVerts_URL_Logo_RGB_pos-790x0-c-default.png\" \/>\n\t<meta property=\"og:image:width\" content=\"790\" \/>\n\t<meta property=\"og:image:height\" content=\"543\" \/>\n\t<meta property=\"og:image:type\" content=\"image\/png\" \/>\n<meta name=\"twitter:card\" content=\"summary_large_image\" \/>\n<meta name=\"twitter:site\" content=\"@vertsvd\" \/>\n<script type=\"application\/ld+json\" class=\"yoast-schema-graph\">{\"@context\":\"https:\/\/schema.org\",\"@graph\":[{\"@type\":\"WebPage\",\"@id\":\"https:\/\/vert-e-s-vd.ch\/lacote\/event\/dialogue-en-ligne\",\"url\":\"https:\/\/vert-e-s-vd.ch\/lacote\/event\/dialogue-en-ligne\",\"name\":\"\",\"isPartOf\":{\"@id\":\"https:\/\/vert-e-s-vd.ch\/lacote\/#website\"},\"datePublished\":\"2021-02-03T18:57:11+00:00\",\"dateModified\":\"2021-02-03T19:03:21+00:00\",\"description\":\"Qui sont les candidat.e.s de la plateforme \u00e0 la Municipalit\u00e9? Quels sont les projets et priorit\u00e9s pour la Ville de Nyon et ses habitant.e.s en 2021- 2026? Avec Daniel Rossellat (Syndic), St\u00e9phanie Schmutz (PS), Alexandre D\u00e9m\u00e9triad\u00e8s (PS), Elise Buckle (Les Vert\u00b7e\u00b7s), Pierre Wahlen (Les Vert\u00b7e\u00b7s) Mardi 16 f\u00e9vrier \u00e0 20h00 \u00c9v\u00e9nement pour les habitants de la ville de Nyon inscrits pour voter aux prochaines \u00e9lections municipales le 7 mars 2021. Gratuit et ouvert \u00e0 tous\/ toutes &#8211; en ligne sur zoom (vous recevrez le lien pour l&rsquo;\u00e9v\u00e9nement une fois inscrit.e.s). Soir\u00e9e interactive et conviviale ou vous aurez la possibilit\u00e9 discuter le programme de la plate-forme de gauche avec des candidat.e.s et leur posez vos questions. Inscriptions \u00e0 l&rsquo;adresse suivante Dialogue en ligne avec les habitant.e.s de Nyon pour \u00e9changer sur la Ville de demain &nbsp; UN NOUVEL \u00c9LAN POUR NYON La plateforme de gauche, rassemblant le syndic Daniel Rossellat, St\u00e9phanie Schmutz et Alexandre D\u00e9m\u00e9triad\u00e8s pour le Parti Socialiste, ainsi qu\u2019Elise Buckle et Pierre Wahlen pour les Vert.e.s, pr\u00e9sente une \u00e9quipe coh\u00e9rente, comp\u00e9tente et soud\u00e9e pour insuffler une dynamique nouvelle \u00e0 la Municipalit\u00e9. Les cinq candidat.e.s de la plateforme, aux exp\u00e9riences et comp\u00e9tences compl\u00e9mentaires, portent un programme fort et ambitieux pour Nyon, \u00e0 l\u2019\u00e9coute de ses habitant.e.s et \u00e0 la hauteur des d\u00e9fis sociaux, environnementaux et \u00e9conomiques d\u2019aujourd\u2019hui. Une ville accueillante et dynamique \u2022 Un parc public et un parking souterrain \u00e0 Perdtemps \u2022 La revitalisation du Coeur de Ville \u2022 Davantage de logements abordables \u2022 Le soutien \u00e0 l\u2019innovation pour attirer les entreprises de demain Une relance \u00e9conomique \u00e9cologique et solidaire \u2022 Un soutien fort au commerce local et aux PME de notre ville \u2022 La mise en oeuvre d\u2019un plan climat ambitieux \u2022 Un promotion active de la r\u00e9novation \u00e9nerg\u00e9tique et les \u00e9nergies renouvelables \u2022 Une aide renforc\u00e9e aux associations locales et aux r\u00e9seaux de solidarit\u00e9 Une ville de sport et de culture \u2022 Le nouveau complexe sportif de Colovray \u2022 L\u2019extension du Mus\u00e9e du L\u00e9man \u2022 Des moyens nouveaux pour les milieux culturel et sportif \u2022 La valorisation des talents locaux Des quartiers o\u00f9 il fait bon vivre \u2022 Des services et commerces de proximit\u00e9 \u2022 Un r\u00e9seau dense et s\u00fbr de pistes cyclables \u2022 Une ville agr\u00e9able \u00e0 parcourir \u00e0 pied \u2022 Encore plus de nature en Ville\",\"breadcrumb\":{\"@id\":\"https:\/\/vert-e-s-vd.ch\/lacote\/event\/dialogue-en-ligne#breadcrumb\"},\"inLanguage\":\"fr-FR\",\"potentialAction\":[{\"@type\":\"ReadAction\",\"target\":[\"https:\/\/vert-e-s-vd.ch\/lacote\/event\/dialogue-en-ligne\"]}]},{\"@type\":\"BreadcrumbList\",\"@id\":\"https:\/\/vert-e-s-vd.ch\/lacote\/event\/dialogue-en-ligne#breadcrumb\",\"itemListElement\":[{\"@type\":\"ListItem\",\"position\":1,\"name\":\"Accueil\",\"item\":\"https:\/\/vert-e-s-vd.ch\/lacote\/\"},{\"@type\":\"ListItem\",\"position\":2,\"name\":\"Agenda\"}]},{\"@type\":\"WebSite\",\"@id\":\"https:\/\/vert-e-s-vd.ch\/lacote\/#website\",\"url\":\"https:\/\/vert-e-s-vd.ch\/lacote\/\",\"name\":\"Les Vert\u00b7e\u00b7s vaudois\u00b7e\u00b7s, section La C\u00f4te\",\"description\":\"Une longueur d\u2019avance\",\"publisher\":{\"@id\":\"https:\/\/vert-e-s-vd.ch\/lacote\/#organization\"},\"potentialAction\":[{\"@type\":\"SearchAction\",\"target\":{\"@type\":\"EntryPoint\",\"urlTemplate\":\"https:\/\/vert-e-s-vd.ch\/lacote\/?s={search_term_string}\"},\"query-input\":{\"@type\":\"PropertyValueSpecification\",\"valueRequired\":true,\"valueName\":\"search_term_string\"}}],\"inLanguage\":\"fr-FR\"},{\"@type\":\"Organization\",\"@id\":\"https:\/\/vert-e-s-vd.ch\/lacote\/#organization\",\"name\":\"Les Vert.e.s vaudois.e.s\",\"url\":\"https:\/\/vert-e-s-vd.ch\/lacote\/\",\"logo\":{\"@type\":\"ImageObject\",\"inLanguage\":\"fr-FR\",\"@id\":\"https:\/\/vert-e-s-vd.ch\/lacote\/#\/schema\/logo\/image\/\",\"url\":\"https:\/\/vert-e-s-vd.ch\/lacote\/wp-content\/uploads\/sites\/5\/2019\/02\/logo-defr-green.svg\",\"contentUrl\":\"https:\/\/vert-e-s-vd.ch\/lacote\/wp-content\/uploads\/sites\/5\/2019\/02\/logo-defr-green.svg\",\"width\":1,\"height\":1,\"caption\":\"Les Vert.e.s vaudois.e.s\"},\"image\":{\"@id\":\"https:\/\/vert-e-s-vd.ch\/lacote\/#\/schema\/logo\/image\/\"},\"sameAs\":[\"https:\/\/www.facebook.com\/VertsLaCote\",\"https:\/\/x.com\/vertsvd\"]}]}<\/script>\n<!-- \/ Yoast SEO plugin. -->","yoast_head_json":{"title":"Les Vert\u00b7e\u00b7s vaudois\u00b7e\u00b7s, section La C\u00f4te","description":"Qui sont les candidat.e.s de la plateforme \u00e0 la Municipalit\u00e9? Quels sont les projets et priorit\u00e9s pour la Ville de Nyon et ses habitant.e.s en 2021- 2026? Avec Daniel Rossellat (Syndic), St\u00e9phanie Schmutz (PS), Alexandre D\u00e9m\u00e9triad\u00e8s (PS), Elise Buckle (Les Vert\u00b7e\u00b7s), Pierre Wahlen (Les Vert\u00b7e\u00b7s) Mardi 16 f\u00e9vrier \u00e0 20h00 \u00c9v\u00e9nement pour les habitants de la ville de Nyon inscrits pour voter aux prochaines \u00e9lections municipales le 7 mars 2021. Gratuit et ouvert \u00e0 tous\/ toutes &#8211; en ligne sur zoom (vous recevrez le lien pour l&rsquo;\u00e9v\u00e9nement une fois inscrit.e.s). Soir\u00e9e interactive et conviviale ou vous aurez la possibilit\u00e9 discuter le programme de la plate-forme de gauche avec des candidat.e.s et leur posez vos questions. Inscriptions \u00e0 l&rsquo;adresse suivante Dialogue en ligne avec les habitant.e.s de Nyon pour \u00e9changer sur la Ville de demain &nbsp; UN NOUVEL \u00c9LAN POUR NYON La plateforme de gauche, rassemblant le syndic Daniel Rossellat, St\u00e9phanie Schmutz et Alexandre D\u00e9m\u00e9triad\u00e8s pour le Parti Socialiste, ainsi qu\u2019Elise Buckle et Pierre Wahlen pour les Vert.e.s, pr\u00e9sente une \u00e9quipe coh\u00e9rente, comp\u00e9tente et soud\u00e9e pour insuffler une dynamique nouvelle \u00e0 la Municipalit\u00e9. Les cinq candidat.e.s de la plateforme, aux exp\u00e9riences et comp\u00e9tences compl\u00e9mentaires, portent un programme fort et ambitieux pour Nyon, \u00e0 l\u2019\u00e9coute de ses habitant.e.s et \u00e0 la hauteur des d\u00e9fis sociaux, environnementaux et \u00e9conomiques d\u2019aujourd\u2019hui. Une ville accueillante et dynamique  Un parc public et un parking souterrain \u00e0 Perdtemps La revitalisation du Coeur de Ville Davantage de logements abordables Le soutien \u00e0 l\u2019innovation pour attirer les entreprises de demain  Une relance \u00e9conomique \u00e9cologique et solidaire  Un soutien fort au commerce local et aux PME de notre ville La mise en oeuvre d\u2019un plan climat ambitieux Un promotion active de la r\u00e9novation \u00e9nerg\u00e9tique et les \u00e9nergies renouvelables Une aide renforc\u00e9e aux associations locales et aux r\u00e9seaux de solidarit\u00e9  Une ville de sport et de culture  Le nouveau complexe sportif de Colovray L\u2019extension du Mus\u00e9e du L\u00e9man Des moyens nouveaux pour les milieux culturel et sportif La valorisation des talents locaux  Des quartiers o\u00f9 il fait bon vivre  Des services et commerces de proximit\u00e9 Un r\u00e9seau dense et s\u00fbr de pistes cyclables Une ville agr\u00e9able \u00e0 parcourir \u00e0 pied Encore plus de nature en Ville","robots":{"index":"index","follow":"follow","max-snippet":"max-snippet:-1","max-image-preview":"max-image-preview:large","max-video-preview":"max-video-preview:-1"},"canonical":"https:\/\/vert-e-s-vd.ch\/lacote\/event\/dialogue-en-ligne","og_locale":"fr_FR","og_type":"article","og_description":"Qui sont les candidat.e.s de la plateforme \u00e0 la Municipalit\u00e9? Quels sont les projets et priorit\u00e9s pour la Ville de Nyon et ses \u2026","og_url":"https:\/\/vert-e-s-vd.ch\/lacote\/event\/dialogue-en-ligne","og_site_name":"Les Vert\u00b7e\u00b7s vaudois\u00b7e\u00b7s, section La C\u00f4te","article_publisher":"https:\/\/www.facebook.com\/VertsLaCote","article_modified_time":"2021-02-03T19:03:21+00:00","og_image":[{"url":"https:\/\/vert-e-s-vd.ch\/lacote\/wp-content\/uploads\/sites\/5\/2019\/02\/GrueneLesVerts_URL_Logo_RGB_pos-790x0-c-default.png","width":790,"height":543,"type":"image\/png"}],"twitter_card":"summary_large_image","twitter_site":"@vertsvd","schema":{"@context":"https:\/\/schema.org","@graph":[{"@type":"WebPage","@id":"https:\/\/vert-e-s-vd.ch\/lacote\/event\/dialogue-en-ligne","url":"https:\/\/vert-e-s-vd.ch\/lacote\/event\/dialogue-en-ligne","name":"","isPartOf":{"@id":"https:\/\/vert-e-s-vd.ch\/lacote\/#website"},"datePublished":"2021-02-03T18:57:11+00:00","dateModified":"2021-02-03T19:03:21+00:00","description":"Qui sont les candidat.e.s de la plateforme \u00e0 la Municipalit\u00e9? Quels sont les projets et priorit\u00e9s pour la Ville de Nyon et ses habitant.e.s en 2021- 2026? Avec Daniel Rossellat (Syndic), St\u00e9phanie Schmutz (PS), Alexandre D\u00e9m\u00e9triad\u00e8s (PS), Elise Buckle (Les Vert\u00b7e\u00b7s), Pierre Wahlen (Les Vert\u00b7e\u00b7s) Mardi 16 f\u00e9vrier \u00e0 20h00 \u00c9v\u00e9nement pour les habitants de la ville de Nyon inscrits pour voter aux prochaines \u00e9lections municipales le 7 mars 2021. Gratuit et ouvert \u00e0 tous\/ toutes &#8211; en ligne sur zoom (vous recevrez le lien pour l&rsquo;\u00e9v\u00e9nement une fois inscrit.e.s). Soir\u00e9e interactive et conviviale ou vous aurez la possibilit\u00e9 discuter le programme de la plate-forme de gauche avec des candidat.e.s et leur posez vos questions. Inscriptions \u00e0 l&rsquo;adresse suivante Dialogue en ligne avec les habitant.e.s de Nyon pour \u00e9changer sur la Ville de demain &nbsp; UN NOUVEL \u00c9LAN POUR NYON La plateforme de gauche, rassemblant le syndic Daniel Rossellat, St\u00e9phanie Schmutz et Alexandre D\u00e9m\u00e9triad\u00e8s pour le Parti Socialiste, ainsi qu\u2019Elise Buckle et Pierre Wahlen pour les Vert.e.s, pr\u00e9sente une \u00e9quipe coh\u00e9rente, comp\u00e9tente et soud\u00e9e pour insuffler une dynamique nouvelle \u00e0 la Municipalit\u00e9. Les cinq candidat.e.s de la plateforme, aux exp\u00e9riences et comp\u00e9tences compl\u00e9mentaires, portent un programme fort et ambitieux pour Nyon, \u00e0 l\u2019\u00e9coute de ses habitant.e.s et \u00e0 la hauteur des d\u00e9fis sociaux, environnementaux et \u00e9conomiques d\u2019aujourd\u2019hui. Une ville accueillante et dynamique \u2022 Un parc public et un parking souterrain \u00e0 Perdtemps \u2022 La revitalisation du Coeur de Ville \u2022 Davantage de logements abordables \u2022 Le soutien \u00e0 l\u2019innovation pour attirer les entreprises de demain Une relance \u00e9conomique \u00e9cologique et solidaire \u2022 Un soutien fort au commerce local et aux PME de notre ville \u2022 La mise en oeuvre d\u2019un plan climat ambitieux \u2022 Un promotion active de la r\u00e9novation \u00e9nerg\u00e9tique et les \u00e9nergies renouvelables \u2022 Une aide renforc\u00e9e aux associations locales et aux r\u00e9seaux de solidarit\u00e9 Une ville de sport et de culture \u2022 Le nouveau complexe sportif de Colovray \u2022 L\u2019extension du Mus\u00e9e du L\u00e9man \u2022 Des moyens nouveaux pour les milieux culturel et sportif \u2022 La valorisation des talents locaux Des quartiers o\u00f9 il fait bon vivre \u2022 Des services et commerces de proximit\u00e9 \u2022 Un r\u00e9seau dense et s\u00fbr de pistes cyclables \u2022 Une ville agr\u00e9able \u00e0 parcourir \u00e0 pied \u2022 Encore plus de nature en Ville","breadcrumb":{"@id":"https:\/\/vert-e-s-vd.ch\/lacote\/event\/dialogue-en-ligne#breadcrumb"},"inLanguage":"fr-FR","potentialAction":[{"@type":"ReadAction","target":["https:\/\/vert-e-s-vd.ch\/lacote\/event\/dialogue-en-ligne"]}]},{"@type":"BreadcrumbList","@id":"https:\/\/vert-e-s-vd.ch\/lacote\/event\/dialogue-en-ligne#breadcrumb","itemListElement":[{"@type":"ListItem","position":1,"name":"Accueil","item":"https:\/\/vert-e-s-vd.ch\/lacote\/"},{"@type":"ListItem","position":2,"name":"Agenda"}]},{"@type":"WebSite","@id":"https:\/\/vert-e-s-vd.ch\/lacote\/#website","url":"https:\/\/vert-e-s-vd.ch\/lacote\/","name":"Les Vert\u00b7e\u00b7s vaudois\u00b7e\u00b7s, section La C\u00f4te","description":"Une longueur d\u2019avance","publisher":{"@id":"https:\/\/vert-e-s-vd.ch\/lacote\/#organization"},"potentialAction":[{"@type":"SearchAction","target":{"@type":"EntryPoint","urlTemplate":"https:\/\/vert-e-s-vd.ch\/lacote\/?s={search_term_string}"},"query-input":{"@type":"PropertyValueSpecification","valueRequired":true,"valueName":"search_term_string"}}],"inLanguage":"fr-FR"},{"@type":"Organization","@id":"https:\/\/vert-e-s-vd.ch\/lacote\/#organization","name":"Les Vert.e.s vaudois.e.s","url":"https:\/\/vert-e-s-vd.ch\/lacote\/","logo":{"@type":"ImageObject","inLanguage":"fr-FR","@id":"https:\/\/vert-e-s-vd.ch\/lacote\/#\/schema\/logo\/image\/","url":"https:\/\/vert-e-s-vd.ch\/lacote\/wp-content\/uploads\/sites\/5\/2019\/02\/logo-defr-green.svg","contentUrl":"https:\/\/vert-e-s-vd.ch\/lacote\/wp-content\/uploads\/sites\/5\/2019\/02\/logo-defr-green.svg","width":1,"height":1,"caption":"Les Vert.e.s vaudois.e.s"},"image":{"@id":"https:\/\/vert-e-s-vd.ch\/lacote\/#\/schema\/logo\/image\/"},"sameAs":["https:\/\/www.facebook.com\/VertsLaCote","https:\/\/x.com\/vertsvd"]}]}},"_links":{"self":[{"href":"https:\/\/vert-e-s-vd.ch\/lacote\/wp-json\/wp\/v2\/tribe_events\/71535","targetHints":{"allow":["GET"]}}],"collection":[{"href":"https:\/\/vert-e-s-vd.ch\/lacote\/wp-json\/wp\/v2\/tribe_events"}],"about":[{"href":"https:\/\/vert-e-s-vd.ch\/lacote\/wp-json\/wp\/v2\/types\/tribe_events"}],"author":[{"embeddable":true,"href":"https:\/\/vert-e-s-vd.ch\/lacote\/wp-json\/wp\/v2\/users\/5"}],"version-history":[{"count":5,"href":"https:\/\/vert-e-s-vd.ch\/lacote\/wp-json\/wp\/v2\/tribe_events\/71535\/revisions"}],"predecessor-version":[{"id":71541,"href":"https:\/\/vert-e-s-vd.ch\/lacote\/wp-json\/wp\/v2\/tribe_events\/71535\/revisions\/71541"}],"wp:attachment":[{"href":"https:\/\/vert-e-s-vd.ch\/lacote\/wp-json\/wp\/v2\/media?parent=71535"}],"wp:term":[{"taxonomy":"post_tag","embeddable":true,"href":"https:\/\/vert-e-s-vd.ch\/lacote\/wp-json\/wp\/v2\/tags?post=71535"},{"taxonomy":"tribe_events_cat","embeddable":true,"href":"https:\/\/vert-e-s-vd.ch\/lacote\/wp-json\/wp\/v2\/tribe_events_cat?post=71535"}],"curies":[{"name":"wp","href":"https:\/\/api.w.org\/{rel}","templated":true}]}}