{"id":70984,"date":"2016-01-29T17:21:16","date_gmt":"2016-01-29T16:21:16","guid":{"rendered":"https:\/\/vert-e-s-vd.ch\/jura-nordvaudois\/?page_id=515"},"modified":"2025-09-23T12:09:04","modified_gmt":"2025-09-23T10:09:04","slug":"municipalite","status":"publish","type":"page","link":"https:\/\/vert-e-s-vd.ch\/jura-nordvaudois\/communes\/yverdon\/municipalite","title":{"rendered":"Les Vert\u00b7e\u00b7s \u00e0 la Municipalit\u00e9 d&rsquo;Yverdon-les-Bains"},"content":{"rendered":"","protected":false},"excerpt":{"rendered":"","protected":false},"author":3,"featured_media":0,"parent":70993,"menu_order":0,"comment_status":"closed","ping_status":"closed","template":"","meta":{"_acf_changed":false,"inline_featured_image":false,"footnotes":""},"class_list":["post-70984","page","type-page","status-publish","hentry"],"acf":[],"yoast_head":"<!-- This site is optimized with the Yoast SEO plugin v26.9 - https:\/\/yoast.com\/product\/yoast-seo-wordpress\/ -->\n<title>Les Vert\u00b7e\u00b7s \u00e0 la Municipalit\u00e9 d&#039;Yverdon-les-Bains - Les Vert.e.s, section Jura et Nord-Vaudois<\/title>\n<meta name=\"description\" content=\"Nous vous pr\u00e9sentons les \u00e9lu\u00b7e\u00b7s Vert\u00b7e\u00b7s \u00e0 la Municipalit\u00e9 d\u2019Yverdon-les-Bains :\" \/>\n<meta name=\"robots\" content=\"index, follow, max-snippet:-1, max-image-preview:large, max-video-preview:-1\" \/>\n<link rel=\"canonical\" href=\"https:\/\/vert-e-s-vd.ch\/jura-nordvaudois\/communes\/yverdon\/municipalite\" \/>\n<meta property=\"og:locale\" content=\"fr_FR\" \/>\n<meta property=\"og:type\" content=\"article\" \/>\n<meta property=\"og:title\" content=\"Les Vert\u00b7e\u00b7s \u00e0 la Municipalit\u00e9 d&#039;Yverdon-les-Bains - Les Vert.e.s, section Jura et Nord-Vaudois\" \/>\n<meta property=\"og:description\" content=\"Nous vous pr\u00e9sentons les \u00e9lu\u00b7e\u00b7s Vert\u00b7e\u00b7s \u00e0 la Municipalit\u00e9 d\u2019Yverdon-les-Bains :\" \/>\n<meta property=\"og:url\" content=\"https:\/\/vert-e-s-vd.ch\/jura-nordvaudois\/communes\/yverdon\/municipalite\" \/>\n<meta property=\"og:site_name\" content=\"Les Vert.e.s, section Jura et Nord-Vaudois\" \/>\n<meta property=\"article:publisher\" content=\"https:\/\/www.facebook.com\/verts.yverdon\" \/>\n<meta property=\"article:modified_time\" content=\"2025-09-23T10:09:04+00:00\" \/>\n<meta name=\"twitter:card\" content=\"summary_large_image\" \/>\n<meta name=\"twitter:site\" content=\"@vertsyverdon\" \/>\n<meta name=\"twitter:label1\" content=\"Dur\u00e9e de lecture estim\u00e9e\" \/>\n\t<meta name=\"twitter:data1\" content=\"1 minute\" \/>\n<script type=\"application\/ld+json\" class=\"yoast-schema-graph\">{\"@context\":\"https:\/\/schema.org\",\"@graph\":[{\"@type\":\"WebPage\",\"@id\":\"https:\/\/vert-e-s-vd.ch\/jura-nordvaudois\/communes\/yverdon\/municipalite\",\"url\":\"https:\/\/vert-e-s-vd.ch\/jura-nordvaudois\/communes\/yverdon\/municipalite\",\"name\":\"Les Vert\u00b7e\u00b7s \u00e0 la Municipalit\u00e9 d'Yverdon-les-Bains - Les Vert.e.s, section Jura et Nord-Vaudois\",\"isPartOf\":{\"@id\":\"https:\/\/vert-e-s-vd.ch\/jura-nordvaudois\/#website\"},\"datePublished\":\"2016-01-29T16:21:16+00:00\",\"dateModified\":\"2025-09-23T10:09:04+00:00\",\"description\":\"Nous vous pr\u00e9sentons les \u00e9lu\u00b7e\u00b7s Vert\u00b7e\u00b7s \u00e0 la Municipalit\u00e9 d\u2019Yverdon-les-Bains :\",\"breadcrumb\":{\"@id\":\"https:\/\/vert-e-s-vd.ch\/jura-nordvaudois\/communes\/yverdon\/municipalite#breadcrumb\"},\"inLanguage\":\"fr-FR\",\"potentialAction\":[{\"@type\":\"ReadAction\",\"target\":[\"https:\/\/vert-e-s-vd.ch\/jura-nordvaudois\/communes\/yverdon\/municipalite\"]}]},{\"@type\":\"BreadcrumbList\",\"@id\":\"https:\/\/vert-e-s-vd.ch\/jura-nordvaudois\/communes\/yverdon\/municipalite#breadcrumb\",\"itemListElement\":[{\"@type\":\"ListItem\",\"position\":1,\"name\":\"Accueil\",\"item\":\"https:\/\/vert-e-s-vd.ch\/jura-nordvaudois\/\"},{\"@type\":\"ListItem\",\"position\":2,\"name\":\"Les Vert\u00b7e\u00b7s dans les communes\",\"item\":\"https:\/\/vert-e-s-vd.ch\/jura-nordvaudois\/communes\"},{\"@type\":\"ListItem\",\"position\":3,\"name\":\"Yverdon-les-Bains\",\"item\":\"https:\/\/vert-e-s-vd.ch\/jura-nordvaudois\/communes\/yverdon\"},{\"@type\":\"ListItem\",\"position\":4,\"name\":\"Les Vert\u00b7e\u00b7s \u00e0 la Municipalit\u00e9 d&rsquo;Yverdon-les-Bains\"}]},{\"@type\":\"WebSite\",\"@id\":\"https:\/\/vert-e-s-vd.ch\/jura-nordvaudois\/#website\",\"url\":\"https:\/\/vert-e-s-vd.ch\/jura-nordvaudois\/\",\"name\":\"Les Vert.e.s, section Jura et Nord-Vaudois\",\"description\":\"Une longueur d\u2019avance\",\"potentialAction\":[{\"@type\":\"SearchAction\",\"target\":{\"@type\":\"EntryPoint\",\"urlTemplate\":\"https:\/\/vert-e-s-vd.ch\/jura-nordvaudois\/?s={search_term_string}\"},\"query-input\":{\"@type\":\"PropertyValueSpecification\",\"valueRequired\":true,\"valueName\":\"search_term_string\"}}],\"inLanguage\":\"fr-FR\"}]}<\/script>\n<!-- \/ Yoast SEO plugin. -->","yoast_head_json":{"title":"Les Vert\u00b7e\u00b7s \u00e0 la Municipalit\u00e9 d'Yverdon-les-Bains - Les Vert.e.s, section Jura et Nord-Vaudois","description":"Nous vous pr\u00e9sentons les \u00e9lu\u00b7e\u00b7s Vert\u00b7e\u00b7s \u00e0 la Municipalit\u00e9 d\u2019Yverdon-les-Bains :","robots":{"index":"index","follow":"follow","max-snippet":"max-snippet:-1","max-image-preview":"max-image-preview:large","max-video-preview":"max-video-preview:-1"},"canonical":"https:\/\/vert-e-s-vd.ch\/jura-nordvaudois\/communes\/yverdon\/municipalite","og_locale":"fr_FR","og_type":"article","og_title":"Les Vert\u00b7e\u00b7s \u00e0 la Municipalit\u00e9 d'Yverdon-les-Bains - Les Vert.e.s, section Jura et Nord-Vaudois","og_description":"Nous vous pr\u00e9sentons les \u00e9lu\u00b7e\u00b7s Vert\u00b7e\u00b7s \u00e0 la Municipalit\u00e9 d\u2019Yverdon-les-Bains :","og_url":"https:\/\/vert-e-s-vd.ch\/jura-nordvaudois\/communes\/yverdon\/municipalite","og_site_name":"Les Vert.e.s, section Jura et Nord-Vaudois","article_publisher":"https:\/\/www.facebook.com\/verts.yverdon","article_modified_time":"2025-09-23T10:09:04+00:00","twitter_card":"summary_large_image","twitter_site":"@vertsyverdon","twitter_misc":{"Dur\u00e9e de lecture estim\u00e9e":"1 minute"},"schema":{"@context":"https:\/\/schema.org","@graph":[{"@type":"WebPage","@id":"https:\/\/vert-e-s-vd.ch\/jura-nordvaudois\/communes\/yverdon\/municipalite","url":"https:\/\/vert-e-s-vd.ch\/jura-nordvaudois\/communes\/yverdon\/municipalite","name":"Les Vert\u00b7e\u00b7s \u00e0 la Municipalit\u00e9 d'Yverdon-les-Bains - Les Vert.e.s, section Jura et Nord-Vaudois","isPartOf":{"@id":"https:\/\/vert-e-s-vd.ch\/jura-nordvaudois\/#website"},"datePublished":"2016-01-29T16:21:16+00:00","dateModified":"2025-09-23T10:09:04+00:00","description":"Nous vous pr\u00e9sentons les \u00e9lu\u00b7e\u00b7s Vert\u00b7e\u00b7s \u00e0 la Municipalit\u00e9 d\u2019Yverdon-les-Bains :","breadcrumb":{"@id":"https:\/\/vert-e-s-vd.ch\/jura-nordvaudois\/communes\/yverdon\/municipalite#breadcrumb"},"inLanguage":"fr-FR","potentialAction":[{"@type":"ReadAction","target":["https:\/\/vert-e-s-vd.ch\/jura-nordvaudois\/communes\/yverdon\/municipalite"]}]},{"@type":"BreadcrumbList","@id":"https:\/\/vert-e-s-vd.ch\/jura-nordvaudois\/communes\/yverdon\/municipalite#breadcrumb","itemListElement":[{"@type":"ListItem","position":1,"name":"Accueil","item":"https:\/\/vert-e-s-vd.ch\/jura-nordvaudois\/"},{"@type":"ListItem","position":2,"name":"Les Vert\u00b7e\u00b7s dans les communes","item":"https:\/\/vert-e-s-vd.ch\/jura-nordvaudois\/communes"},{"@type":"ListItem","position":3,"name":"Yverdon-les-Bains","item":"https:\/\/vert-e-s-vd.ch\/jura-nordvaudois\/communes\/yverdon"},{"@type":"ListItem","position":4,"name":"Les Vert\u00b7e\u00b7s \u00e0 la Municipalit\u00e9 d&rsquo;Yverdon-les-Bains"}]},{"@type":"WebSite","@id":"https:\/\/vert-e-s-vd.ch\/jura-nordvaudois\/#website","url":"https:\/\/vert-e-s-vd.ch\/jura-nordvaudois\/","name":"Les Vert.e.s, section Jura et Nord-Vaudois","description":"Une longueur d\u2019avance","potentialAction":[{"@type":"SearchAction","target":{"@type":"EntryPoint","urlTemplate":"https:\/\/vert-e-s-vd.ch\/jura-nordvaudois\/?s={search_term_string}"},"query-input":{"@type":"PropertyValueSpecification","valueRequired":true,"valueName":"search_term_string"}}],"inLanguage":"fr-FR"}]}},"_links":{"self":[{"href":"https:\/\/vert-e-s-vd.ch\/jura-nordvaudois\/wp-json\/wp\/v2\/pages\/70984","targetHints":{"allow":["GET"]}}],"collection":[{"href":"https:\/\/vert-e-s-vd.ch\/jura-nordvaudois\/wp-json\/wp\/v2\/pages"}],"about":[{"href":"https:\/\/vert-e-s-vd.ch\/jura-nordvaudois\/wp-json\/wp\/v2\/types\/page"}],"author":[{"embeddable":true,"href":"https:\/\/vert-e-s-vd.ch\/jura-nordvaudois\/wp-json\/wp\/v2\/users\/3"}],"replies":[{"embeddable":true,"href":"https:\/\/vert-e-s-vd.ch\/jura-nordvaudois\/wp-json\/wp\/v2\/comments?post=70984"}],"version-history":[{"count":7,"href":"https:\/\/vert-e-s-vd.ch\/jura-nordvaudois\/wp-json\/wp\/v2\/pages\/70984\/revisions"}],"predecessor-version":[{"id":72815,"href":"https:\/\/vert-e-s-vd.ch\/jura-nordvaudois\/wp-json\/wp\/v2\/pages\/70984\/revisions\/72815"}],"up":[{"embeddable":true,"href":"https:\/\/vert-e-s-vd.ch\/jura-nordvaudois\/wp-json\/wp\/v2\/pages\/70993"}],"wp:attachment":[{"href":"https:\/\/vert-e-s-vd.ch\/jura-nordvaudois\/wp-json\/wp\/v2\/media?parent=70984"}],"curies":[{"name":"wp","href":"https:\/\/api.w.org\/{rel}","templated":true}]}}