{"id":72037,"date":"2021-11-05T10:44:28","date_gmt":"2021-11-05T09:44:28","guid":{"rendered":"https:\/\/vert-e-s-vd.ch\/chablais-vaudois\/?post_type=tribe_events&#038;p=72037"},"modified":"2021-11-05T10:44:28","modified_gmt":"2021-11-05T09:44:28","slug":"assemblee-generale-extraordinaire-cantonales-2022","status":"publish","type":"tribe_events","link":"https:\/\/vert-e-s-vd.ch\/chablais-vaudois\/event\/assemblee-generale-extraordinaire-cantonales-2022","title":{"rendered":"Assembl\u00e9e g\u00e9n\u00e9rale extraordinaire (cantonales 2022)"},"content":{"rendered":"","protected":false},"excerpt":{"rendered":"<p><strong>Assembl\u00e9e g\u00e9n\u00e9rale extraordinaire, 8 novembre 2022, d\u00e8s 19h.<\/strong><\/p>\n<p>Nous invitons tous les Vert.e.s de la section \u00e0 votre Ag extraordinaire qui visera, entres autres, \u00e0 \u00e9lire nos candidat.e.s aux cantonales 2022.<\/p>\n<p>Merci de vous inscrire directement aupr\u00e8s de notre secr\u00e9tariat \u00e0 chablais@vert-e-s-vd.ch<\/p>\n<p>Le pass sanitaire n&rsquo;est pas demand\u00e9 pour y participer, le port du masque sera obligatoire et aucune verr\u00e9e officielle suivra cette assembl\u00e9e.<\/p>\n<p>Au plaisir de vous y retrouver !<\/p>\n<div dir=\"ltr\">&nbsp;<\/div>\n","protected":false},"author":15,"featured_media":0,"template":"","meta":{"_acf_changed":false,"inline_featured_image":false,"_tribe_events_status":"","_tribe_events_status_reason":"","footnotes":""},"tags":[],"tribe_events_cat":[409],"class_list":["post-72037","tribe_events","type-tribe_events","status-publish","hentry","tribe_events_cat-evenements-locaux","cat_evenements-locaux"],"acf":[],"yoast_head":"<!-- This site is optimized with the Yoast SEO plugin v26.9 - https:\/\/yoast.com\/product\/yoast-seo-wordpress\/ -->\n<title>Les VERT.E.S, section du Chablais vaudois et des Alpes Vaudoises<\/title>\n<meta name=\"description\" content=\"Assembl\u00e9e g\u00e9n\u00e9rale extraordinaire, 8 novembre 2022, d\u00e8s 19h. Nous invitons tous les Vert.e.s de la section \u00e0 votre Ag extraordinaire qui visera, entres autres, \u00e0 \u00e9lire nos candidat.e.s aux cantonales 2022. Merci de vous inscrire directement aupr\u00e8s de notre secr\u00e9tariat \u00e0 chablais@vert-e-s-vd.ch Le pass sanitaire n&rsquo;est pas demand\u00e9 pour y participer, le port du masque sera obligatoire et aucune verr\u00e9e officielle suivra cette assembl\u00e9e. Au plaisir de vous y retrouver ! &nbsp;\" \/>\n<meta name=\"robots\" content=\"index, follow, max-snippet:-1, max-image-preview:large, max-video-preview:-1\" \/>\n<link rel=\"canonical\" href=\"https:\/\/vert-e-s-vd.ch\/chablais-vaudois\/event\/assemblee-generale-extraordinaire-cantonales-2022\" \/>\n<meta property=\"og:locale\" content=\"fr_FR\" \/>\n<meta property=\"og:type\" content=\"article\" \/>\n<meta property=\"og:description\" content=\"Assembl\u00e9e g\u00e9n\u00e9rale extraordinaire, 8 novembre 2022, d\u00e8s 19h. Nous invitons tous les Vert.e.s de la section \u00e0 votre Ag extraordinaire \u2026\" \/>\n<meta property=\"og:url\" content=\"https:\/\/vert-e-s-vd.ch\/chablais-vaudois\/event\/assemblee-generale-extraordinaire-cantonales-2022\" \/>\n<meta property=\"og:site_name\" content=\"Les VERT.E.S, section du Chablais vaudois et des Alpes Vaudoises\" \/>\n<meta name=\"twitter:card\" content=\"summary_large_image\" \/>\n<script type=\"application\/ld+json\" class=\"yoast-schema-graph\">{\"@context\":\"https:\/\/schema.org\",\"@graph\":[{\"@type\":\"WebPage\",\"@id\":\"https:\/\/vert-e-s-vd.ch\/chablais-vaudois\/event\/assemblee-generale-extraordinaire-cantonales-2022\",\"url\":\"https:\/\/vert-e-s-vd.ch\/chablais-vaudois\/event\/assemblee-generale-extraordinaire-cantonales-2022\",\"name\":\"\",\"isPartOf\":{\"@id\":\"https:\/\/vert-e-s-vd.ch\/chablais-vaudois\/#website\"},\"datePublished\":\"2021-11-05T09:44:28+00:00\",\"description\":\"Assembl\u00e9e g\u00e9n\u00e9rale extraordinaire, 8 novembre 2022, d\u00e8s 19h. Nous invitons tous les Vert.e.s de la section \u00e0 votre Ag extraordinaire qui visera, entres autres, \u00e0 \u00e9lire nos candidat.e.s aux cantonales 2022. Merci de vous inscrire directement aupr\u00e8s de notre secr\u00e9tariat \u00e0 chablais@vert-e-s-vd.ch Le pass sanitaire n&rsquo;est pas demand\u00e9 pour y participer, le port du masque sera obligatoire et aucune verr\u00e9e officielle suivra cette assembl\u00e9e. Au plaisir de vous y retrouver ! &nbsp;\",\"breadcrumb\":{\"@id\":\"https:\/\/vert-e-s-vd.ch\/chablais-vaudois\/event\/assemblee-generale-extraordinaire-cantonales-2022#breadcrumb\"},\"inLanguage\":\"fr-FR\",\"potentialAction\":[{\"@type\":\"ReadAction\",\"target\":[\"https:\/\/vert-e-s-vd.ch\/chablais-vaudois\/event\/assemblee-generale-extraordinaire-cantonales-2022\"]}]},{\"@type\":\"BreadcrumbList\",\"@id\":\"https:\/\/vert-e-s-vd.ch\/chablais-vaudois\/event\/assemblee-generale-extraordinaire-cantonales-2022#breadcrumb\",\"itemListElement\":[{\"@type\":\"ListItem\",\"position\":1,\"name\":\"Accueil\",\"item\":\"https:\/\/vert-e-s-vd.ch\/chablais-vaudois\/\"},{\"@type\":\"ListItem\",\"position\":2,\"name\":\"Agenda\"}]},{\"@type\":\"WebSite\",\"@id\":\"https:\/\/vert-e-s-vd.ch\/chablais-vaudois\/#website\",\"url\":\"https:\/\/vert-e-s-vd.ch\/chablais-vaudois\/\",\"name\":\"Les VERT.E.S, section du Chablais vaudois et des Alpes Vaudoises\",\"description\":\"Une longueur d\u2019avance\",\"potentialAction\":[{\"@type\":\"SearchAction\",\"target\":{\"@type\":\"EntryPoint\",\"urlTemplate\":\"https:\/\/vert-e-s-vd.ch\/chablais-vaudois\/?s={search_term_string}\"},\"query-input\":{\"@type\":\"PropertyValueSpecification\",\"valueRequired\":true,\"valueName\":\"search_term_string\"}}],\"inLanguage\":\"fr-FR\"}]}<\/script>\n<!-- \/ Yoast SEO plugin. -->","yoast_head_json":{"title":"Les VERT.E.S, section du Chablais vaudois et des Alpes Vaudoises","description":"Assembl\u00e9e g\u00e9n\u00e9rale extraordinaire, 8 novembre 2022, d\u00e8s 19h. Nous invitons tous les Vert.e.s de la section \u00e0 votre Ag extraordinaire qui visera, entres autres, \u00e0 \u00e9lire nos candidat.e.s aux cantonales 2022. Merci de vous inscrire directement aupr\u00e8s de notre secr\u00e9tariat \u00e0 chablais@vert-e-s-vd.ch Le pass sanitaire n&rsquo;est pas demand\u00e9 pour y participer, le port du masque sera obligatoire et aucune verr\u00e9e officielle suivra cette assembl\u00e9e. Au plaisir de vous y retrouver ! &nbsp;","robots":{"index":"index","follow":"follow","max-snippet":"max-snippet:-1","max-image-preview":"max-image-preview:large","max-video-preview":"max-video-preview:-1"},"canonical":"https:\/\/vert-e-s-vd.ch\/chablais-vaudois\/event\/assemblee-generale-extraordinaire-cantonales-2022","og_locale":"fr_FR","og_type":"article","og_description":"Assembl\u00e9e g\u00e9n\u00e9rale extraordinaire, 8 novembre 2022, d\u00e8s 19h. Nous invitons tous les Vert.e.s de la section \u00e0 votre Ag extraordinaire \u2026","og_url":"https:\/\/vert-e-s-vd.ch\/chablais-vaudois\/event\/assemblee-generale-extraordinaire-cantonales-2022","og_site_name":"Les VERT.E.S, section du Chablais vaudois et des Alpes Vaudoises","twitter_card":"summary_large_image","schema":{"@context":"https:\/\/schema.org","@graph":[{"@type":"WebPage","@id":"https:\/\/vert-e-s-vd.ch\/chablais-vaudois\/event\/assemblee-generale-extraordinaire-cantonales-2022","url":"https:\/\/vert-e-s-vd.ch\/chablais-vaudois\/event\/assemblee-generale-extraordinaire-cantonales-2022","name":"","isPartOf":{"@id":"https:\/\/vert-e-s-vd.ch\/chablais-vaudois\/#website"},"datePublished":"2021-11-05T09:44:28+00:00","description":"Assembl\u00e9e g\u00e9n\u00e9rale extraordinaire, 8 novembre 2022, d\u00e8s 19h. Nous invitons tous les Vert.e.s de la section \u00e0 votre Ag extraordinaire qui visera, entres autres, \u00e0 \u00e9lire nos candidat.e.s aux cantonales 2022. Merci de vous inscrire directement aupr\u00e8s de notre secr\u00e9tariat \u00e0 chablais@vert-e-s-vd.ch Le pass sanitaire n&rsquo;est pas demand\u00e9 pour y participer, le port du masque sera obligatoire et aucune verr\u00e9e officielle suivra cette assembl\u00e9e. Au plaisir de vous y retrouver ! &nbsp;","breadcrumb":{"@id":"https:\/\/vert-e-s-vd.ch\/chablais-vaudois\/event\/assemblee-generale-extraordinaire-cantonales-2022#breadcrumb"},"inLanguage":"fr-FR","potentialAction":[{"@type":"ReadAction","target":["https:\/\/vert-e-s-vd.ch\/chablais-vaudois\/event\/assemblee-generale-extraordinaire-cantonales-2022"]}]},{"@type":"BreadcrumbList","@id":"https:\/\/vert-e-s-vd.ch\/chablais-vaudois\/event\/assemblee-generale-extraordinaire-cantonales-2022#breadcrumb","itemListElement":[{"@type":"ListItem","position":1,"name":"Accueil","item":"https:\/\/vert-e-s-vd.ch\/chablais-vaudois\/"},{"@type":"ListItem","position":2,"name":"Agenda"}]},{"@type":"WebSite","@id":"https:\/\/vert-e-s-vd.ch\/chablais-vaudois\/#website","url":"https:\/\/vert-e-s-vd.ch\/chablais-vaudois\/","name":"Les VERT.E.S, section du Chablais vaudois et des Alpes Vaudoises","description":"Une longueur d\u2019avance","potentialAction":[{"@type":"SearchAction","target":{"@type":"EntryPoint","urlTemplate":"https:\/\/vert-e-s-vd.ch\/chablais-vaudois\/?s={search_term_string}"},"query-input":{"@type":"PropertyValueSpecification","valueRequired":true,"valueName":"search_term_string"}}],"inLanguage":"fr-FR"}]}},"_links":{"self":[{"href":"https:\/\/vert-e-s-vd.ch\/chablais-vaudois\/wp-json\/wp\/v2\/tribe_events\/72037","targetHints":{"allow":["GET"]}}],"collection":[{"href":"https:\/\/vert-e-s-vd.ch\/chablais-vaudois\/wp-json\/wp\/v2\/tribe_events"}],"about":[{"href":"https:\/\/vert-e-s-vd.ch\/chablais-vaudois\/wp-json\/wp\/v2\/types\/tribe_events"}],"author":[{"embeddable":true,"href":"https:\/\/vert-e-s-vd.ch\/chablais-vaudois\/wp-json\/wp\/v2\/users\/15"}],"version-history":[{"count":1,"href":"https:\/\/vert-e-s-vd.ch\/chablais-vaudois\/wp-json\/wp\/v2\/tribe_events\/72037\/revisions"}],"predecessor-version":[{"id":72038,"href":"https:\/\/vert-e-s-vd.ch\/chablais-vaudois\/wp-json\/wp\/v2\/tribe_events\/72037\/revisions\/72038"}],"wp:attachment":[{"href":"https:\/\/vert-e-s-vd.ch\/chablais-vaudois\/wp-json\/wp\/v2\/media?parent=72037"}],"wp:term":[{"taxonomy":"post_tag","embeddable":true,"href":"https:\/\/vert-e-s-vd.ch\/chablais-vaudois\/wp-json\/wp\/v2\/tags?post=72037"},{"taxonomy":"tribe_events_cat","embeddable":true,"href":"https:\/\/vert-e-s-vd.ch\/chablais-vaudois\/wp-json\/wp\/v2\/tribe_events_cat?post=72037"}],"curies":[{"name":"wp","href":"https:\/\/api.w.org\/{rel}","templated":true}]}}