{"id":71909,"date":"2021-06-19T10:47:37","date_gmt":"2021-06-19T08:47:37","guid":{"rendered":"https:\/\/vert-e-s-vd.ch\/chablais-vaudois\/?post_type=tribe_events&#038;p=71909"},"modified":"2021-06-19T10:48:27","modified_gmt":"2021-06-19T08:48:27","slug":"universite-dete-atelier-sur-le-potentiel-daction-des-communes-en-periode-de-bouleversement-climatique","status":"publish","type":"tribe_events","link":"https:\/\/vert-e-s-vd.ch\/chablais-vaudois\/event\/universite-dete-atelier-sur-le-potentiel-daction-des-communes-en-periode-de-bouleversement-climatique","title":{"rendered":"Universit\u00e9 d\u2019\u00e9t\u00e9 : atelier sur le potentiel d&rsquo;action des communes en p\u00e9riode de bouleversement climatique"},"content":{"rendered":"","protected":false},"excerpt":{"rendered":"<p>Les Vert.e.s d&rsquo;Aigle vous accueillent pour une matin\u00e9e de r\u00e9flexion sur le th\u00e8me : <strong>Potentiel d\u2019actions communales en p\u00e9riode de bouleversement climatique<\/strong><\/p>\n<p><strong>O\u00f9: <\/strong>au Refuge des Fahy, pr\u00e8s du Parc Aventure d\u2019Aigle.<\/p>\n<p><strong>Pour qui<\/strong>&nbsp;: Tous les Vert.e.s et ouverts des Alpes vaudoises sont les bienvenus.<\/p>\n<p><strong>Invit\u00e9e<\/strong> : Madame S\u00e9verine Ev\u00e9quoz.<\/p>\n<p>Originaire de Chessel, successivement fleuriste, ing\u00e9nieure HES, responsable de nature et paysage \u00e0 Lausanne puis cheffe du programme nature en ville \u00e0 Gen\u00e8ve. Actuellement collaboratrice scientifique \u00e0 l\u2019Office f\u00e9d\u00e9ral de l\u2019environnement \u00e0 Berne. Elue Verte au Grand Conseil o\u00f9 elle est actuellement 2\u00e8me vice-pr\u00e9sidente.<\/p>\n<p><strong>Que se passera-t-il<\/strong> ? :&nbsp;<\/p>\n<p>8h 30 accueil<\/p>\n<p>9h Introduction et pr\u00e9sentation de la matin\u00e9e<\/p>\n<p>9h 15 Pr\u00e9sentation de Madame Ev\u00e9quoz sur le th\u00e8me&nbsp;:<\/p>\n<p><strong>Potentiel d\u2019actions communales en p\u00e9riode de bouleversement climatique<\/strong><\/p>\n<p>Questions , r\u00e9ponses.<\/p>\n<p>10h Pause<\/p>\n<p>10h 15 Travail en groupes sur 4 th\u00e8mes : &nbsp;&nbsp;&nbsp; Mobilit\u00e9\/Energie &#8211; Nature en ville &#8211; D\u00e9veloppement social &#8211; Avenir \u00e9conomique<\/p>\n<p>&nbsp;Chaque groupe recevra 4 propositions de sujet au choix. Le but est de r\u00e9diger un texte sur le sujet choisi, texte qui sera ensuite lu en plenum.&nbsp;<\/p>\n<p>11h15 retour en Plenum (10 min par groupe)<\/p>\n<p>11h 50 Conclusion et remerciements<\/p>\n<p>12h ap\u00e9ro grillade pour ceux qui veulent<\/p>\n<p>Renseignements et inscriptions : Jean-Fran\u00e7ois Schnegg<br \/>\n<a href=\"mailto:drjf.schnegg@bluewin.ch\" target=\"_blank\" rel=\"noopener\">drjf.schnegg@bluewin.ch<\/a> &nbsp; &nbsp; &nbsp; &nbsp; &nbsp; &nbsp; &nbsp; &nbsp; &nbsp; &nbsp; &nbsp; &nbsp; &nbsp; &nbsp; &nbsp; &nbsp; &nbsp; &nbsp; &nbsp; &nbsp; &nbsp; &nbsp; &nbsp; &nbsp; &nbsp; &nbsp; &nbsp; &nbsp; &nbsp; &nbsp; &nbsp; &nbsp; &nbsp; &nbsp; &nbsp; &nbsp; &nbsp;<\/p>\n<p>&nbsp; &nbsp; &nbsp; &nbsp; &nbsp; &nbsp; &nbsp; &nbsp; &nbsp; &nbsp; &nbsp; &nbsp; &nbsp; &nbsp; &nbsp; &nbsp; &nbsp; &nbsp; &nbsp; &nbsp; &nbsp; &nbsp; &nbsp; &nbsp; &nbsp; &nbsp; &nbsp; &nbsp; &nbsp; &nbsp; &nbsp; &nbsp; &nbsp; &nbsp; &nbsp; &nbsp; &nbsp; &nbsp; &nbsp; &nbsp; &nbsp; &nbsp;<\/p>\n<p>&nbsp;<\/p>\n<p>&nbsp;<\/p>\n<p>&nbsp;<\/p>\n<p>&nbsp;<\/p>\n<p><strong>&nbsp;<\/strong><\/p>\n<p><strong>&nbsp;&nbsp;&nbsp;&nbsp;&nbsp;&nbsp;&nbsp;&nbsp;&nbsp;&nbsp;&nbsp;&nbsp;&nbsp;&nbsp;&nbsp;&nbsp;&nbsp;&nbsp;&nbsp;&nbsp;&nbsp;&nbsp;&nbsp;&nbsp;&nbsp;&nbsp;&nbsp;&nbsp;&nbsp;&nbsp;&nbsp;&nbsp;&nbsp;&nbsp; <\/strong><\/p>\n<p>&nbsp;<\/p>\n","protected":false},"author":15,"featured_media":0,"template":"","meta":{"_acf_changed":false,"inline_featured_image":false,"_tribe_events_status":"","_tribe_events_status_reason":"","footnotes":""},"tags":[],"tribe_events_cat":[409],"class_list":["post-71909","tribe_events","type-tribe_events","status-publish","hentry","tribe_events_cat-evenements-locaux","cat_evenements-locaux"],"acf":[],"yoast_head":"<!-- This site is optimized with the Yoast SEO plugin v26.9 - https:\/\/yoast.com\/product\/yoast-seo-wordpress\/ -->\n<title>Les VERT.E.S, section du Chablais vaudois et des Alpes Vaudoises<\/title>\n<meta name=\"description\" content=\"Les Vert.e.s d&rsquo;Aigle vous accueillent pour une matin\u00e9e de r\u00e9flexion sur le th\u00e8me : Potentiel d\u2019actions communales en p\u00e9riode de bouleversement climatique O\u00f9: au Refuge des Fahy, pr\u00e8s du Parc Aventure d\u2019Aigle. Pour qui&nbsp;: Tous les Vert.e.s et ouverts des Alpes vaudoises sont les bienvenus. Invit\u00e9e : Madame S\u00e9verine Ev\u00e9quoz. Originaire de Chessel, successivement fleuriste, ing\u00e9nieure HES, responsable de nature et paysage \u00e0 Lausanne puis cheffe du programme nature en ville \u00e0 Gen\u00e8ve. Actuellement collaboratrice scientifique \u00e0 l\u2019Office f\u00e9d\u00e9ral de l\u2019environnement \u00e0 Berne. Elue Verte au Grand Conseil o\u00f9 elle est actuellement 2\u00e8me vice-pr\u00e9sidente. Que se passera-t-il ? :&nbsp; 8h 30 accueil 9h Introduction et pr\u00e9sentation de la matin\u00e9e 9h 15 Pr\u00e9sentation de Madame Ev\u00e9quoz sur le th\u00e8me&nbsp;: Potentiel d\u2019actions communales en p\u00e9riode de bouleversement climatique Questions , r\u00e9ponses. 10h Pause 10h 15 Travail en groupes sur 4 th\u00e8mes : &nbsp;&nbsp;&nbsp; Mobilit\u00e9\/Energie &#8211; Nature en ville &#8211; D\u00e9veloppement social &#8211; Avenir \u00e9conomique &nbsp;Chaque groupe recevra 4 propositions de sujet au choix. Le but est de r\u00e9diger un texte sur le sujet choisi, texte qui sera ensuite lu en plenum.&nbsp; 11h15 retour en Plenum (10 min par groupe) 11h 50 Conclusion et remerciements 12h ap\u00e9ro grillade pour ceux qui veulent Renseignements et inscriptions : Jean-Fran\u00e7ois Schnegg drjf.schnegg@bluewin.ch &nbsp; &nbsp; &nbsp; &nbsp; &nbsp; &nbsp; &nbsp; &nbsp; &nbsp; &nbsp; &nbsp; &nbsp; &nbsp; &nbsp; &nbsp; &nbsp; &nbsp; &nbsp; &nbsp; &nbsp; &nbsp; &nbsp; &nbsp; &nbsp; &nbsp; &nbsp; &nbsp; &nbsp; &nbsp; &nbsp; &nbsp; &nbsp; &nbsp; &nbsp; &nbsp; &nbsp; &nbsp; &nbsp; &nbsp; &nbsp; &nbsp; &nbsp; &nbsp; &nbsp; &nbsp; &nbsp; &nbsp; &nbsp; &nbsp; &nbsp; &nbsp; &nbsp; &nbsp; &nbsp; &nbsp; &nbsp; &nbsp; &nbsp; &nbsp; &nbsp; &nbsp; &nbsp; &nbsp; &nbsp; &nbsp; &nbsp; &nbsp; &nbsp; &nbsp; &nbsp; &nbsp; &nbsp; &nbsp; &nbsp; &nbsp; &nbsp; &nbsp; &nbsp; &nbsp; &nbsp; &nbsp; &nbsp; &nbsp; &nbsp; &nbsp;&nbsp;&nbsp;&nbsp;&nbsp;&nbsp;&nbsp;&nbsp;&nbsp;&nbsp;&nbsp;&nbsp;&nbsp;&nbsp;&nbsp;&nbsp;&nbsp;&nbsp;&nbsp;&nbsp;&nbsp;&nbsp;&nbsp;&nbsp;&nbsp;&nbsp;&nbsp;&nbsp;&nbsp;&nbsp;&nbsp;&nbsp;&nbsp;&nbsp;  &nbsp;\" \/>\n<meta name=\"robots\" content=\"index, follow, max-snippet:-1, max-image-preview:large, max-video-preview:-1\" \/>\n<link rel=\"canonical\" href=\"https:\/\/vert-e-s-vd.ch\/chablais-vaudois\/event\/universite-dete-atelier-sur-le-potentiel-daction-des-communes-en-periode-de-bouleversement-climatique\" \/>\n<meta property=\"og:locale\" content=\"fr_FR\" \/>\n<meta property=\"og:type\" content=\"article\" \/>\n<meta property=\"og:description\" content=\"Les Vert.e.s d&rsquo;Aigle vous accueillent pour une matin\u00e9e de r\u00e9flexion sur le th\u00e8me : Potentiel d\u2019actions communales en p\u00e9riode de \u2026\" \/>\n<meta property=\"og:url\" content=\"https:\/\/vert-e-s-vd.ch\/chablais-vaudois\/event\/universite-dete-atelier-sur-le-potentiel-daction-des-communes-en-periode-de-bouleversement-climatique\" \/>\n<meta property=\"og:site_name\" content=\"Les VERT.E.S, section du Chablais vaudois et des Alpes Vaudoises\" \/>\n<meta property=\"article:modified_time\" content=\"2021-06-19T08:48:27+00:00\" \/>\n<meta name=\"twitter:card\" content=\"summary_large_image\" \/>\n<script type=\"application\/ld+json\" class=\"yoast-schema-graph\">{\"@context\":\"https:\/\/schema.org\",\"@graph\":[{\"@type\":\"WebPage\",\"@id\":\"https:\/\/vert-e-s-vd.ch\/chablais-vaudois\/event\/universite-dete-atelier-sur-le-potentiel-daction-des-communes-en-periode-de-bouleversement-climatique\",\"url\":\"https:\/\/vert-e-s-vd.ch\/chablais-vaudois\/event\/universite-dete-atelier-sur-le-potentiel-daction-des-communes-en-periode-de-bouleversement-climatique\",\"name\":\"\",\"isPartOf\":{\"@id\":\"https:\/\/vert-e-s-vd.ch\/chablais-vaudois\/#website\"},\"datePublished\":\"2021-06-19T08:47:37+00:00\",\"dateModified\":\"2021-06-19T08:48:27+00:00\",\"description\":\"Les Vert.e.s d&rsquo;Aigle vous accueillent pour une matin\u00e9e de r\u00e9flexion sur le th\u00e8me : Potentiel d\u2019actions communales en p\u00e9riode de bouleversement climatique O\u00f9: au Refuge des Fahy, pr\u00e8s du Parc Aventure d\u2019Aigle. Pour qui&nbsp;: Tous les Vert.e.s et ouverts des Alpes vaudoises sont les bienvenus. Invit\u00e9e : Madame S\u00e9verine Ev\u00e9quoz. Originaire de Chessel, successivement fleuriste, ing\u00e9nieure HES, responsable de nature et paysage \u00e0 Lausanne puis cheffe du programme nature en ville \u00e0 Gen\u00e8ve. Actuellement collaboratrice scientifique \u00e0 l\u2019Office f\u00e9d\u00e9ral de l\u2019environnement \u00e0 Berne. Elue Verte au Grand Conseil o\u00f9 elle est actuellement 2\u00e8me vice-pr\u00e9sidente. Que se passera-t-il ? :&nbsp; 8h 30 accueil 9h Introduction et pr\u00e9sentation de la matin\u00e9e 9h 15 Pr\u00e9sentation de Madame Ev\u00e9quoz sur le th\u00e8me&nbsp;: Potentiel d\u2019actions communales en p\u00e9riode de bouleversement climatique Questions , r\u00e9ponses. 10h Pause 10h 15 Travail en groupes sur 4 th\u00e8mes : &nbsp;&nbsp;&nbsp; Mobilit\u00e9\/Energie &#8211; Nature en ville &#8211; D\u00e9veloppement social &#8211; Avenir \u00e9conomique &nbsp;Chaque groupe recevra 4 propositions de sujet au choix. Le but est de r\u00e9diger un texte sur le sujet choisi, texte qui sera ensuite lu en plenum.&nbsp; 11h15 retour en Plenum (10 min par groupe) 11h 50 Conclusion et remerciements 12h ap\u00e9ro grillade pour ceux qui veulent Renseignements et inscriptions : Jean-Fran\u00e7ois Schnegg drjf.schnegg@bluewin.ch &nbsp; &nbsp; &nbsp; &nbsp; &nbsp; &nbsp; &nbsp; &nbsp; &nbsp; &nbsp; &nbsp; &nbsp; &nbsp; &nbsp; &nbsp; &nbsp; &nbsp; &nbsp; &nbsp; &nbsp; &nbsp; &nbsp; &nbsp; &nbsp; &nbsp; &nbsp; &nbsp; &nbsp; &nbsp; &nbsp; &nbsp; &nbsp; &nbsp; &nbsp; &nbsp; &nbsp; &nbsp; &nbsp; &nbsp; &nbsp; &nbsp; &nbsp; &nbsp; &nbsp; &nbsp; &nbsp; &nbsp; &nbsp; &nbsp; &nbsp; &nbsp; &nbsp; &nbsp; &nbsp; &nbsp; &nbsp; &nbsp; &nbsp; &nbsp; &nbsp; &nbsp; &nbsp; &nbsp; &nbsp; &nbsp; &nbsp; &nbsp; &nbsp; &nbsp; &nbsp; &nbsp; &nbsp; &nbsp; &nbsp; &nbsp; &nbsp; &nbsp; &nbsp; &nbsp; &nbsp; &nbsp; &nbsp; &nbsp; &nbsp; &nbsp;&nbsp;&nbsp;&nbsp;&nbsp;&nbsp;&nbsp;&nbsp;&nbsp;&nbsp;&nbsp;&nbsp;&nbsp;&nbsp;&nbsp;&nbsp;&nbsp;&nbsp;&nbsp;&nbsp;&nbsp;&nbsp;&nbsp;&nbsp;&nbsp;&nbsp;&nbsp;&nbsp;&nbsp;&nbsp;&nbsp;&nbsp;&nbsp;&nbsp; &nbsp;\",\"breadcrumb\":{\"@id\":\"https:\/\/vert-e-s-vd.ch\/chablais-vaudois\/event\/universite-dete-atelier-sur-le-potentiel-daction-des-communes-en-periode-de-bouleversement-climatique#breadcrumb\"},\"inLanguage\":\"fr-FR\",\"potentialAction\":[{\"@type\":\"ReadAction\",\"target\":[\"https:\/\/vert-e-s-vd.ch\/chablais-vaudois\/event\/universite-dete-atelier-sur-le-potentiel-daction-des-communes-en-periode-de-bouleversement-climatique\"]}]},{\"@type\":\"BreadcrumbList\",\"@id\":\"https:\/\/vert-e-s-vd.ch\/chablais-vaudois\/event\/universite-dete-atelier-sur-le-potentiel-daction-des-communes-en-periode-de-bouleversement-climatique#breadcrumb\",\"itemListElement\":[{\"@type\":\"ListItem\",\"position\":1,\"name\":\"Accueil\",\"item\":\"https:\/\/vert-e-s-vd.ch\/chablais-vaudois\/\"},{\"@type\":\"ListItem\",\"position\":2,\"name\":\"Agenda\"}]},{\"@type\":\"WebSite\",\"@id\":\"https:\/\/vert-e-s-vd.ch\/chablais-vaudois\/#website\",\"url\":\"https:\/\/vert-e-s-vd.ch\/chablais-vaudois\/\",\"name\":\"Les VERT.E.S, section du Chablais vaudois et des Alpes Vaudoises\",\"description\":\"Une longueur d\u2019avance\",\"potentialAction\":[{\"@type\":\"SearchAction\",\"target\":{\"@type\":\"EntryPoint\",\"urlTemplate\":\"https:\/\/vert-e-s-vd.ch\/chablais-vaudois\/?s={search_term_string}\"},\"query-input\":{\"@type\":\"PropertyValueSpecification\",\"valueRequired\":true,\"valueName\":\"search_term_string\"}}],\"inLanguage\":\"fr-FR\"}]}<\/script>\n<!-- \/ Yoast SEO plugin. -->","yoast_head_json":{"title":"Les VERT.E.S, section du Chablais vaudois et des Alpes Vaudoises","description":"Les Vert.e.s d&rsquo;Aigle vous accueillent pour une matin\u00e9e de r\u00e9flexion sur le th\u00e8me : Potentiel d\u2019actions communales en p\u00e9riode de bouleversement climatique O\u00f9: au Refuge des Fahy, pr\u00e8s du Parc Aventure d\u2019Aigle. Pour qui&nbsp;: Tous les Vert.e.s et ouverts des Alpes vaudoises sont les bienvenus. Invit\u00e9e : Madame S\u00e9verine Ev\u00e9quoz. Originaire de Chessel, successivement fleuriste, ing\u00e9nieure HES, responsable de nature et paysage \u00e0 Lausanne puis cheffe du programme nature en ville \u00e0 Gen\u00e8ve. Actuellement collaboratrice scientifique \u00e0 l\u2019Office f\u00e9d\u00e9ral de l\u2019environnement \u00e0 Berne. Elue Verte au Grand Conseil o\u00f9 elle est actuellement 2\u00e8me vice-pr\u00e9sidente. Que se passera-t-il ? :&nbsp; 8h 30 accueil 9h Introduction et pr\u00e9sentation de la matin\u00e9e 9h 15 Pr\u00e9sentation de Madame Ev\u00e9quoz sur le th\u00e8me&nbsp;: Potentiel d\u2019actions communales en p\u00e9riode de bouleversement climatique Questions , r\u00e9ponses. 10h Pause 10h 15 Travail en groupes sur 4 th\u00e8mes : &nbsp;&nbsp;&nbsp; Mobilit\u00e9\/Energie &#8211; Nature en ville &#8211; D\u00e9veloppement social &#8211; Avenir \u00e9conomique &nbsp;Chaque groupe recevra 4 propositions de sujet au choix. Le but est de r\u00e9diger un texte sur le sujet choisi, texte qui sera ensuite lu en plenum.&nbsp; 11h15 retour en Plenum (10 min par groupe) 11h 50 Conclusion et remerciements 12h ap\u00e9ro grillade pour ceux qui veulent Renseignements et inscriptions : Jean-Fran\u00e7ois Schnegg drjf.schnegg@bluewin.ch &nbsp; &nbsp; &nbsp; &nbsp; &nbsp; &nbsp; &nbsp; &nbsp; &nbsp; &nbsp; &nbsp; &nbsp; &nbsp; &nbsp; &nbsp; &nbsp; &nbsp; &nbsp; &nbsp; &nbsp; &nbsp; &nbsp; &nbsp; &nbsp; &nbsp; &nbsp; &nbsp; &nbsp; &nbsp; &nbsp; &nbsp; &nbsp; &nbsp; &nbsp; &nbsp; &nbsp; &nbsp; &nbsp; &nbsp; &nbsp; &nbsp; &nbsp; &nbsp; &nbsp; &nbsp; &nbsp; &nbsp; &nbsp; &nbsp; &nbsp; &nbsp; &nbsp; &nbsp; &nbsp; &nbsp; &nbsp; &nbsp; &nbsp; &nbsp; &nbsp; &nbsp; &nbsp; &nbsp; &nbsp; &nbsp; &nbsp; &nbsp; &nbsp; &nbsp; &nbsp; &nbsp; &nbsp; &nbsp; &nbsp; &nbsp; &nbsp; &nbsp; &nbsp; &nbsp; &nbsp; &nbsp; &nbsp; &nbsp; &nbsp; &nbsp;&nbsp;&nbsp;&nbsp;&nbsp;&nbsp;&nbsp;&nbsp;&nbsp;&nbsp;&nbsp;&nbsp;&nbsp;&nbsp;&nbsp;&nbsp;&nbsp;&nbsp;&nbsp;&nbsp;&nbsp;&nbsp;&nbsp;&nbsp;&nbsp;&nbsp;&nbsp;&nbsp;&nbsp;&nbsp;&nbsp;&nbsp;&nbsp;&nbsp;  &nbsp;","robots":{"index":"index","follow":"follow","max-snippet":"max-snippet:-1","max-image-preview":"max-image-preview:large","max-video-preview":"max-video-preview:-1"},"canonical":"https:\/\/vert-e-s-vd.ch\/chablais-vaudois\/event\/universite-dete-atelier-sur-le-potentiel-daction-des-communes-en-periode-de-bouleversement-climatique","og_locale":"fr_FR","og_type":"article","og_description":"Les Vert.e.s d&rsquo;Aigle vous accueillent pour une matin\u00e9e de r\u00e9flexion sur le th\u00e8me : Potentiel d\u2019actions communales en p\u00e9riode de \u2026","og_url":"https:\/\/vert-e-s-vd.ch\/chablais-vaudois\/event\/universite-dete-atelier-sur-le-potentiel-daction-des-communes-en-periode-de-bouleversement-climatique","og_site_name":"Les VERT.E.S, section du Chablais vaudois et des Alpes Vaudoises","article_modified_time":"2021-06-19T08:48:27+00:00","twitter_card":"summary_large_image","schema":{"@context":"https:\/\/schema.org","@graph":[{"@type":"WebPage","@id":"https:\/\/vert-e-s-vd.ch\/chablais-vaudois\/event\/universite-dete-atelier-sur-le-potentiel-daction-des-communes-en-periode-de-bouleversement-climatique","url":"https:\/\/vert-e-s-vd.ch\/chablais-vaudois\/event\/universite-dete-atelier-sur-le-potentiel-daction-des-communes-en-periode-de-bouleversement-climatique","name":"","isPartOf":{"@id":"https:\/\/vert-e-s-vd.ch\/chablais-vaudois\/#website"},"datePublished":"2021-06-19T08:47:37+00:00","dateModified":"2021-06-19T08:48:27+00:00","description":"Les Vert.e.s d&rsquo;Aigle vous accueillent pour une matin\u00e9e de r\u00e9flexion sur le th\u00e8me : Potentiel d\u2019actions communales en p\u00e9riode de bouleversement climatique O\u00f9: au Refuge des Fahy, pr\u00e8s du Parc Aventure d\u2019Aigle. Pour qui&nbsp;: Tous les Vert.e.s et ouverts des Alpes vaudoises sont les bienvenus. Invit\u00e9e : Madame S\u00e9verine Ev\u00e9quoz. Originaire de Chessel, successivement fleuriste, ing\u00e9nieure HES, responsable de nature et paysage \u00e0 Lausanne puis cheffe du programme nature en ville \u00e0 Gen\u00e8ve. Actuellement collaboratrice scientifique \u00e0 l\u2019Office f\u00e9d\u00e9ral de l\u2019environnement \u00e0 Berne. Elue Verte au Grand Conseil o\u00f9 elle est actuellement 2\u00e8me vice-pr\u00e9sidente. Que se passera-t-il ? :&nbsp; 8h 30 accueil 9h Introduction et pr\u00e9sentation de la matin\u00e9e 9h 15 Pr\u00e9sentation de Madame Ev\u00e9quoz sur le th\u00e8me&nbsp;: Potentiel d\u2019actions communales en p\u00e9riode de bouleversement climatique Questions , r\u00e9ponses. 10h Pause 10h 15 Travail en groupes sur 4 th\u00e8mes : &nbsp;&nbsp;&nbsp; Mobilit\u00e9\/Energie &#8211; Nature en ville &#8211; D\u00e9veloppement social &#8211; Avenir \u00e9conomique &nbsp;Chaque groupe recevra 4 propositions de sujet au choix. Le but est de r\u00e9diger un texte sur le sujet choisi, texte qui sera ensuite lu en plenum.&nbsp; 11h15 retour en Plenum (10 min par groupe) 11h 50 Conclusion et remerciements 12h ap\u00e9ro grillade pour ceux qui veulent Renseignements et inscriptions : Jean-Fran\u00e7ois Schnegg drjf.schnegg@bluewin.ch &nbsp; &nbsp; &nbsp; &nbsp; &nbsp; &nbsp; &nbsp; &nbsp; &nbsp; &nbsp; &nbsp; &nbsp; &nbsp; &nbsp; &nbsp; &nbsp; &nbsp; &nbsp; &nbsp; &nbsp; &nbsp; &nbsp; &nbsp; &nbsp; &nbsp; &nbsp; &nbsp; &nbsp; &nbsp; &nbsp; &nbsp; &nbsp; &nbsp; &nbsp; &nbsp; &nbsp; &nbsp; &nbsp; &nbsp; &nbsp; &nbsp; &nbsp; &nbsp; &nbsp; &nbsp; &nbsp; &nbsp; &nbsp; &nbsp; &nbsp; &nbsp; &nbsp; &nbsp; &nbsp; &nbsp; &nbsp; &nbsp; &nbsp; &nbsp; &nbsp; &nbsp; &nbsp; &nbsp; &nbsp; &nbsp; &nbsp; &nbsp; &nbsp; &nbsp; &nbsp; &nbsp; &nbsp; &nbsp; &nbsp; &nbsp; &nbsp; &nbsp; &nbsp; &nbsp; &nbsp; &nbsp; &nbsp; &nbsp; &nbsp; &nbsp;&nbsp;&nbsp;&nbsp;&nbsp;&nbsp;&nbsp;&nbsp;&nbsp;&nbsp;&nbsp;&nbsp;&nbsp;&nbsp;&nbsp;&nbsp;&nbsp;&nbsp;&nbsp;&nbsp;&nbsp;&nbsp;&nbsp;&nbsp;&nbsp;&nbsp;&nbsp;&nbsp;&nbsp;&nbsp;&nbsp;&nbsp;&nbsp;&nbsp; &nbsp;","breadcrumb":{"@id":"https:\/\/vert-e-s-vd.ch\/chablais-vaudois\/event\/universite-dete-atelier-sur-le-potentiel-daction-des-communes-en-periode-de-bouleversement-climatique#breadcrumb"},"inLanguage":"fr-FR","potentialAction":[{"@type":"ReadAction","target":["https:\/\/vert-e-s-vd.ch\/chablais-vaudois\/event\/universite-dete-atelier-sur-le-potentiel-daction-des-communes-en-periode-de-bouleversement-climatique"]}]},{"@type":"BreadcrumbList","@id":"https:\/\/vert-e-s-vd.ch\/chablais-vaudois\/event\/universite-dete-atelier-sur-le-potentiel-daction-des-communes-en-periode-de-bouleversement-climatique#breadcrumb","itemListElement":[{"@type":"ListItem","position":1,"name":"Accueil","item":"https:\/\/vert-e-s-vd.ch\/chablais-vaudois\/"},{"@type":"ListItem","position":2,"name":"Agenda"}]},{"@type":"WebSite","@id":"https:\/\/vert-e-s-vd.ch\/chablais-vaudois\/#website","url":"https:\/\/vert-e-s-vd.ch\/chablais-vaudois\/","name":"Les VERT.E.S, section du Chablais vaudois et des Alpes Vaudoises","description":"Une longueur d\u2019avance","potentialAction":[{"@type":"SearchAction","target":{"@type":"EntryPoint","urlTemplate":"https:\/\/vert-e-s-vd.ch\/chablais-vaudois\/?s={search_term_string}"},"query-input":{"@type":"PropertyValueSpecification","valueRequired":true,"valueName":"search_term_string"}}],"inLanguage":"fr-FR"}]}},"_links":{"self":[{"href":"https:\/\/vert-e-s-vd.ch\/chablais-vaudois\/wp-json\/wp\/v2\/tribe_events\/71909","targetHints":{"allow":["GET"]}}],"collection":[{"href":"https:\/\/vert-e-s-vd.ch\/chablais-vaudois\/wp-json\/wp\/v2\/tribe_events"}],"about":[{"href":"https:\/\/vert-e-s-vd.ch\/chablais-vaudois\/wp-json\/wp\/v2\/types\/tribe_events"}],"author":[{"embeddable":true,"href":"https:\/\/vert-e-s-vd.ch\/chablais-vaudois\/wp-json\/wp\/v2\/users\/15"}],"version-history":[{"count":3,"href":"https:\/\/vert-e-s-vd.ch\/chablais-vaudois\/wp-json\/wp\/v2\/tribe_events\/71909\/revisions"}],"predecessor-version":[{"id":71912,"href":"https:\/\/vert-e-s-vd.ch\/chablais-vaudois\/wp-json\/wp\/v2\/tribe_events\/71909\/revisions\/71912"}],"wp:attachment":[{"href":"https:\/\/vert-e-s-vd.ch\/chablais-vaudois\/wp-json\/wp\/v2\/media?parent=71909"}],"wp:term":[{"taxonomy":"post_tag","embeddable":true,"href":"https:\/\/vert-e-s-vd.ch\/chablais-vaudois\/wp-json\/wp\/v2\/tags?post=71909"},{"taxonomy":"tribe_events_cat","embeddable":true,"href":"https:\/\/vert-e-s-vd.ch\/chablais-vaudois\/wp-json\/wp\/v2\/tribe_events_cat?post=71909"}],"curies":[{"name":"wp","href":"https:\/\/api.w.org\/{rel}","templated":true}]}}