{"id":71320,"date":"2020-12-30T19:16:39","date_gmt":"2020-12-30T18:16:39","guid":{"rendered":"https:\/\/vert-e-s-vd.ch\/chablais-vaudois\/?page_id=71320"},"modified":"2021-01-08T12:27:40","modified_gmt":"2021-01-08T11:27:40","slug":"sante-et-formation","status":"publish","type":"page","link":"https:\/\/vert-e-s-vd.ch\/chablais-vaudois\/sante-et-formation","title":{"rendered":"Sant\u00e9 et formation"},"content":{"rendered":"","protected":false},"excerpt":{"rendered":"","protected":false},"author":15,"featured_media":71369,"parent":0,"menu_order":0,"comment_status":"closed","ping_status":"closed","template":"","meta":{"_acf_changed":false,"inline_featured_image":false,"footnotes":""},"class_list":["post-71320","page","type-page","status-publish","has-post-thumbnail","hentry"],"acf":[],"yoast_head":"<!-- This site is optimized with the Yoast SEO plugin v26.9 - https:\/\/yoast.com\/product\/yoast-seo-wordpress\/ -->\n<title>Sant\u00e9 et formation - Les VERT.E.S, section du Chablais vaudois et des Alpes Vaudoises<\/title>\n<meta name=\"description\" content=\"Les Vert.e.s s&#039;engagent pour une formation de qualit\u00e9 \u00e0 tous les niveaux et pour un syst\u00e8me de sant\u00e9 abordable et de qualit\u00e9. Il nous tient \u00e0 coeur de revaloriser les m\u00e9tiers de l&#039;\u00e9ducation, du social et de la sant\u00e9 par des salaires plus \u00e9lev\u00e9s et des conditions de travail respectables et humaines. Nous militons pour l&#039;\u00e9galit\u00e9 des chances et estimons que toutes personnes, issue d&#039;une minorit\u00e9 ou ayant un handicap quelconque, poss\u00e8de les m\u00eames droits d&#039;acc\u00e8s \u00e0 l&#039;\u00e9ducation et \u00e0 la sant\u00e9 que les autres. Enfin, nous luttons contre une main mise de l&#039;\u00e9conomie sur le syst\u00e8me de sant\u00e9 !\" \/>\n<meta name=\"robots\" content=\"index, follow, max-snippet:-1, max-image-preview:large, max-video-preview:-1\" \/>\n<link rel=\"canonical\" href=\"https:\/\/vert-e-s-vd.ch\/chablais-vaudois\/sante-et-formation\" \/>\n<meta property=\"og:locale\" content=\"fr_FR\" \/>\n<meta property=\"og:type\" content=\"article\" \/>\n<meta property=\"og:title\" content=\"Sant\u00e9 et formation - Les VERT.E.S, section du Chablais vaudois et des Alpes Vaudoises\" \/>\n<meta property=\"og:description\" content=\"Les Vert.e.s s&#039;engagent pour une formation de qualit\u00e9 \u00e0 tous les niveaux et pour un syst\u00e8me de sant\u00e9 abordable et de qualit\u00e9. Il nous \u2026\" \/>\n<meta property=\"og:url\" content=\"https:\/\/vert-e-s-vd.ch\/chablais-vaudois\/sante-et-formation\" \/>\n<meta property=\"og:site_name\" content=\"Les VERT.E.S, section du Chablais vaudois et des Alpes Vaudoises\" \/>\n<meta property=\"article:modified_time\" content=\"2021-01-08T11:27:40+00:00\" \/>\n<meta property=\"og:image\" content=\"https:\/\/vert-e-s-vd.ch\/chablais-vaudois\/wp-content\/uploads\/sites\/12\/2020\/12\/board-1614646_1920-1200x0-c-default.jpg\" \/>\n\t<meta property=\"og:image:width\" content=\"1200\" \/>\n\t<meta property=\"og:image:height\" content=\"734\" \/>\n\t<meta property=\"og:image:type\" content=\"image\/jpeg\" \/>\n<meta name=\"twitter:card\" content=\"summary_large_image\" \/>\n<script type=\"application\/ld+json\" class=\"yoast-schema-graph\">{\"@context\":\"https:\/\/schema.org\",\"@graph\":[{\"@type\":\"WebPage\",\"@id\":\"https:\/\/vert-e-s-vd.ch\/chablais-vaudois\/sante-et-formation\",\"url\":\"https:\/\/vert-e-s-vd.ch\/chablais-vaudois\/sante-et-formation\",\"name\":\"Sant\u00e9 et formation - Les VERT.E.S, section du Chablais vaudois et des Alpes Vaudoises\",\"isPartOf\":{\"@id\":\"https:\/\/vert-e-s-vd.ch\/chablais-vaudois\/#website\"},\"primaryImageOfPage\":{\"@id\":\"https:\/\/vert-e-s-vd.ch\/chablais-vaudois\/sante-et-formation#primaryimage\"},\"image\":{\"@id\":\"https:\/\/vert-e-s-vd.ch\/chablais-vaudois\/sante-et-formation#primaryimage\"},\"thumbnailUrl\":\"https:\/\/vert-e-s-vd.ch\/chablais-vaudois\/wp-content\/uploads\/sites\/12\/2020\/12\/board-1614646_1920-2560x0-c-default.jpg\",\"datePublished\":\"2020-12-30T18:16:39+00:00\",\"dateModified\":\"2021-01-08T11:27:40+00:00\",\"description\":\"Les Vert.e.s s'engagent pour une formation de qualit\u00e9 \u00e0 tous les niveaux et pour un syst\u00e8me de sant\u00e9 abordable et de qualit\u00e9. Il nous tient \u00e0 coeur de revaloriser les m\u00e9tiers de l'\u00e9ducation, du social et de la sant\u00e9 par des salaires plus \u00e9lev\u00e9s et des conditions de travail respectables et humaines. Nous militons pour l'\u00e9galit\u00e9 des chances et estimons que toutes personnes, issue d'une minorit\u00e9 ou ayant un handicap quelconque, poss\u00e8de les m\u00eames droits d'acc\u00e8s \u00e0 l'\u00e9ducation et \u00e0 la sant\u00e9 que les autres. Enfin, nous luttons contre une main mise de l'\u00e9conomie sur le syst\u00e8me de sant\u00e9 !\",\"breadcrumb\":{\"@id\":\"https:\/\/vert-e-s-vd.ch\/chablais-vaudois\/sante-et-formation#breadcrumb\"},\"inLanguage\":\"fr-FR\",\"potentialAction\":[{\"@type\":\"ReadAction\",\"target\":[\"https:\/\/vert-e-s-vd.ch\/chablais-vaudois\/sante-et-formation\"]}]},{\"@type\":\"ImageObject\",\"inLanguage\":\"fr-FR\",\"@id\":\"https:\/\/vert-e-s-vd.ch\/chablais-vaudois\/sante-et-formation#primaryimage\",\"url\":\"https:\/\/vert-e-s-vd.ch\/chablais-vaudois\/wp-content\/uploads\/sites\/12\/2020\/12\/board-1614646_1920-2560x0-c-default.jpg\",\"contentUrl\":\"https:\/\/vert-e-s-vd.ch\/chablais-vaudois\/wp-content\/uploads\/sites\/12\/2020\/12\/board-1614646_1920-2560x0-c-default.jpg\",\"width\":1920,\"height\":1174},{\"@type\":\"BreadcrumbList\",\"@id\":\"https:\/\/vert-e-s-vd.ch\/chablais-vaudois\/sante-et-formation#breadcrumb\",\"itemListElement\":[{\"@type\":\"ListItem\",\"position\":1,\"name\":\"Accueil\",\"item\":\"https:\/\/vert-e-s-vd.ch\/chablais-vaudois\/\"},{\"@type\":\"ListItem\",\"position\":2,\"name\":\"Agenda\"}]},{\"@type\":\"WebSite\",\"@id\":\"https:\/\/vert-e-s-vd.ch\/chablais-vaudois\/#website\",\"url\":\"https:\/\/vert-e-s-vd.ch\/chablais-vaudois\/\",\"name\":\"Les VERT.E.S, section du Chablais vaudois et des Alpes Vaudoises\",\"description\":\"Une longueur d\u2019avance\",\"potentialAction\":[{\"@type\":\"SearchAction\",\"target\":{\"@type\":\"EntryPoint\",\"urlTemplate\":\"https:\/\/vert-e-s-vd.ch\/chablais-vaudois\/?s={search_term_string}\"},\"query-input\":{\"@type\":\"PropertyValueSpecification\",\"valueRequired\":true,\"valueName\":\"search_term_string\"}}],\"inLanguage\":\"fr-FR\"}]}<\/script>\n<!-- \/ Yoast SEO plugin. -->","yoast_head_json":{"title":"Sant\u00e9 et formation - Les VERT.E.S, section du Chablais vaudois et des Alpes Vaudoises","description":"Les Vert.e.s s'engagent pour une formation de qualit\u00e9 \u00e0 tous les niveaux et pour un syst\u00e8me de sant\u00e9 abordable et de qualit\u00e9. Il nous tient \u00e0 coeur de revaloriser les m\u00e9tiers de l'\u00e9ducation, du social et de la sant\u00e9 par des salaires plus \u00e9lev\u00e9s et des conditions de travail respectables et humaines. Nous militons pour l'\u00e9galit\u00e9 des chances et estimons que toutes personnes, issue d'une minorit\u00e9 ou ayant un handicap quelconque, poss\u00e8de les m\u00eames droits d'acc\u00e8s \u00e0 l'\u00e9ducation et \u00e0 la sant\u00e9 que les autres. Enfin, nous luttons contre une main mise de l'\u00e9conomie sur le syst\u00e8me de sant\u00e9 !","robots":{"index":"index","follow":"follow","max-snippet":"max-snippet:-1","max-image-preview":"max-image-preview:large","max-video-preview":"max-video-preview:-1"},"canonical":"https:\/\/vert-e-s-vd.ch\/chablais-vaudois\/sante-et-formation","og_locale":"fr_FR","og_type":"article","og_title":"Sant\u00e9 et formation - Les VERT.E.S, section du Chablais vaudois et des Alpes Vaudoises","og_description":"Les Vert.e.s s'engagent pour une formation de qualit\u00e9 \u00e0 tous les niveaux et pour un syst\u00e8me de sant\u00e9 abordable et de qualit\u00e9. Il nous \u2026","og_url":"https:\/\/vert-e-s-vd.ch\/chablais-vaudois\/sante-et-formation","og_site_name":"Les VERT.E.S, section du Chablais vaudois et des Alpes Vaudoises","article_modified_time":"2021-01-08T11:27:40+00:00","og_image":[{"width":1200,"height":734,"url":"https:\/\/vert-e-s-vd.ch\/chablais-vaudois\/wp-content\/uploads\/sites\/12\/2020\/12\/board-1614646_1920-1200x0-c-default.jpg","type":"image\/jpeg"}],"twitter_card":"summary_large_image","schema":{"@context":"https:\/\/schema.org","@graph":[{"@type":"WebPage","@id":"https:\/\/vert-e-s-vd.ch\/chablais-vaudois\/sante-et-formation","url":"https:\/\/vert-e-s-vd.ch\/chablais-vaudois\/sante-et-formation","name":"Sant\u00e9 et formation - Les VERT.E.S, section du Chablais vaudois et des Alpes Vaudoises","isPartOf":{"@id":"https:\/\/vert-e-s-vd.ch\/chablais-vaudois\/#website"},"primaryImageOfPage":{"@id":"https:\/\/vert-e-s-vd.ch\/chablais-vaudois\/sante-et-formation#primaryimage"},"image":{"@id":"https:\/\/vert-e-s-vd.ch\/chablais-vaudois\/sante-et-formation#primaryimage"},"thumbnailUrl":"https:\/\/vert-e-s-vd.ch\/chablais-vaudois\/wp-content\/uploads\/sites\/12\/2020\/12\/board-1614646_1920-2560x0-c-default.jpg","datePublished":"2020-12-30T18:16:39+00:00","dateModified":"2021-01-08T11:27:40+00:00","description":"Les Vert.e.s s'engagent pour une formation de qualit\u00e9 \u00e0 tous les niveaux et pour un syst\u00e8me de sant\u00e9 abordable et de qualit\u00e9. Il nous tient \u00e0 coeur de revaloriser les m\u00e9tiers de l'\u00e9ducation, du social et de la sant\u00e9 par des salaires plus \u00e9lev\u00e9s et des conditions de travail respectables et humaines. Nous militons pour l'\u00e9galit\u00e9 des chances et estimons que toutes personnes, issue d'une minorit\u00e9 ou ayant un handicap quelconque, poss\u00e8de les m\u00eames droits d'acc\u00e8s \u00e0 l'\u00e9ducation et \u00e0 la sant\u00e9 que les autres. Enfin, nous luttons contre une main mise de l'\u00e9conomie sur le syst\u00e8me de sant\u00e9 !","breadcrumb":{"@id":"https:\/\/vert-e-s-vd.ch\/chablais-vaudois\/sante-et-formation#breadcrumb"},"inLanguage":"fr-FR","potentialAction":[{"@type":"ReadAction","target":["https:\/\/vert-e-s-vd.ch\/chablais-vaudois\/sante-et-formation"]}]},{"@type":"ImageObject","inLanguage":"fr-FR","@id":"https:\/\/vert-e-s-vd.ch\/chablais-vaudois\/sante-et-formation#primaryimage","url":"https:\/\/vert-e-s-vd.ch\/chablais-vaudois\/wp-content\/uploads\/sites\/12\/2020\/12\/board-1614646_1920-2560x0-c-default.jpg","contentUrl":"https:\/\/vert-e-s-vd.ch\/chablais-vaudois\/wp-content\/uploads\/sites\/12\/2020\/12\/board-1614646_1920-2560x0-c-default.jpg","width":1920,"height":1174},{"@type":"BreadcrumbList","@id":"https:\/\/vert-e-s-vd.ch\/chablais-vaudois\/sante-et-formation#breadcrumb","itemListElement":[{"@type":"ListItem","position":1,"name":"Accueil","item":"https:\/\/vert-e-s-vd.ch\/chablais-vaudois\/"},{"@type":"ListItem","position":2,"name":"Agenda"}]},{"@type":"WebSite","@id":"https:\/\/vert-e-s-vd.ch\/chablais-vaudois\/#website","url":"https:\/\/vert-e-s-vd.ch\/chablais-vaudois\/","name":"Les VERT.E.S, section du Chablais vaudois et des Alpes Vaudoises","description":"Une longueur d\u2019avance","potentialAction":[{"@type":"SearchAction","target":{"@type":"EntryPoint","urlTemplate":"https:\/\/vert-e-s-vd.ch\/chablais-vaudois\/?s={search_term_string}"},"query-input":{"@type":"PropertyValueSpecification","valueRequired":true,"valueName":"search_term_string"}}],"inLanguage":"fr-FR"}]}},"_links":{"self":[{"href":"https:\/\/vert-e-s-vd.ch\/chablais-vaudois\/wp-json\/wp\/v2\/pages\/71320","targetHints":{"allow":["GET"]}}],"collection":[{"href":"https:\/\/vert-e-s-vd.ch\/chablais-vaudois\/wp-json\/wp\/v2\/pages"}],"about":[{"href":"https:\/\/vert-e-s-vd.ch\/chablais-vaudois\/wp-json\/wp\/v2\/types\/page"}],"author":[{"embeddable":true,"href":"https:\/\/vert-e-s-vd.ch\/chablais-vaudois\/wp-json\/wp\/v2\/users\/15"}],"replies":[{"embeddable":true,"href":"https:\/\/vert-e-s-vd.ch\/chablais-vaudois\/wp-json\/wp\/v2\/comments?post=71320"}],"version-history":[{"count":4,"href":"https:\/\/vert-e-s-vd.ch\/chablais-vaudois\/wp-json\/wp\/v2\/pages\/71320\/revisions"}],"predecessor-version":[{"id":71370,"href":"https:\/\/vert-e-s-vd.ch\/chablais-vaudois\/wp-json\/wp\/v2\/pages\/71320\/revisions\/71370"}],"wp:featuredmedia":[{"embeddable":true,"href":"https:\/\/vert-e-s-vd.ch\/chablais-vaudois\/wp-json\/wp\/v2\/media\/71369"}],"wp:attachment":[{"href":"https:\/\/vert-e-s-vd.ch\/chablais-vaudois\/wp-json\/wp\/v2\/media?parent=71320"}],"curies":[{"name":"wp","href":"https:\/\/api.w.org\/{rel}","templated":true}]}}